{"id":4228,"date":"2024-02-12T10:22:48","date_gmt":"2024-02-12T09:22:48","guid":{"rendered":"https:\/\/nouveau.lucia-rapetti.com\/?page_id=4228"},"modified":"2025-10-20T11:29:02","modified_gmt":"2025-10-20T09:29:02","slug":"microbiota-cutanea","status":"publish","type":"page","link":"https:\/\/lucia-rapetti.com\/es\/microbiota-cutanea\/","title":{"rendered":"Microbiota cut\u00e1nea"},"content":{"rendered":"\t\t<div data-elementor-type=\"wp-page\" data-elementor-id=\"4228\" class=\"elementor elementor-4228\" data-elementor-post-type=\"page\">\n\t\t\t\t<div class=\"elementor-element elementor-element-08032b7 e-flex e-con-boxed e-con e-parent\" data-id=\"08032b7\" data-element_type=\"container\" data-e-type=\"container\">\n\t\t\t\t\t<div class=\"e-con-inner\">\n\t\t\t\t<div class=\"elementor-element elementor-element-ac1efee elementor-widget elementor-widget-breadcrumbs\" data-id=\"ac1efee\" data-element_type=\"widget\" data-e-type=\"widget\" data-widget_type=\"breadcrumbs.default\">\n\t\t\t\t<div class=\"elementor-widget-container\">\n\t\t\t\t\t<p id=\"breadcrumbs\"><span><span><a href=\"https:\/\/lucia-rapetti.com\/\">Lucia Rapetti<\/a><\/span><\/span><\/p>\t\t\t\t<\/div>\n\t\t\t\t<\/div>\n\t\t\t\t\t<\/div>\n\t\t\t\t<\/div>\n\t\t<div class=\"elementor-element elementor-element-eaae3da e-flex e-con-boxed e-con e-parent\" data-id=\"eaae3da\" data-element_type=\"container\" data-e-type=\"container\">\n\t\t\t\t\t<div class=\"e-con-inner\">\n\t\t\t\t<div class=\"elementor-element elementor-element-32028bc elementor-widget elementor-widget-heading\" data-id=\"32028bc\" data-element_type=\"widget\" data-e-type=\"widget\" data-widget_type=\"heading.default\">\n\t\t\t\t<div class=\"elementor-widget-container\">\n\t\t\t\t\t<h1 class=\"elementor-heading-title elementor-size-default\">Microbiote de la peau : \u00e9quilibre, protection &amp; soins naturels<\/h1>\t\t\t\t<\/div>\n\t\t\t\t<\/div>\n\t\t\t\t<div class=\"elementor-element elementor-element-6f379bb elementor-widget elementor-widget-text-editor\" data-id=\"6f379bb\" data-element_type=\"widget\" data-e-type=\"widget\" data-widget_type=\"text-editor.default\">\n\t\t\t\t<div class=\"elementor-widget-container\">\n\t\t\t\t\t\t\t\t\t<p>\u201cMise \u00e0 jour octobre 2025 : les derni\u00e8res recherches confirment le r\u00f4le cl\u00e9 du microbiote cutan\u00e9 dans la r\u00e9g\u00e9n\u00e9ration cellulaire.\u201d<\/p><p>Invisible mais essentiel, le microbiote cutan\u00e9 joue un r\u00f4le cl\u00e9 dans la sant\u00e9 et la beaut\u00e9 de votre peau. Chez <strong data-start=\"467\" data-end=\"484\">Lucia Rapetti<\/strong>, nous consid\u00e9rons le microbiote comme le premier alli\u00e9 d\u2019une peau \u00e9quilibr\u00e9e : nos <a href=\"https:\/\/lucia-rapetti.com\/\"><strong data-start=\"568\" data-end=\"601\">produits cosm\u00e9tiques naturels<\/strong><\/a> et nos <strong data-start=\"609\" data-end=\"640\">cr\u00e8mes de visage naturelles<\/strong> respectent\u00a0son \u00e9cosyst\u00e8me et soutiennent son harmonie au quotidien.<\/p><p>Le microbiote de la peau, aussi appel\u00e9 microbiote cutan\u00e9, est essentiel \u00e0 l\u2019\u00e9quilibre et \u00e0 la beaut\u00e9 naturelle de l\u2019\u00e9piderme.<\/p>\t\t\t\t\t\t\t\t<\/div>\n\t\t\t\t<\/div>\n\t\t\t\t\t<\/div>\n\t\t\t\t<\/div>\n\t\t\t\t<section class=\"elementor-section elementor-top-section elementor-element elementor-element-1e6c42e6 elementor-section-content-middle elementor-section-stretched elementor-section-boxed elementor-section-height-default elementor-section-height-default\" data-id=\"1e6c42e6\" data-element_type=\"section\" data-e-type=\"section\" data-settings=\"{&quot;background_background&quot;:&quot;classic&quot;,&quot;stretch_section&quot;:&quot;section-stretched&quot;}\">\n\t\t\t\t\t\t<div class=\"elementor-container elementor-column-gap-no\">\n\t\t\t\t\t<div class=\"elementor-column elementor-col-50 elementor-top-column elementor-element elementor-element-18de796a\" data-id=\"18de796a\" data-element_type=\"column\" data-e-type=\"column\">\n\t\t\t<div class=\"elementor-widget-wrap elementor-element-populated\">\n\t\t\t\t\t\t<div class=\"elementor-element elementor-element-3b6961c elementor-widget elementor-widget-heading\" data-id=\"3b6961c\" data-element_type=\"widget\" data-e-type=\"widget\" data-widget_type=\"heading.default\">\n\t\t\t\t<div class=\"elementor-widget-container\">\n\t\t\t\t\t<h2 class=\"elementor-heading-title elementor-size-default\">Qu\u2019est-ce que le microbiote cutan\u00e9 ?<\/h2>\t\t\t\t<\/div>\n\t\t\t\t<\/div>\n\t\t\t\t<div class=\"elementor-element elementor-element-6dc7ffc elementor-widget elementor-widget-text-editor\" data-id=\"6dc7ffc\" data-element_type=\"widget\" data-e-type=\"widget\" data-widget_type=\"text-editor.default\">\n\t\t\t\t<div class=\"elementor-widget-container\">\n\t\t\t\t\t\t\t\t\t<p>Le <strong data-start=\"759\" data-end=\"784\">microbiote de la peau<\/strong>, aussi appel\u00e9 <strong data-start=\"799\" data-end=\"816\">flore cutan\u00e9e<\/strong>, d\u00e9signe l\u2019ensemble des micro-organismes \u2013 bact\u00e9ries, levures et champignons \u2013 qui vivent naturellement \u00e0 la surface de l\u2019\u00e9piderme.<br data-start=\"948\" data-end=\"951\" \/>Cet <strong data-start=\"955\" data-end=\"976\">\u00e9cosyst\u00e8me vivant<\/strong> agit comme une barri\u00e8re de d\u00e9fense : il prot\u00e8ge la peau contre les agressions ext\u00e9rieures, maintient son pH physiologique et contribue \u00e0 la r\u00e9g\u00e9n\u00e9ration cellulaire.<br data-start=\"1141\" data-end=\"1144\" \/>Tout comme le microbiote intestinal, le microbiote cutan\u00e9 refl\u00e8te l\u2019\u00e9quilibre global de l\u2019organisme. Lorsqu\u2019il est perturb\u00e9 (pollution, stress, nettoyants agressifs, d\u00e9s\u00e9quilibre hormonal\u2026), la peau devient plus sensible, sujette aux rougeurs ou aux imperfections.<\/p>\t\t\t\t\t\t\t\t<\/div>\n\t\t\t\t<\/div>\n\t\t\t\t\t<\/div>\n\t\t<\/div>\n\t\t\t\t<div class=\"elementor-column elementor-col-50 elementor-top-column elementor-element elementor-element-3bc93189\" data-id=\"3bc93189\" data-element_type=\"column\" data-e-type=\"column\">\n\t\t\t<div class=\"elementor-widget-wrap elementor-element-populated\">\n\t\t\t\t\t\t<div class=\"elementor-element elementor-element-6b94ecd4 elementor-widget-tablet__width-initial elementor-widget elementor-widget-image\" data-id=\"6b94ecd4\" data-element_type=\"widget\" data-e-type=\"widget\" data-widget_type=\"image.default\">\n\t\t\t\t<div class=\"elementor-widget-container\">\n\t\t\t\t\t\t\t\t\t\t\t\t\t\t\t<img fetchpriority=\"high\" decoding=\"async\" width=\"2000\" height=\"1410\" src=\"https:\/\/lucia-rapetti.com\/wp-content\/uploads\/2025\/05\/1.jpg\" class=\"attachment-full size-full wp-image-16460\" alt=\"Sch\u00e9ma du microbiote cutan\u00e9 et des micro-organismes de la peau\" srcset=\"https:\/\/lucia-rapetti.com\/wp-content\/uploads\/2025\/05\/1.jpg 2000w, https:\/\/lucia-rapetti.com\/wp-content\/uploads\/2025\/05\/1-300x212.jpg 300w, https:\/\/lucia-rapetti.com\/wp-content\/uploads\/2025\/05\/1-1024x722.jpg 1024w, https:\/\/lucia-rapetti.com\/wp-content\/uploads\/2025\/05\/1-768x541.jpg 768w, https:\/\/lucia-rapetti.com\/wp-content\/uploads\/2025\/05\/1-1536x1083.jpg 1536w, https:\/\/lucia-rapetti.com\/wp-content\/uploads\/2025\/05\/1-18x12.jpg 18w, https:\/\/lucia-rapetti.com\/wp-content\/uploads\/2025\/05\/1-600x423.jpg 600w, https:\/\/lucia-rapetti.com\/wp-content\/uploads\/2025\/05\/1-1200x846.jpg 1200w\" sizes=\"(max-width: 2000px) 100vw, 2000px\" \/>\t\t\t\t\t\t\t\t\t\t\t\t\t\t\t<\/div>\n\t\t\t\t<\/div>\n\t\t\t\t\t<\/div>\n\t\t<\/div>\n\t\t\t\t\t<\/div>\n\t\t<\/section>\n\t\t\t\t<section class=\"elementor-section elementor-top-section elementor-element elementor-element-da9f2a9 elementor-section-content-middle elementor-section-stretched elementor-section-boxed elementor-section-height-default elementor-section-height-default\" data-id=\"da9f2a9\" data-element_type=\"section\" data-e-type=\"section\" data-settings=\"{&quot;background_background&quot;:&quot;classic&quot;,&quot;stretch_section&quot;:&quot;section-stretched&quot;}\">\n\t\t\t\t\t\t<div class=\"elementor-container elementor-column-gap-no\">\n\t\t\t\t\t<div class=\"elementor-column elementor-col-50 elementor-top-column elementor-element elementor-element-5ddd481\" data-id=\"5ddd481\" data-element_type=\"column\" data-e-type=\"column\">\n\t\t\t<div class=\"elementor-widget-wrap elementor-element-populated\">\n\t\t\t\t\t\t<div class=\"elementor-element elementor-element-13c86a4 elementor-widget-tablet__width-initial elementor-widget elementor-widget-image\" data-id=\"13c86a4\" data-element_type=\"widget\" data-e-type=\"widget\" data-widget_type=\"image.default\">\n\t\t\t\t<div class=\"elementor-widget-container\">\n\t\t\t\t\t\t\t\t\t\t\t\t\t\t\t<img decoding=\"async\" width=\"2000\" height=\"1410\" src=\"https:\/\/lucia-rapetti.com\/wp-content\/uploads\/2025\/05\/2.jpg\" class=\"attachment-full size-full wp-image-16461\" alt=\"Structure de la flore cutan\u00e9e illustrant la barri\u00e8re protectrice naturelle\" srcset=\"https:\/\/lucia-rapetti.com\/wp-content\/uploads\/2025\/05\/2.jpg 2000w, https:\/\/lucia-rapetti.com\/wp-content\/uploads\/2025\/05\/2-300x212.jpg 300w, https:\/\/lucia-rapetti.com\/wp-content\/uploads\/2025\/05\/2-1024x722.jpg 1024w, https:\/\/lucia-rapetti.com\/wp-content\/uploads\/2025\/05\/2-768x541.jpg 768w, https:\/\/lucia-rapetti.com\/wp-content\/uploads\/2025\/05\/2-1536x1083.jpg 1536w, https:\/\/lucia-rapetti.com\/wp-content\/uploads\/2025\/05\/2-18x12.jpg 18w, https:\/\/lucia-rapetti.com\/wp-content\/uploads\/2025\/05\/2-600x423.jpg 600w, https:\/\/lucia-rapetti.com\/wp-content\/uploads\/2025\/05\/2-1200x846.jpg 1200w\" sizes=\"(max-width: 2000px) 100vw, 2000px\" \/>\t\t\t\t\t\t\t\t\t\t\t\t\t\t\t<\/div>\n\t\t\t\t<\/div>\n\t\t\t\t\t<\/div>\n\t\t<\/div>\n\t\t\t\t<div class=\"elementor-column elementor-col-50 elementor-top-column elementor-element elementor-element-6bf3851\" data-id=\"6bf3851\" data-element_type=\"column\" data-e-type=\"column\">\n\t\t\t<div class=\"elementor-widget-wrap elementor-element-populated\">\n\t\t\t\t\t\t<div class=\"elementor-element elementor-element-92ea9bf elementor-widget elementor-widget-heading\" data-id=\"92ea9bf\" data-element_type=\"widget\" data-e-type=\"widget\" data-widget_type=\"heading.default\">\n\t\t\t\t<div class=\"elementor-widget-container\">\n\t\t\t\t\t<h2 class=\"elementor-heading-title elementor-size-default\">Comment pr\u00e9server l\u2019\u00e9quilibre du microbiote de la peau ?<\/h2>\t\t\t\t<\/div>\n\t\t\t\t<\/div>\n\t\t\t\t<div class=\"elementor-element elementor-element-2561be4 elementor-widget elementor-widget-text-editor\" data-id=\"2561be4\" data-element_type=\"widget\" data-e-type=\"widget\" data-widget_type=\"text-editor.default\">\n\t\t\t\t<div class=\"elementor-widget-container\">\n\t\t\t\t\t\t\t\t\t<p>Pour pr\u00e9server cet \u00e9quilibre fragile, il est essentiel d\u2019utiliser des <strong data-start=\"1546\" data-end=\"1577\">soins doux et non d\u00e9capants<\/strong>.<br data-start=\"1578\" data-end=\"1581\" \/>Les formules contenant des <strong data-start=\"1608\" data-end=\"1624\">pr\u00e9biotiques<\/strong> ou <strong data-start=\"1628\" data-end=\"1644\">probiotiques<\/strong> renforcent la diversit\u00e9 de la flore microbienne et aident la peau \u00e0 maintenir son film hydrolipidique naturel.<br data-start=\"1755\" data-end=\"1758\" \/>\u00c9vitez les produits contenant des tensioactifs agressifs, parfums synth\u00e9tiques ou silicones : ces ingr\u00e9dients alt\u00e8rent la barri\u00e8re cutan\u00e9e.<br data-start=\"1897\" data-end=\"1900\" \/>Privil\u00e9giez des <strong data-start=\"1916\" data-end=\"1949\">produits cosm\u00e9tiques naturels<\/strong> formul\u00e9s pour le respect du <strong data-start=\"1978\" data-end=\"1999\">microbiome cutan\u00e9<\/strong>, afin de restaurer la vitalit\u00e9 et la douceur de la peau.<\/p>\t\t\t\t\t\t\t\t<\/div>\n\t\t\t\t<\/div>\n\t\t\t\t\t<\/div>\n\t\t<\/div>\n\t\t\t\t\t<\/div>\n\t\t<\/section>\n\t\t\t\t<section class=\"elementor-section elementor-top-section elementor-element elementor-element-b177b96 elementor-section-content-middle elementor-section-stretched elementor-section-boxed elementor-section-height-default elementor-section-height-default\" data-id=\"b177b96\" data-element_type=\"section\" data-e-type=\"section\" data-settings=\"{&quot;background_background&quot;:&quot;classic&quot;,&quot;stretch_section&quot;:&quot;section-stretched&quot;}\">\n\t\t\t\t\t\t<div class=\"elementor-container elementor-column-gap-no\">\n\t\t\t\t\t<div class=\"elementor-column elementor-col-100 elementor-top-column elementor-element elementor-element-0ccce8e\" data-id=\"0ccce8e\" data-element_type=\"column\" data-e-type=\"column\">\n\t\t\t<div class=\"elementor-widget-wrap elementor-element-populated\">\n\t\t\t\t\t\t<div class=\"elementor-element elementor-element-64f453a elementor-widget elementor-widget-heading\" data-id=\"64f453a\" data-element_type=\"widget\" data-e-type=\"widget\" data-widget_type=\"heading.default\">\n\t\t\t\t<div class=\"elementor-widget-container\">\n\t\t\t\t\t<h2 class=\"elementor-heading-title elementor-size-default\">L\u2019approche Lucia Rapetti : science et nature au service du microbiote<\/h2>\t\t\t\t<\/div>\n\t\t\t\t<\/div>\n\t\t\t\t<div class=\"elementor-element elementor-element-5440fe7 elementor-widget elementor-widget-text-editor\" data-id=\"5440fe7\" data-element_type=\"widget\" data-e-type=\"widget\" data-widget_type=\"text-editor.default\">\n\t\t\t\t<div class=\"elementor-widget-container\">\n\t\t\t\t\t\t\t\t\t<p>Depuis plus de 25 ans, <strong data-start=\"2160\" data-end=\"2177\">Lucia Rapetti<\/strong> \u00e9tudie les m\u00e9canismes cutan\u00e9s et les interactions entre la peau et son microbiote.<br data-start=\"2260\" data-end=\"2263\" \/>Nos <strong data-start=\"2267\" data-end=\"2298\">cr\u00e8mes de visage naturelles<\/strong> associent innovation biotechnologique et ingr\u00e9dients d\u2019origine v\u00e9g\u00e9tale pour soutenir l\u2019\u00e9quilibre de la flore cutan\u00e9e.<br data-start=\"2417\" data-end=\"2420\" \/>Chaque formule est test\u00e9e dermatologiquement et \u00e9labor\u00e9e sans parab\u00e8nes, silicones, PEG, huiles min\u00e9rales ni colorants, pour garantir une tol\u00e9rance optimale et une efficacit\u00e9 prouv\u00e9e.<\/p>\t\t\t\t\t\t\t\t<\/div>\n\t\t\t\t<\/div>\n\t\t\t\t\t<\/div>\n\t\t<\/div>\n\t\t\t\t\t<\/div>\n\t\t<\/section>\n\t\t\t\t<section class=\"elementor-section elementor-top-section elementor-element elementor-element-e936713 elementor-section-content-middle elementor-section-stretched elementor-section-boxed elementor-section-height-default elementor-section-height-default\" data-id=\"e936713\" data-element_type=\"section\" data-e-type=\"section\" data-settings=\"{&quot;background_background&quot;:&quot;classic&quot;,&quot;stretch_section&quot;:&quot;section-stretched&quot;}\">\n\t\t\t\t\t\t<div class=\"elementor-container elementor-column-gap-no\">\n\t\t\t\t\t<div class=\"elementor-column elementor-col-100 elementor-top-column elementor-element elementor-element-3179545\" data-id=\"3179545\" data-element_type=\"column\" data-e-type=\"column\">\n\t\t\t<div class=\"elementor-widget-wrap elementor-element-populated\">\n\t\t\t\t\t\t<div class=\"elementor-element elementor-element-7da2154 elementor-widget elementor-widget-heading\" data-id=\"7da2154\" data-element_type=\"widget\" data-e-type=\"widget\" data-widget_type=\"heading.default\">\n\t\t\t\t<div class=\"elementor-widget-container\">\n\t\t\t\t\t<h2 class=\"elementor-heading-title elementor-size-default\">Des soins inspir\u00e9s de la biologie de la peau<\/h2>\t\t\t\t<\/div>\n\t\t\t\t<\/div>\n\t\t\t\t<div class=\"elementor-element elementor-element-cae9c70 elementor-widget elementor-widget-text-editor\" data-id=\"cae9c70\" data-element_type=\"widget\" data-e-type=\"widget\" data-widget_type=\"text-editor.default\">\n\t\t\t\t<div class=\"elementor-widget-container\">\n\t\t\t\t\t\t\t\t\t<p>Nos gammes <strong data-start=\"2670\" data-end=\"2678\">Life<\/strong>, <strong data-start=\"2680\" data-end=\"2693\">Purifying<\/strong> ou <strong data-start=\"2697\" data-end=\"2710\">Sensitive<\/strong> favorisent un microbiote sain gr\u00e2ce \u00e0 des complexes bioactifs brevet\u00e9s qui agissent en synergie avec les d\u00e9fenses naturelles de la peau.<br data-start=\"2847\" data-end=\"2850\" \/>En restaurant la <strong data-start=\"2867\" data-end=\"2887\">barri\u00e8re cutan\u00e9e<\/strong> et en maintenant un pH \u00e9quilibr\u00e9, elles contribuent \u00e0 une peau plus r\u00e9sistante, \u00e9clatante et confortable jour apr\u00e8s jour.<\/p>\t\t\t\t\t\t\t\t<\/div>\n\t\t\t\t<\/div>\n\t\t\t\t\t<\/div>\n\t\t<\/div>\n\t\t\t\t\t<\/div>\n\t\t<\/section>\n\t\t\t\t<section class=\"elementor-section elementor-top-section elementor-element elementor-element-bf04775 elementor-section-content-middle elementor-section-stretched elementor-section-boxed elementor-section-height-default elementor-section-height-default\" data-id=\"bf04775\" data-element_type=\"section\" data-e-type=\"section\" data-settings=\"{&quot;background_background&quot;:&quot;classic&quot;,&quot;stretch_section&quot;:&quot;section-stretched&quot;}\">\n\t\t\t\t\t\t<div class=\"elementor-container elementor-column-gap-no\">\n\t\t\t\t\t<div class=\"elementor-column elementor-col-100 elementor-top-column elementor-element elementor-element-ee3e935\" data-id=\"ee3e935\" data-element_type=\"column\" data-e-type=\"column\">\n\t\t\t<div class=\"elementor-widget-wrap elementor-element-populated\">\n\t\t\t\t\t\t<div class=\"elementor-element elementor-element-12fe76d elementor-widget elementor-widget-text-editor\" data-id=\"12fe76d\" data-element_type=\"widget\" data-e-type=\"widget\" data-widget_type=\"text-editor.default\">\n\t\t\t\t<div class=\"elementor-widget-container\">\n\t\t\t\t\t\t\t\t\t<p>Un <strong data-start=\"3033\" data-end=\"3064\">microbiote cutan\u00e9 \u00e9quilibr\u00e9<\/strong>, c\u2019est une peau plus forte et plus belle.<br data-start=\"3106\" data-end=\"3109\" \/>En choisissant les soins Lucia Rapetti, vous offrez \u00e0 votre peau une alliance unique de science et de nature : une approche <strong data-start=\"3233\" data-end=\"3270\">cosm\u00e9tique \u00e9thique et responsable<\/strong>, au service du bien-\u00eatre et de la sant\u00e9 de la peau.<\/p><p>\ud83d\udd39 <em data-start=\"3332\" data-end=\"3469\">Source : \u00c9tude sur le r\u00f4le du microbiote cutan\u00e9 dans la sant\u00e9 de la peau, Journal of Dermatological Science, 2022 \u2013 PubMed ID 34987753.<\/em><br data-start=\"3469\" data-end=\"3472\" \/>\ud83d\udd39 <em data-start=\"3475\" data-end=\"3574\">Article r\u00e9dig\u00e9 par le Laboratoire Lucia Rapetti, expert en dermocosm\u00e9tique naturelle depuis 1998.<\/em><\/p>\t\t\t\t\t\t\t\t<\/div>\n\t\t\t\t<\/div>\n\t\t\t\t\t<\/div>\n\t\t<\/div>\n\t\t\t\t\t<\/div>\n\t\t<\/section>\n\t\t\t\t<section class=\"elementor-section elementor-top-section elementor-element elementor-element-26805b9 elementor-section-content-middle elementor-section-stretched elementor-section-boxed elementor-section-height-default elementor-section-height-default\" data-id=\"26805b9\" data-element_type=\"section\" data-e-type=\"section\" data-settings=\"{&quot;background_background&quot;:&quot;classic&quot;,&quot;stretch_section&quot;:&quot;section-stretched&quot;}\">\n\t\t\t\t\t\t<div class=\"elementor-container elementor-column-gap-no\">\n\t\t\t\t\t<div class=\"elementor-column elementor-col-50 elementor-top-column elementor-element elementor-element-68e5cc9\" data-id=\"68e5cc9\" data-element_type=\"column\" data-e-type=\"column\">\n\t\t\t<div class=\"elementor-widget-wrap elementor-element-populated\">\n\t\t\t\t\t\t<div class=\"elementor-element elementor-element-d2dfa20 elementor-widget elementor-widget-heading\" data-id=\"d2dfa20\" data-element_type=\"widget\" data-e-type=\"widget\" data-widget_type=\"heading.default\">\n\t\t\t\t<div class=\"elementor-widget-container\">\n\t\t\t\t\t<h2 class=\"elementor-heading-title elementor-size-default\">Le r\u00f4le du microbiote de la peau<\/h2>\t\t\t\t<\/div>\n\t\t\t\t<\/div>\n\t\t\t\t<div class=\"elementor-element elementor-element-ce4fff4 elementor-widget elementor-widget-text-editor\" data-id=\"ce4fff4\" data-element_type=\"widget\" data-e-type=\"widget\" data-widget_type=\"text-editor.default\">\n\t\t\t\t<div class=\"elementor-widget-container\">\n\t\t\t\t\t\t\t\t\t<h3>Une barri\u00e8re protectrice<\/h3>\n    <p>Les bonnes bact\u00e9ries emp\u00eachent les micro-organismes ind\u00e9sirables de se d\u00e9velopper. Elles forment une d\u00e9fense naturelle qui prot\u00e8ge la peau contre les infections et les irritations.<\/p>\n\n    <h3>Maintenir le pH et l\u2019hydratation<\/h3>\n    <p>Un microbiote \u00e9quilibr\u00e9 conserve un <strong>pH l\u00e9g\u00e8rement acide<\/strong>, indispensable pour prot\u00e9ger la peau. Il contribue aussi \u00e0 limiter la perte en eau et \u00e0 garder une peau souple et lumineuse.<\/p>\n\n    <h3>Un soutien immunitaire<\/h3>\n    <p>Le microbiote interagit avec les d\u00e9fenses naturelles de la peau et l\u2019aide \u00e0 r\u00e9agir correctement aux agressions (pollution, UV, stress oxydatif).<\/p>\n\n    <h3>Beaut\u00e9 et \u00e9clat<\/h3>\n    <p>Une flore cutan\u00e9e harmonieuse favorise un teint plus uniforme, limite les imperfections et aide \u00e0 ralentir le vieillissement visible.<\/p>\t\t\t\t\t\t\t\t<\/div>\n\t\t\t\t<\/div>\n\t\t\t\t\t<\/div>\n\t\t<\/div>\n\t\t\t\t<div class=\"elementor-column elementor-col-50 elementor-top-column elementor-element elementor-element-c7724fb\" data-id=\"c7724fb\" data-element_type=\"column\" data-e-type=\"column\">\n\t\t\t<div class=\"elementor-widget-wrap elementor-element-populated\">\n\t\t\t\t\t\t<div class=\"elementor-element elementor-element-5b1ec0a elementor-widget-tablet__width-initial elementor-widget elementor-widget-image\" data-id=\"5b1ec0a\" data-element_type=\"widget\" data-e-type=\"widget\" data-widget_type=\"image.default\">\n\t\t\t\t<div class=\"elementor-widget-container\">\n\t\t\t\t\t\t\t\t\t\t\t\t\t\t\t<img decoding=\"async\" width=\"1200\" height=\"800\" src=\"https:\/\/lucia-rapetti.com\/wp-content\/uploads\/2025\/05\/microbiote-cutane.jpg\" class=\"attachment-full size-full wp-image-16449\" alt=\"Examen de la peau et \u00e9quilibre du microbiote cutan\u00e9\" srcset=\"https:\/\/lucia-rapetti.com\/wp-content\/uploads\/2025\/05\/microbiote-cutane.jpg 1200w, https:\/\/lucia-rapetti.com\/wp-content\/uploads\/2025\/05\/microbiote-cutane-300x200.jpg 300w, https:\/\/lucia-rapetti.com\/wp-content\/uploads\/2025\/05\/microbiote-cutane-1024x683.jpg 1024w, https:\/\/lucia-rapetti.com\/wp-content\/uploads\/2025\/05\/microbiote-cutane-768x512.jpg 768w, https:\/\/lucia-rapetti.com\/wp-content\/uploads\/2025\/05\/microbiote-cutane-18x12.jpg 18w, https:\/\/lucia-rapetti.com\/wp-content\/uploads\/2025\/05\/microbiote-cutane-600x400.jpg 600w\" sizes=\"(max-width: 1200px) 100vw, 1200px\" \/>\t\t\t\t\t\t\t\t\t\t\t\t\t\t\t<\/div>\n\t\t\t\t<\/div>\n\t\t\t\t\t<\/div>\n\t\t<\/div>\n\t\t\t\t\t<\/div>\n\t\t<\/section>\n\t\t<div class=\"elementor-element elementor-element-8c6c47b e-flex e-con-boxed e-con e-parent\" data-id=\"8c6c47b\" data-element_type=\"container\" data-e-type=\"container\">\n\t\t\t\t\t<div class=\"e-con-inner\">\n\t\t<div class=\"elementor-element elementor-element-c95aa02 e-con-full e-flex e-con e-child\" data-id=\"c95aa02\" data-element_type=\"container\" data-e-type=\"container\">\n\t\t\t\t<div class=\"elementor-element elementor-element-d31f692 elementor-widget elementor-widget-image\" data-id=\"d31f692\" data-element_type=\"widget\" data-e-type=\"widget\" data-widget_type=\"image.default\">\n\t\t\t\t<div class=\"elementor-widget-container\">\n\t\t\t\t\t\t\t\t\t\t\t\t\t\t\t<img loading=\"lazy\" decoding=\"async\" width=\"800\" height=\"533\" src=\"https:\/\/lucia-rapetti.com\/wp-content\/uploads\/2025\/09\/Causes-du-desequilibre-du-microbiote-cutane.jpg\" class=\"attachment-large size-large wp-image-17057\" alt=\"Illustration des causes du d\u00e9s\u00e9quilibre du microbiote cutan\u00e9 : stress et cosm\u00e9tiques agressifs\" srcset=\"https:\/\/lucia-rapetti.com\/wp-content\/uploads\/2025\/09\/Causes-du-desequilibre-du-microbiote-cutane.jpg 800w, https:\/\/lucia-rapetti.com\/wp-content\/uploads\/2025\/09\/Causes-du-desequilibre-du-microbiote-cutane-300x200.jpg 300w, https:\/\/lucia-rapetti.com\/wp-content\/uploads\/2025\/09\/Causes-du-desequilibre-du-microbiote-cutane-768x512.jpg 768w, https:\/\/lucia-rapetti.com\/wp-content\/uploads\/2025\/09\/Causes-du-desequilibre-du-microbiote-cutane-18x12.jpg 18w, https:\/\/lucia-rapetti.com\/wp-content\/uploads\/2025\/09\/Causes-du-desequilibre-du-microbiote-cutane-600x400.jpg 600w\" sizes=\"(max-width: 800px) 100vw, 800px\" \/>\t\t\t\t\t\t\t\t\t\t\t\t\t\t\t<\/div>\n\t\t\t\t<\/div>\n\t\t\t\t<\/div>\n\t\t<div class=\"elementor-element elementor-element-0349ccc e-con-full e-flex e-con e-child\" data-id=\"0349ccc\" data-element_type=\"container\" data-e-type=\"container\">\n\t\t\t\t<div class=\"elementor-element elementor-element-180e85e elementor-widget elementor-widget-text-editor\" data-id=\"180e85e\" data-element_type=\"widget\" data-e-type=\"widget\" data-widget_type=\"text-editor.default\">\n\t\t\t\t<div class=\"elementor-widget-container\">\n\t\t\t\t\t\t\t\t\t<h2>Les causes du d\u00e9s\u00e9quilibre du microbiote cutan\u00e9<\/h2><h3>Les agressions ext\u00e9rieures<\/h3><ul><li>Pollution et particules fines.<\/li><li>Rayons UV qui endommagent la barri\u00e8re cutan\u00e9e.<\/li><li>Cosm\u00e9tiques trop agressifs ou d\u00e9capants.<\/li><li>Lavages trop fr\u00e9quents ou inadapt\u00e9s.<\/li><\/ul><h3>Le mode de vie<\/h3><ul><li>Stress et manque de sommeil.<\/li><li>Alimentation d\u00e9s\u00e9quilibr\u00e9e, trop riche en sucres et graisses.<\/li><li>M\u00e9dicaments comme les antibiotiques qui appauvrissent la flore cutan\u00e9e.<\/li><\/ul><h3>Les signes d\u2019un microbiote d\u00e9s\u00e9quilibr\u00e9<\/h3><p>Peau qui tiraille, rougeurs, imperfections, exc\u00e8s de s\u00e9bum, manque d\u2019\u00e9clat : autant de signaux qui r\u00e9v\u00e8lent un microbiote fragilis\u00e9.<\/p>\t\t\t\t\t\t\t\t<\/div>\n\t\t\t\t<\/div>\n\t\t\t\t<\/div>\n\t\t\t\t\t<\/div>\n\t\t\t\t<\/div>\n\t\t<div class=\"elementor-element elementor-element-2ff40dd e-flex e-con-boxed e-con e-parent\" data-id=\"2ff40dd\" data-element_type=\"container\" data-e-type=\"container\">\n\t\t\t\t\t<div class=\"e-con-inner\">\n\t\t<div class=\"elementor-element elementor-element-cfa65a3 e-con-full e-flex e-con e-child\" data-id=\"cfa65a3\" data-element_type=\"container\" data-e-type=\"container\">\n\t\t\t\t<div class=\"elementor-element elementor-element-8ef1087 elementor-widget elementor-widget-text-editor\" data-id=\"8ef1087\" data-element_type=\"widget\" data-e-type=\"widget\" data-widget_type=\"text-editor.default\">\n\t\t\t\t<div class=\"elementor-widget-container\">\n\t\t\t\t\t\t\t\t\t<h2>Comment pr\u00e9server l\u2019\u00e9quilibre du microbiote naturellement ?<\/h2><h3>Nettoyer la peau en douceur<\/h3><p>\u00c9vitez les produits d\u00e9capants. Pr\u00e9f\u00e9rez des soins doux, respectueux du pH, qui nettoient sans agresser.<\/p><h3>Choisir des soins aux pr\u00e9biotiques et probiotiques<\/h3><p>Ces actifs nourrissent les bonnes bact\u00e9ries et restaurent l\u2019\u00e9quilibre cutan\u00e9. Les soins <strong>Lucia Rapetti<\/strong> associent science et nature pour respecter la flore de la peau.<\/p><h3>Hydrater et prot\u00e9ger<\/h3><p>Une peau bien hydrat\u00e9e offre un environnement favorable \u00e0 son microbiote. Les huiles v\u00e9g\u00e9tales et extraits botaniques renforcent cette barri\u00e8re naturelle.<\/p><h3>Nourrir son microbiote de l\u2019int\u00e9rieur<\/h3><p>Une alimentation riche en fibres, probiotiques naturels (yaourt, k\u00e9fir, kombucha) et antioxydants (fruits, l\u00e9gumes, th\u00e9 vert) soutient l\u2019\u00e9quilibre cutan\u00e9 de l\u2019int\u00e9rieur.<\/p>\t\t\t\t\t\t\t\t<\/div>\n\t\t\t\t<\/div>\n\t\t\t\t<\/div>\n\t\t<div class=\"elementor-element elementor-element-7ef3f72 e-con-full e-flex e-con e-child\" data-id=\"7ef3f72\" data-element_type=\"container\" data-e-type=\"container\">\n\t\t\t\t<div class=\"elementor-element elementor-element-4e5fcb6 elementor-widget elementor-widget-image\" data-id=\"4e5fcb6\" data-element_type=\"widget\" data-e-type=\"widget\" data-widget_type=\"image.default\">\n\t\t\t\t<div class=\"elementor-widget-container\">\n\t\t\t\t\t\t\t\t\t\t\t\t\t\t\t<img loading=\"lazy\" decoding=\"async\" width=\"800\" height=\"800\" src=\"https:\/\/lucia-rapetti.com\/wp-content\/uploads\/2025\/09\/Routine-beaute-pour-preserver-lequilibre-du-microbiote-cutane.jpg\" class=\"attachment-large size-large wp-image-17058\" alt=\"Routine beaut\u00e9 en trois \u00e9tapes pour pr\u00e9server le microbiote cutan\u00e9 : nettoyage, hydratation, protection\" srcset=\"https:\/\/lucia-rapetti.com\/wp-content\/uploads\/2025\/09\/Routine-beaute-pour-preserver-lequilibre-du-microbiote-cutane.jpg 800w, https:\/\/lucia-rapetti.com\/wp-content\/uploads\/2025\/09\/Routine-beaute-pour-preserver-lequilibre-du-microbiote-cutane-300x300.jpg 300w, https:\/\/lucia-rapetti.com\/wp-content\/uploads\/2025\/09\/Routine-beaute-pour-preserver-lequilibre-du-microbiote-cutane-150x150.jpg 150w, https:\/\/lucia-rapetti.com\/wp-content\/uploads\/2025\/09\/Routine-beaute-pour-preserver-lequilibre-du-microbiote-cutane-768x768.jpg 768w, https:\/\/lucia-rapetti.com\/wp-content\/uploads\/2025\/09\/Routine-beaute-pour-preserver-lequilibre-du-microbiote-cutane-12x12.jpg 12w, https:\/\/lucia-rapetti.com\/wp-content\/uploads\/2025\/09\/Routine-beaute-pour-preserver-lequilibre-du-microbiote-cutane-600x600.jpg 600w, https:\/\/lucia-rapetti.com\/wp-content\/uploads\/2025\/09\/Routine-beaute-pour-preserver-lequilibre-du-microbiote-cutane-100x100.jpg 100w\" sizes=\"(max-width: 800px) 100vw, 800px\" \/>\t\t\t\t\t\t\t\t\t\t\t\t\t\t\t<\/div>\n\t\t\t\t<\/div>\n\t\t\t\t<\/div>\n\t\t\t\t\t<\/div>\n\t\t\t\t<\/div>\n\t\t<div class=\"elementor-element elementor-element-1f7717a e-flex e-con-boxed e-con e-parent\" data-id=\"1f7717a\" data-element_type=\"container\" data-e-type=\"container\">\n\t\t\t\t\t<div class=\"e-con-inner\">\n\t\t<div class=\"elementor-element elementor-element-a73ac28 e-con-full e-flex e-con e-child\" data-id=\"a73ac28\" data-element_type=\"container\" data-e-type=\"container\">\n\t\t\t\t<div class=\"elementor-element elementor-element-e88d3d3 elementor-widget elementor-widget-image\" data-id=\"e88d3d3\" data-element_type=\"widget\" data-e-type=\"widget\" data-widget_type=\"image.default\">\n\t\t\t\t<div class=\"elementor-widget-container\">\n\t\t\t\t\t\t\t\t\t\t\t\t\t\t\t<img loading=\"lazy\" decoding=\"async\" width=\"800\" height=\"533\" src=\"https:\/\/lucia-rapetti.com\/wp-content\/uploads\/2025\/09\/Risques-cutanes-lies-au-desequilibre-du-microbiote.jpg\" class=\"attachment-large size-large wp-image-17059\" alt=\"Comparaison peau saine et peau fragilis\u00e9e selon l\u2019\u00e9quilibre du microbiote\" srcset=\"https:\/\/lucia-rapetti.com\/wp-content\/uploads\/2025\/09\/Risques-cutanes-lies-au-desequilibre-du-microbiote.jpg 800w, https:\/\/lucia-rapetti.com\/wp-content\/uploads\/2025\/09\/Risques-cutanes-lies-au-desequilibre-du-microbiote-300x200.jpg 300w, https:\/\/lucia-rapetti.com\/wp-content\/uploads\/2025\/09\/Risques-cutanes-lies-au-desequilibre-du-microbiote-768x512.jpg 768w, https:\/\/lucia-rapetti.com\/wp-content\/uploads\/2025\/09\/Risques-cutanes-lies-au-desequilibre-du-microbiote-18x12.jpg 18w, https:\/\/lucia-rapetti.com\/wp-content\/uploads\/2025\/09\/Risques-cutanes-lies-au-desequilibre-du-microbiote-600x400.jpg 600w\" sizes=\"(max-width: 800px) 100vw, 800px\" \/>\t\t\t\t\t\t\t\t\t\t\t\t\t\t\t<\/div>\n\t\t\t\t<\/div>\n\t\t\t\t<\/div>\n\t\t<div class=\"elementor-element elementor-element-bb34b0b e-con-full e-flex e-con e-child\" data-id=\"bb34b0b\" data-element_type=\"container\" data-e-type=\"container\">\n\t\t\t\t<div class=\"elementor-element elementor-element-9ac64c0 elementor-widget elementor-widget-text-editor\" data-id=\"9ac64c0\" data-element_type=\"widget\" data-e-type=\"widget\" data-widget_type=\"text-editor.default\">\n\t\t\t\t<div class=\"elementor-widget-container\">\n\t\t\t\t\t\t\t\t\t<h2>Microbiote d\u00e9s\u00e9quilibr\u00e9 : quels risques pour la peau ?<\/h2><ul><li>Rougeurs, irritations, hypersensibilit\u00e9.<\/li><li>Acn\u00e9 et imperfections.<\/li><li>Ecz\u00e9ma et dermatite atopique.<\/li><li>Vieillissement acc\u00e9l\u00e9r\u00e9 : perte de fermet\u00e9, rides, teint terne.<\/li><\/ul><section><h2>Conseils pratiques pour renforcer son microbiote cutan\u00e9<\/h2><h3>\u00c0 faire<\/h3><ul><li>Nettoyer avec des soins doux.<\/li><li>Hydrater matin et soir.<\/li><li>Prot\u00e9ger la peau du soleil avec des filtres respectueux.<\/li><li>Miser sur une alimentation riche en probiotiques et antioxydants.<\/li><li>Utiliser des soins enrichis en pr\u00e9biotiques naturels.<\/li><\/ul><h3>\u00c0 \u00e9viter<\/h3><ul><li>Nettoyages agressifs et savons alcalins.<\/li><li>Exfoliants trop fr\u00e9quents ou abrasifs.<\/li><li>Produits riches en alcool ou parfums irritants.<\/li><li>Exc\u00e8s de sucre et carences en fibres.<\/li><li>Manque de sommeil et gestion du stress n\u00e9glig\u00e9e.<\/li><\/ul><\/section>\t\t\t\t\t\t\t\t<\/div>\n\t\t\t\t<\/div>\n\t\t\t\t<\/div>\n\t\t\t\t\t<\/div>\n\t\t\t\t<\/div>\n\t\t<div class=\"elementor-element elementor-element-db58743 e-flex e-con-boxed e-con e-parent\" data-id=\"db58743\" data-element_type=\"container\" data-e-type=\"container\">\n\t\t\t\t\t<div class=\"e-con-inner\">\n\t\t\t\t<div class=\"elementor-element elementor-element-d25cfac elementor-widget elementor-widget-heading\" data-id=\"d25cfac\" data-element_type=\"widget\" data-e-type=\"widget\" data-widget_type=\"heading.default\">\n\t\t\t\t<div class=\"elementor-widget-container\">\n\t\t\t\t\t<h2 class=\"elementor-heading-title elementor-size-default\">FAQ sur le microbiote cutan\u00e9<\/h2>\t\t\t\t<\/div>\n\t\t\t\t<\/div>\n\t\t\t\t<div class=\"elementor-element elementor-element-eabec7c elementor-widget elementor-widget-n-accordion\" data-id=\"eabec7c\" data-element_type=\"widget\" data-e-type=\"widget\" data-settings=\"{&quot;default_state&quot;:&quot;expanded&quot;,&quot;max_items_expended&quot;:&quot;one&quot;,&quot;n_accordion_animation_duration&quot;:{&quot;unit&quot;:&quot;ms&quot;,&quot;size&quot;:400,&quot;sizes&quot;:[]}}\" data-widget_type=\"nested-accordion.default\">\n\t\t\t\t<div class=\"elementor-widget-container\">\n\t\t\t\t\t\t\t<div class=\"e-n-accordion\" aria-label=\"Accordion. Open links with Enter or Space, close with Escape, and navigate with Arrow Keys\">\n\t\t\t\t\t\t<details id=\"e-n-accordion-item-2460\" class=\"e-n-accordion-item\" open>\n\t\t\t\t<summary class=\"e-n-accordion-item-title\" data-accordion-index=\"1\" tabindex=\"0\" aria-expanded=\"true\" aria-controls=\"e-n-accordion-item-2460\" >\n\t\t\t\t\t<span class='e-n-accordion-item-title-header'><h3 class=\"e-n-accordion-item-title-text\"> Quelle est la diff\u00e9rence entre microbiote cutan\u00e9 et intestinal ? <\/h3><\/span>\n\t\t\t\t\t\t\t<span class='e-n-accordion-item-title-icon'>\n\t\t\t<span class='e-opened' ><svg aria-hidden=\"true\" class=\"e-font-icon-svg e-fas-minus\" viewBox=\"0 0 448 512\" xmlns=\"http:\/\/www.w3.org\/2000\/svg\"><path d=\"M416 208H32c-17.67 0-32 14.33-32 32v32c0 17.67 14.33 32 32 32h384c17.67 0 32-14.33 32-32v-32c0-17.67-14.33-32-32-32z\"><\/path><\/svg><\/span>\n\t\t\t<span class='e-closed'><svg aria-hidden=\"true\" class=\"e-font-icon-svg e-fas-plus\" viewBox=\"0 0 448 512\" xmlns=\"http:\/\/www.w3.org\/2000\/svg\"><path d=\"M416 208H272V64c0-17.67-14.33-32-32-32h-32c-17.67 0-32 14.33-32 32v144H32c-17.67 0-32 14.33-32 32v32c0 17.67 14.33 32 32 32h144v144c0 17.67 14.33 32 32 32h32c17.67 0 32-14.33 32-32V304h144c17.67 0 32-14.33 32-32v-32c0-17.67-14.33-32-32-32z\"><\/path><\/svg><\/span>\n\t\t<\/span>\n\n\t\t\t\t\t\t<\/summary>\n\t\t\t\t<div role=\"region\" aria-labelledby=\"e-n-accordion-item-2460\" class=\"elementor-element elementor-element-fcd3bdc e-con-full e-flex e-con e-child\" data-id=\"fcd3bdc\" data-element_type=\"container\" data-e-type=\"container\">\n\t\t<div role=\"region\" aria-labelledby=\"e-n-accordion-item-2460\" class=\"elementor-element elementor-element-746f607 e-flex e-con-boxed e-con e-child\" data-id=\"746f607\" data-element_type=\"container\" data-e-type=\"container\">\n\t\t\t\t\t<div class=\"e-con-inner\">\n\t\t\t\t<div class=\"elementor-element elementor-element-c0e2585 elementor-widget elementor-widget-text-editor\" data-id=\"c0e2585\" data-element_type=\"widget\" data-e-type=\"widget\" data-widget_type=\"text-editor.default\">\n\t\t\t\t<div class=\"elementor-widget-container\">\n\t\t\t\t\t\t\t\t\t<p>Le microbiote cutan\u00e9 vit \u00e0 la surface de la peau, tandis que le microbiote intestinal se trouve dans notre syst\u00e8me digestif. Tous deux sont essentiels \u00e0 l\u2019\u00e9quilibre global et interagissent entre eux.<\/p>\t\t\t\t\t\t\t\t<\/div>\n\t\t\t\t<\/div>\n\t\t\t\t\t<\/div>\n\t\t\t\t<\/div>\n\t\t\t\t<\/div>\n\t\t\t\t\t<\/details>\n\t\t\t\t\t\t<details id=\"e-n-accordion-item-2461\" class=\"e-n-accordion-item\" >\n\t\t\t\t<summary class=\"e-n-accordion-item-title\" data-accordion-index=\"2\" tabindex=\"-1\" aria-expanded=\"false\" aria-controls=\"e-n-accordion-item-2461\" >\n\t\t\t\t\t<span class='e-n-accordion-item-title-header'><h3 class=\"e-n-accordion-item-title-text\"> Comment savoir si mon microbiote cutan\u00e9 est d\u00e9s\u00e9quilibr\u00e9 ? <\/h3><\/span>\n\t\t\t\t\t\t\t<span class='e-n-accordion-item-title-icon'>\n\t\t\t<span class='e-opened' ><svg aria-hidden=\"true\" class=\"e-font-icon-svg e-fas-minus\" viewBox=\"0 0 448 512\" xmlns=\"http:\/\/www.w3.org\/2000\/svg\"><path d=\"M416 208H32c-17.67 0-32 14.33-32 32v32c0 17.67 14.33 32 32 32h384c17.67 0 32-14.33 32-32v-32c0-17.67-14.33-32-32-32z\"><\/path><\/svg><\/span>\n\t\t\t<span class='e-closed'><svg aria-hidden=\"true\" class=\"e-font-icon-svg e-fas-plus\" viewBox=\"0 0 448 512\" xmlns=\"http:\/\/www.w3.org\/2000\/svg\"><path d=\"M416 208H272V64c0-17.67-14.33-32-32-32h-32c-17.67 0-32 14.33-32 32v144H32c-17.67 0-32 14.33-32 32v32c0 17.67 14.33 32 32 32h144v144c0 17.67 14.33 32 32 32h32c17.67 0 32-14.33 32-32V304h144c17.67 0 32-14.33 32-32v-32c0-17.67-14.33-32-32-32z\"><\/path><\/svg><\/span>\n\t\t<\/span>\n\n\t\t\t\t\t\t<\/summary>\n\t\t\t\t<div role=\"region\" aria-labelledby=\"e-n-accordion-item-2461\" class=\"elementor-element elementor-element-45d720a e-con-full e-flex e-con e-child\" data-id=\"45d720a\" data-element_type=\"container\" data-e-type=\"container\">\n\t\t<div role=\"region\" aria-labelledby=\"e-n-accordion-item-2461\" class=\"elementor-element elementor-element-7c74787 e-flex e-con-boxed e-con e-child\" data-id=\"7c74787\" data-element_type=\"container\" data-e-type=\"container\">\n\t\t\t\t\t<div class=\"e-con-inner\">\n\t\t\t\t<div class=\"elementor-element elementor-element-c4db4c7 elementor-widget elementor-widget-text-editor\" data-id=\"c4db4c7\" data-element_type=\"widget\" data-e-type=\"widget\" data-widget_type=\"text-editor.default\">\n\t\t\t\t<div class=\"elementor-widget-container\">\n\t\t\t\t\t\t\t\t\t<p>Rougeurs, tiraillements, sensibilit\u00e9 accrue ou imperfections r\u00e9currentes peuvent indiquer un microbiote fragilis\u00e9.<\/p>\t\t\t\t\t\t\t\t<\/div>\n\t\t\t\t<\/div>\n\t\t\t\t\t<\/div>\n\t\t\t\t<\/div>\n\t\t\t\t<\/div>\n\t\t\t\t\t<\/details>\n\t\t\t\t\t\t<details id=\"e-n-accordion-item-2462\" class=\"e-n-accordion-item\" >\n\t\t\t\t<summary class=\"e-n-accordion-item-title\" data-accordion-index=\"3\" tabindex=\"-1\" aria-expanded=\"false\" aria-controls=\"e-n-accordion-item-2462\" >\n\t\t\t\t\t<span class='e-n-accordion-item-title-header'><h3 class=\"e-n-accordion-item-title-text\"> Quels soins privil\u00e9gier pour r\u00e9\u00e9quilibrer le microbiote ? <\/h3><\/span>\n\t\t\t\t\t\t\t<span class='e-n-accordion-item-title-icon'>\n\t\t\t<span class='e-opened' ><svg aria-hidden=\"true\" class=\"e-font-icon-svg e-fas-minus\" viewBox=\"0 0 448 512\" xmlns=\"http:\/\/www.w3.org\/2000\/svg\"><path d=\"M416 208H32c-17.67 0-32 14.33-32 32v32c0 17.67 14.33 32 32 32h384c17.67 0 32-14.33 32-32v-32c0-17.67-14.33-32-32-32z\"><\/path><\/svg><\/span>\n\t\t\t<span class='e-closed'><svg aria-hidden=\"true\" class=\"e-font-icon-svg e-fas-plus\" viewBox=\"0 0 448 512\" xmlns=\"http:\/\/www.w3.org\/2000\/svg\"><path d=\"M416 208H272V64c0-17.67-14.33-32-32-32h-32c-17.67 0-32 14.33-32 32v144H32c-17.67 0-32 14.33-32 32v32c0 17.67 14.33 32 32 32h144v144c0 17.67 14.33 32 32 32h32c17.67 0 32-14.33 32-32V304h144c17.67 0 32-14.33 32-32v-32c0-17.67-14.33-32-32-32z\"><\/path><\/svg><\/span>\n\t\t<\/span>\n\n\t\t\t\t\t\t<\/summary>\n\t\t\t\t<div role=\"region\" aria-labelledby=\"e-n-accordion-item-2462\" class=\"elementor-element elementor-element-51be39d e-con-full e-flex e-con e-child\" data-id=\"51be39d\" data-element_type=\"container\" data-e-type=\"container\">\n\t\t<div role=\"region\" aria-labelledby=\"e-n-accordion-item-2462\" class=\"elementor-element elementor-element-2aaa0e8 e-flex e-con-boxed e-con e-child\" data-id=\"2aaa0e8\" data-element_type=\"container\" data-e-type=\"container\">\n\t\t\t\t\t<div class=\"e-con-inner\">\n\t\t\t\t<div class=\"elementor-element elementor-element-3cf8662 elementor-widget elementor-widget-text-editor\" data-id=\"3cf8662\" data-element_type=\"widget\" data-e-type=\"widget\" data-widget_type=\"text-editor.default\">\n\t\t\t\t<div class=\"elementor-widget-container\">\n\t\t\t\t\t\t\t\t\t<p>Des soins doux, sans tensioactifs agressifs, enrichis en pr\u00e9biotiques et actifs naturels, qui nourrissent la flore protectrice.<\/p>\t\t\t\t\t\t\t\t<\/div>\n\t\t\t\t<\/div>\n\t\t\t\t\t<\/div>\n\t\t\t\t<\/div>\n\t\t\t\t<\/div>\n\t\t\t\t\t<\/details>\n\t\t\t\t\t\t<details id=\"e-n-accordion-item-2463\" class=\"e-n-accordion-item\" >\n\t\t\t\t<summary class=\"e-n-accordion-item-title\" data-accordion-index=\"4\" tabindex=\"-1\" aria-expanded=\"false\" aria-controls=\"e-n-accordion-item-2463\" >\n\t\t\t\t\t<span class='e-n-accordion-item-title-header'><h3 class=\"e-n-accordion-item-title-text\"> Les probiotiques cosm\u00e9tiques sont-ils efficaces ? <\/h3><\/span>\n\t\t\t\t\t\t\t<span class='e-n-accordion-item-title-icon'>\n\t\t\t<span class='e-opened' ><svg aria-hidden=\"true\" class=\"e-font-icon-svg e-fas-minus\" viewBox=\"0 0 448 512\" xmlns=\"http:\/\/www.w3.org\/2000\/svg\"><path d=\"M416 208H32c-17.67 0-32 14.33-32 32v32c0 17.67 14.33 32 32 32h384c17.67 0 32-14.33 32-32v-32c0-17.67-14.33-32-32-32z\"><\/path><\/svg><\/span>\n\t\t\t<span class='e-closed'><svg aria-hidden=\"true\" class=\"e-font-icon-svg e-fas-plus\" viewBox=\"0 0 448 512\" xmlns=\"http:\/\/www.w3.org\/2000\/svg\"><path d=\"M416 208H272V64c0-17.67-14.33-32-32-32h-32c-17.67 0-32 14.33-32 32v144H32c-17.67 0-32 14.33-32 32v32c0 17.67 14.33 32 32 32h144v144c0 17.67 14.33 32 32 32h32c17.67 0 32-14.33 32-32V304h144c17.67 0 32-14.33 32-32v-32c0-17.67-14.33-32-32-32z\"><\/path><\/svg><\/span>\n\t\t<\/span>\n\n\t\t\t\t\t\t<\/summary>\n\t\t\t\t<div role=\"region\" aria-labelledby=\"e-n-accordion-item-2463\" class=\"elementor-element elementor-element-9e67784 e-flex e-con-boxed e-con e-child\" data-id=\"9e67784\" data-element_type=\"container\" data-e-type=\"container\">\n\t\t\t\t\t<div class=\"e-con-inner\">\n\t\t<div role=\"region\" aria-labelledby=\"e-n-accordion-item-2463\" class=\"elementor-element elementor-element-dc23652 e-con-full e-flex e-con e-child\" data-id=\"dc23652\" data-element_type=\"container\" data-e-type=\"container\">\n\t\t\t\t<div class=\"elementor-element elementor-element-59d9ac7 elementor-widget elementor-widget-text-editor\" data-id=\"59d9ac7\" data-element_type=\"widget\" data-e-type=\"widget\" data-widget_type=\"text-editor.default\">\n\t\t\t\t<div class=\"elementor-widget-container\">\n\t\t\t\t\t\t\t\t\t<p>Oui. Ils renforcent la barri\u00e8re cutan\u00e9e, favorisent un bon \u00e9quilibre et r\u00e9duisent les d\u00e9sordres cutan\u00e9s.<\/p>\t\t\t\t\t\t\t\t<\/div>\n\t\t\t\t<\/div>\n\t\t\t\t<\/div>\n\t\t\t\t\t<\/div>\n\t\t\t\t<\/div>\n\t\t\t\t\t<\/details>\n\t\t\t\t\t\t<details id=\"e-n-accordion-item-2464\" class=\"e-n-accordion-item\" >\n\t\t\t\t<summary class=\"e-n-accordion-item-title\" data-accordion-index=\"5\" tabindex=\"-1\" aria-expanded=\"false\" aria-controls=\"e-n-accordion-item-2464\" >\n\t\t\t\t\t<span class='e-n-accordion-item-title-header'><h3 class=\"e-n-accordion-item-title-text\"> Le microbiote cutan\u00e9 change-t-il avec l\u2019\u00e2ge ? <\/h3><\/span>\n\t\t\t\t\t\t\t<span class='e-n-accordion-item-title-icon'>\n\t\t\t<span class='e-opened' ><svg aria-hidden=\"true\" class=\"e-font-icon-svg e-fas-minus\" viewBox=\"0 0 448 512\" xmlns=\"http:\/\/www.w3.org\/2000\/svg\"><path d=\"M416 208H32c-17.67 0-32 14.33-32 32v32c0 17.67 14.33 32 32 32h384c17.67 0 32-14.33 32-32v-32c0-17.67-14.33-32-32-32z\"><\/path><\/svg><\/span>\n\t\t\t<span class='e-closed'><svg aria-hidden=\"true\" class=\"e-font-icon-svg e-fas-plus\" viewBox=\"0 0 448 512\" xmlns=\"http:\/\/www.w3.org\/2000\/svg\"><path d=\"M416 208H272V64c0-17.67-14.33-32-32-32h-32c-17.67 0-32 14.33-32 32v144H32c-17.67 0-32 14.33-32 32v32c0 17.67 14.33 32 32 32h144v144c0 17.67 14.33 32 32 32h32c17.67 0 32-14.33 32-32V304h144c17.67 0 32-14.33 32-32v-32c0-17.67-14.33-32-32-32z\"><\/path><\/svg><\/span>\n\t\t<\/span>\n\n\t\t\t\t\t\t<\/summary>\n\t\t\t\t<div role=\"region\" aria-labelledby=\"e-n-accordion-item-2464\" class=\"elementor-element elementor-element-73ebce2 e-flex e-con-boxed e-con e-child\" data-id=\"73ebce2\" data-element_type=\"container\" data-e-type=\"container\">\n\t\t\t\t\t<div class=\"e-con-inner\">\n\t\t<div role=\"region\" aria-labelledby=\"e-n-accordion-item-2464\" class=\"elementor-element elementor-element-92be6f2 e-con-full e-flex e-con e-child\" data-id=\"92be6f2\" data-element_type=\"container\" data-e-type=\"container\">\n\t\t\t\t<div class=\"elementor-element elementor-element-68bb5a2 elementor-widget elementor-widget-text-editor\" data-id=\"68bb5a2\" data-element_type=\"widget\" data-e-type=\"widget\" data-widget_type=\"text-editor.default\">\n\t\t\t\t<div class=\"elementor-widget-container\">\n\t\t\t\t\t\t\t\t\t<p>Oui. Il \u00e9volue au fil de la vie : il se construit \u00e0 la naissance, se stabilise \u00e0 l\u2019\u00e2ge adulte, puis s\u2019affaiblit avec le temps.<\/p>\t\t\t\t\t\t\t\t<\/div>\n\t\t\t\t<\/div>\n\t\t\t\t<\/div>\n\t\t\t\t\t<\/div>\n\t\t\t\t<\/div>\n\t\t\t\t\t<\/details>\n\t\t\t\t\t<\/div>\n\t\t\t\t\t\t<\/div>\n\t\t\t\t<\/div>\n\t\t\t\t\t<\/div>\n\t\t\t\t<\/div>\n\t\t<div class=\"elementor-element elementor-element-73d2268 e-flex e-con-boxed e-con e-parent\" data-id=\"73d2268\" data-element_type=\"container\" data-e-type=\"container\">\n\t\t\t\t\t<div class=\"e-con-inner\">\n\t\t\t\t<div class=\"elementor-element elementor-element-b4367f5 elementor-widget elementor-widget-heading\" data-id=\"b4367f5\" data-element_type=\"widget\" data-e-type=\"widget\" data-widget_type=\"heading.default\">\n\t\t\t\t<div class=\"elementor-widget-container\">\n\t\t\t\t\t<h2 class=\"elementor-heading-title elementor-size-default\">Glossaire du microbiote cutan\u00e9<\/h2>\t\t\t\t<\/div>\n\t\t\t\t<\/div>\n\t\t\t\t<div class=\"elementor-element elementor-element-078d7f5 elementor-widget elementor-widget-text-editor\" data-id=\"078d7f5\" data-element_type=\"widget\" data-e-type=\"widget\" data-widget_type=\"text-editor.default\">\n\t\t\t\t<div class=\"elementor-widget-container\">\n\t\t\t\t\t\t\t\t\t<p><span style=\"font-size: 16px; font-weight: 600;\">Microbiote cutan\u00e9<\/span><\/p><p><span style=\"font-size: 16px;\">Ensemble des micro-organismes vivant \u00e0 la surface de la peau.<\/span><\/p><dl><dt>Pr\u00e9biotiques<\/dt><dd>Ingr\u00e9dients qui nourrissent les bonnes bact\u00e9ries de la peau.<\/dd><dt>Probiotiques<\/dt><dd>Micro-organismes vivants qui renforcent l\u2019\u00e9quilibre de la flore cutan\u00e9e.<\/dd><dt>Flore cutan\u00e9e<\/dt><dd>Autre terme pour d\u00e9signer le microbiote de la peau.<\/dd><dt>Barri\u00e8re cutan\u00e9e<\/dt><dd>Ensemble des m\u00e9canismes naturels qui prot\u00e8gent la peau contre les agressions ext\u00e9rieures.<\/dd><\/dl>\t\t\t\t\t\t\t\t<\/div>\n\t\t\t\t<\/div>\n\t\t\t\t\t<\/div>\n\t\t\t\t<\/div>\n\t\t<div class=\"elementor-element elementor-element-f30607d e-flex e-con-boxed e-con e-parent\" data-id=\"f30607d\" data-element_type=\"container\" data-e-type=\"container\">\n\t\t\t\t\t<div class=\"e-con-inner\">\n\t\t<div class=\"elementor-element elementor-element-f9c5e36 e-con-full e-flex e-con e-child\" data-id=\"f9c5e36\" data-element_type=\"container\" data-e-type=\"container\">\n\t\t\t\t<div class=\"elementor-element elementor-element-88c9885 elementor-widget elementor-widget-text-editor\" data-id=\"88c9885\" data-element_type=\"widget\" data-e-type=\"widget\" data-widget_type=\"text-editor.default\">\n\t\t\t\t<div class=\"elementor-widget-container\">\n\t\t\t\t\t\t\t\t\t<p>Le microbiote cutan\u00e9 est bien plus qu\u2019un simple d\u00e9tail invisible : il est le <strong>gardien de la sant\u00e9 et de la beaut\u00e9 de la peau<\/strong>. En prendre soin, c\u2019est lui offrir les moyens de se prot\u00e9ger, de se r\u00e9g\u00e9n\u00e9rer et de r\u00e9v\u00e9ler tout son \u00e9clat.<\/p><p>Chez <strong>Lucia Rapetti<\/strong>, nous pla\u00e7ons le respect de la peau et de son microbiote au c\u0153ur de nos formules. Nos soins associent <em>nature et science<\/em> pour accompagner chaque type de peau, pr\u00e9server son \u00e9quilibre profond et r\u00e9v\u00e9ler sa beaut\u00e9 naturelle.<\/p>\t\t\t\t\t\t\t\t<\/div>\n\t\t\t\t<\/div>\n\t\t\t\t<\/div>\n\t\t<div class=\"elementor-element elementor-element-c14232e e-con-full e-flex e-con e-child\" data-id=\"c14232e\" data-element_type=\"container\" data-e-type=\"container\">\n\t\t\t\t<div class=\"elementor-element elementor-element-e7f470a elementor-widget elementor-widget-image\" data-id=\"e7f470a\" data-element_type=\"widget\" data-e-type=\"widget\" data-widget_type=\"image.default\">\n\t\t\t\t<div class=\"elementor-widget-container\">\n\t\t\t\t\t\t\t\t\t\t\t\t\t\t\t<img decoding=\"async\" src=\"https:\/\/lucia-rapetti.com\/wp-content\/uploads\/2023\/06\/LR-sito-purifying-creme3.jpg\" title=\"Soin du visage naturel respectueux du microbiote de la peau\" alt=\"Soin du visage naturel respectueux du microbiote de la peau\" loading=\"lazy\" \/>\t\t\t\t\t\t\t\t\t\t\t\t\t\t\t<\/div>\n\t\t\t\t<\/div>\n\t\t\t\t<\/div>\n\t\t\t\t\t<\/div>\n\t\t\t\t<\/div>\n\t\t<div class=\"elementor-element elementor-element-5a0a70f e-flex e-con-boxed e-con e-parent\" data-id=\"5a0a70f\" data-element_type=\"container\" data-e-type=\"container\">\n\t\t\t\t\t<div class=\"e-con-inner\">\n\t\t\t\t<div class=\"elementor-element elementor-element-7c4f4e2 elementor-widget elementor-widget-heading\" data-id=\"7c4f4e2\" data-element_type=\"widget\" data-e-type=\"widget\" data-widget_type=\"heading.default\">\n\t\t\t\t<div class=\"elementor-widget-container\">\n\t\t\t\t\t<h2 class=\"elementor-heading-title elementor-size-default\">Sources et R\u00e9f\u00e9rences<\/h2>\t\t\t\t<\/div>\n\t\t\t\t<\/div>\n\t\t\t\t<div class=\"elementor-element elementor-element-7fe69ec elementor-widget elementor-widget-text-editor\" data-id=\"7fe69ec\" data-element_type=\"widget\" data-e-type=\"widget\" data-widget_type=\"text-editor.default\">\n\t\t\t\t<div class=\"elementor-widget-container\">\n\t\t\t\t\t\t\t\t\t<ul><li><a href=\"https:\/\/www.inserm.fr\/dossier\/microbiote\/\" target=\"_blank\" rel=\"noopener\">Inserm \u2013 Microbiote et sant\u00e9<\/a><\/li><li><a href=\"https:\/\/pubmed.ncbi.nlm.nih.gov\/\" target=\"_blank\" rel=\"noopener\">PubMed \u2013 Publications scientifiques sur le microbiote cutan\u00e9<\/a><\/li><li><a href=\"https:\/\/www.sciencedirect.com\/topics\/medicine-and-dentistry\/skin-microbiome\" target=\"_blank\" rel=\"noopener\">ScienceDirect \u2013 Skin microbiome<\/a><\/li><li><a href=\"https:\/\/www.eczemacouncil.org\/\" target=\"_blank\" rel=\"noopener\">Association Fran\u00e7aise de l\u2019Ecz\u00e9ma<\/a><\/li><li><a href=\"https:\/\/www.univ-rouen.fr\/\" target=\"_blank\" rel=\"noopener\">Universit\u00e9 de Rouen Normandie \u2013 Microbiote cutan\u00e9<\/a><\/li><\/ul>\t\t\t\t\t\t\t\t<\/div>\n\t\t\t\t<\/div>\n\t\t\t\t\t<\/div>\n\t\t\t\t<\/div>\n\t\t<div class=\"elementor-element elementor-element-bf12ac8 e-flex e-con-boxed e-con e-parent\" data-id=\"bf12ac8\" data-element_type=\"container\" data-e-type=\"container\">\n\t\t\t\t\t<div class=\"e-con-inner\">\n\t\t\t\t<div class=\"elementor-element elementor-element-5852b12 elementor-widget elementor-widget-text-editor\" data-id=\"5852b12\" data-element_type=\"widget\" data-e-type=\"widget\" data-widget_type=\"text-editor.default\">\n\t\t\t\t<div class=\"elementor-widget-container\">\n\t\t\t\t\t\t\t\t\t<p>D\u00e9couvrez aussi notre article : <a href=\"https:\/\/lucia-rapetti.com\/2025\/04\/14\/comment-renforcer-son-microbiote-cutane-au-quotidien\/\"><strong data-start=\"2634\" data-end=\"2690\">Comment renforcer son microbiote cutan\u00e9 au quotidien<\/strong><\/a><\/p>\t\t\t\t\t\t\t\t<\/div>\n\t\t\t\t<\/div>\n\t\t\t\t\t<\/div>\n\t\t\t\t<\/div>\n\t\t<div class=\"elementor-element elementor-element-6f6d537 e-flex e-con-boxed e-con e-parent\" data-id=\"6f6d537\" data-element_type=\"container\" data-e-type=\"container\">\n\t\t\t\t\t<div class=\"e-con-inner\">\n\t\t\t\t<div class=\"elementor-element elementor-element-959f503 elementor-widget elementor-widget-html\" data-id=\"959f503\" data-element_type=\"widget\" data-e-type=\"widget\" data-widget_type=\"html.default\">\n\t\t\t\t<div class=\"elementor-widget-container\">\n\t\t\t\t\t<script type=\"application\/ld+json\">\n{\n  \"@context\": \"https:\/\/schema.org\",\n  \"@graph\": [\n    {\n      \"@type\": \"WebSite\",\n      \"@id\": \"https:\/\/lucia-rapetti.com\/#website\",\n      \"url\": \"https:\/\/lucia-rapetti.com\/\",\n      \"name\": \"Lucia Rapetti Laboratoire Naturel\",\n      \"alternateName\": \"Lucia Rapetti\",\n      \"inLanguage\": \"fr-FR\",\n      \"publisher\": {\n        \"@type\": \"Organization\",\n        \"@id\": \"https:\/\/lucia-rapetti.com\/#organization\"\n      },\n      \"potentialAction\": {\n        \"@type\": \"SearchAction\",\n        \"target\": \"https:\/\/lucia-rapetti.com\/?s={search_term_string}\",\n        \"query-input\": \"required name=search_term_string\"\n      }\n    },\n    {\n      \"@type\": \"Organization\",\n      \"@id\": \"https:\/\/lucia-rapetti.com\/#organization\",\n      \"name\": \"Lucia Rapetti Laboratoire Cosm\u00e9tique Naturel\",\n      \"url\": \"https:\/\/lucia-rapetti.com\/\",\n      \"logo\": {\n        \"@type\": \"ImageObject\",\n        \"url\": \"https:\/\/lucia-rapetti.com\/wp-content\/uploads\/2023\/04\/cropped-lucia-rapetti-logo-1.png\",\n        \"width\": 850,\n        \"height\": 142\n      },\n      \"sameAs\": [\n        \"https:\/\/www.facebook.com\/luciarapettiofficial\",\n        \"https:\/\/www.instagram.com\/luciarapettiofficial\/\"\n      ]\n    },\n    {\n      \"@type\": \"Article\",\n      \"@id\": \"https:\/\/lucia-rapetti.com\/microbiote-de-la-peau-cutane\/#article\",\n      \"mainEntityOfPage\": {\n        \"@type\": \"WebPage\",\n        \"@id\": \"https:\/\/lucia-rapetti.com\/microbiote-de-la-peau-cutane\/\"\n      },\n      \"headline\": \"Microbiote de la peau : \u00e9quilibre, protection & soins naturels\",\n      \"alternativeHeadline\": \"Pr\u00e9server le microbiote cutan\u00e9 avec des soins naturels Lucia Rapetti\",\n      \"description\": \"D\u00e9couvrez comment le microbiote de la peau prot\u00e8ge l\u2019\u00e9quilibre cutan\u00e9 et comment les soins naturels Lucia Rapetti soutiennent la flore cutan\u00e9e, la barri\u00e8re protectrice et la beaut\u00e9 de la peau.\",\n      \"image\": [\n        {\n          \"@type\": \"ImageObject\",\n          \"url\": \"https:\/\/lucia-rapetti.com\/wp-content\/uploads\/2024\/microbiote-de-la-peau.jpg\",\n          \"caption\": \"Sch\u00e9ma du microbiote cutan\u00e9 et des micro-organismes de la peau\"\n        },\n        {\n          \"@type\": \"ImageObject\",\n          \"url\": \"https:\/\/lucia-rapetti.com\/wp-content\/uploads\/2024\/flore-cutanee.jpg\",\n          \"caption\": \"Structure de la flore cutan\u00e9e illustrant la barri\u00e8re protectrice naturelle\"\n        },\n        {\n          \"@type\": \"ImageObject\",\n          \"url\": \"https:\/\/lucia-rapetti.com\/wp-content\/uploads\/2024\/femme-miroir.jpg\",\n          \"caption\": \"Examen de la peau et \u00e9quilibre du microbiote cutan\u00e9\"\n        },\n        {\n          \"@type\": \"ImageObject\",\n          \"url\": \"https:\/\/lucia-rapetti.com\/wp-content\/uploads\/2024\/causes-microbiote.jpg\",\n          \"caption\": \"Illustration des causes du d\u00e9s\u00e9quilibre du microbiote cutan\u00e9 : stress et cosm\u00e9tiques agressifs\"\n        },\n        {\n          \"@type\": \"ImageObject\",\n          \"url\": \"https:\/\/lucia-rapetti.com\/wp-content\/uploads\/2024\/routine-microbiote.jpg\",\n          \"caption\": \"Routine beaut\u00e9 en trois \u00e9tapes pour pr\u00e9server le microbiote cutan\u00e9 : nettoyage, hydratation, protection\"\n        },\n        {\n          \"@type\": \"ImageObject\",\n          \"url\": \"https:\/\/lucia-rapetti.com\/wp-content\/uploads\/2024\/peau-saine-vs-fragilisee.jpg\",\n          \"caption\": \"Comparaison peau saine et peau fragilis\u00e9e selon l\u2019\u00e9quilibre du microbiote\"\n        },\n        {\n          \"@type\": \"ImageObject\",\n          \"url\": \"https:\/\/lucia-rapetti.com\/wp-content\/uploads\/2024\/femme-rouge-soin-naturel.jpg\",\n          \"caption\": \"Soin du visage naturel respectueux du microbiote de la peau\"\n        }\n      ],\n      \"author\": {\n        \"@type\": \"Organization\",\n        \"name\": \"Lucia Rapetti\",\n        \"url\": \"https:\/\/lucia-rapetti.com\/\"\n      },\n      \"publisher\": {\n        \"@type\": \"Organization\",\n        \"name\": \"Lucia Rapetti Laboratoire Naturel\",\n        \"logo\": {\n          \"@type\": \"ImageObject\",\n          \"url\": \"https:\/\/lucia-rapetti.com\/wp-content\/uploads\/2023\/04\/cropped-lucia-rapetti-logo-1.png\"\n        }\n      },\n      \"inLanguage\": \"fr-FR\",\n      \"datePublished\": \"2024-12-10T09:00:00+01:00\",\n      \"dateModified\": \"2025-10-07T12:30:00+01:00\",\n      \"articleSection\": [\n        \"Beaut\u00e9 naturelle\",\n        \"Microbiote cutan\u00e9\",\n        \"Cosm\u00e9tique responsable\"\n      ],\n      \"keywords\": [\n        \"microbiote de la peau\",\n        \"microbiote cutan\u00e9\",\n        \"\u00e9quilibre de la peau\",\n        \"flore cutan\u00e9e\",\n        \"soins naturels\",\n        \"Lucia Rapetti\",\n        \"cosm\u00e9tique \u00e9thique\"\n      ]\n    },\n    {\n      \"@type\": \"HowTo\",\n      \"@id\": \"https:\/\/lucia-rapetti.com\/microbiote-de-la-peau-cutane\/#howto\",\n      \"name\": \"Routine beaut\u00e9 pour pr\u00e9server l\u2019\u00e9quilibre du microbiote cutan\u00e9\",\n      \"description\": \"D\u00e9couvrez comment entretenir le microbiote de la peau gr\u00e2ce \u00e0 une routine beaut\u00e9 naturelle et respectueuse.\",\n      \"totalTime\": \"PT10M\",\n      \"supply\": [\n        { \"@type\": \"HowToSupply\", \"name\": \"Cr\u00e8me de visage naturelle Lucia Rapetti\" },\n        { \"@type\": \"HowToSupply\", \"name\": \"Nettoyant doux sans sulfates\" },\n        { \"@type\": \"HowToSupply\", \"name\": \"S\u00e9rum hydratant aux pr\u00e9biotiques\" }\n      ],\n      \"step\": [\n        {\n          \"@type\": \"HowToStep\",\n          \"name\": \"Nettoyer la peau en douceur\",\n          \"text\": \"Utilisez un nettoyant doux sans tensioactifs agressifs pour pr\u00e9server le film hydrolipidique du microbiote cutan\u00e9.\"\n        },\n        {\n          \"@type\": \"HowToStep\",\n          \"name\": \"Appliquer un s\u00e9rum pr\u00e9biotique\",\n          \"text\": \"D\u00e9posez quelques gouttes de s\u00e9rum aux pr\u00e9biotiques pour nourrir les bonnes bact\u00e9ries de la peau.\"\n        },\n        {\n          \"@type\": \"HowToStep\",\n          \"name\": \"Hydrater avec une cr\u00e8me naturelle\",\n          \"text\": \"Appliquez une cr\u00e8me de visage naturelle pour renforcer la barri\u00e8re cutan\u00e9e et maintenir un microbiote \u00e9quilibr\u00e9.\"\n        }\n      ],\n      \"tool\": [{ \"@type\": \"HowToTool\", \"name\": \"Mains propres\" }],\n      \"inLanguage\": \"fr-FR\"\n    },\n    {\n      \"@type\": \"FAQPage\",\n      \"mainEntity\": [\n        {\n          \"@type\": \"Question\",\n          \"name\": \"Quelle est la diff\u00e9rence entre microbiote cutan\u00e9 et intestinal ?\",\n          \"acceptedAnswer\": {\n            \"@type\": \"Answer\",\n            \"text\": \"Le microbiote cutan\u00e9 vit \u00e0 la surface de la peau, tandis que le microbiote intestinal se trouve dans le syst\u00e8me digestif. Tous deux sont essentiels \u00e0 l\u2019\u00e9quilibre global et interagissent entre eux.\"\n          }\n        },\n        {\n          \"@type\": \"Question\",\n          \"name\": \"Comment savoir si mon microbiote cutan\u00e9 est d\u00e9s\u00e9quilibr\u00e9 ?\",\n          \"acceptedAnswer\": {\n            \"@type\": \"Answer\",\n            \"text\": \"Un microbiote cutan\u00e9 d\u00e9s\u00e9quilibr\u00e9 se manifeste par des tiraillements, rougeurs, imperfections ou un exc\u00e8s de s\u00e9bum. Ces signes indiquent une flore fragilis\u00e9e.\"\n          }\n        },\n        {\n          \"@type\": \"Question\",\n          \"name\": \"Quels soins privil\u00e9gier pour r\u00e9\u00e9quilibrer le microbiote ?\",\n          \"acceptedAnswer\": {\n            \"@type\": \"Answer\",\n            \"text\": \"Les soins enrichis en pr\u00e9biotiques et probiotiques renforcent la flore cutan\u00e9e. Lucia Rapetti propose des formules naturelles qui restaurent la barri\u00e8re protectrice de la peau.\"\n          }\n        },\n        {\n          \"@type\": \"Question\",\n          \"name\": \"Les probiotiques cosm\u00e9tiques sont-ils efficaces ?\",\n          \"acceptedAnswer\": {\n            \"@type\": \"Answer\",\n            \"text\": \"Oui, les probiotiques cosm\u00e9tiques soutiennent les bonnes bact\u00e9ries de la peau et aident \u00e0 maintenir un microbiote \u00e9quilibr\u00e9 pour une peau plus saine et r\u00e9sistante.\"\n          }\n        },\n        {\n          \"@type\": \"Question\",\n          \"name\": \"Le microbiote cutan\u00e9 change-t-il avec l\u2019\u00e2ge ?\",\n          \"acceptedAnswer\": {\n            \"@type\": \"Answer\",\n            \"text\": \"Oui, le microbiote \u00e9volue avec l\u2019\u00e2ge et les hormones. Il devient parfois moins diversifi\u00e9, ce qui rend la peau plus sensible. D\u2019o\u00f9 l\u2019importance de soins adapt\u00e9s et r\u00e9guliers.\"\n          }\n        }\n      ]\n    }\n  ]\n}\n<\/script>\n\t\t\t\t<\/div>\n\t\t\t\t<\/div>\n\t\t\t\t\t<\/div>\n\t\t\t\t<\/div>\n\t\t\t\t<\/div>\n\t\t","protected":false},"excerpt":{"rendered":"<p>Microbiote de la peau : \u00e9quilibre, protection &amp; soins naturels \u201cMise \u00e0 jour octobre 2025 : les derni\u00e8res recherches confirment le r\u00f4le cl\u00e9 du microbiote cutan\u00e9 dans la r\u00e9g\u00e9n\u00e9ration cellulaire.\u201d Invisible mais essentiel, le microbiote cutan\u00e9 joue un r\u00f4le cl\u00e9 dans la sant\u00e9 et la beaut\u00e9 de votre peau. Chez Lucia Rapetti, nous consid\u00e9rons le [&hellip;]<\/p>\n","protected":false},"author":1,"featured_media":0,"parent":0,"menu_order":0,"comment_status":"closed","ping_status":"closed","template":"","meta":{"_acf_changed":false,"site-sidebar-layout":"no-sidebar","site-content-layout":"page-builder","ast-site-content-layout":"full-width-container","site-content-style":"unboxed","site-sidebar-style":"unboxed","ast-global-header-display":"","ast-banner-title-visibility":"","ast-main-header-display":"","ast-hfb-above-header-display":"","ast-hfb-below-header-display":"","ast-hfb-mobile-header-display":"","site-post-title":"disabled","ast-breadcrumbs-content":"","ast-featured-img":"disabled","footer-sml-layout":"","ast-disable-related-posts":"","theme-transparent-header-meta":"disabled","adv-header-id-meta":"","stick-header-meta":"","header-above-stick-meta":"","header-main-stick-meta":"","header-below-stick-meta":"","astra-migrate-meta-layouts":"set","ast-page-background-enabled":"default","ast-page-background-meta":{"desktop":{"background-color":"var(--ast-global-color-4)","background-image":"","background-repeat":"repeat","background-position":"center center","background-size":"auto","background-attachment":"scroll","background-type":"","background-media":"","overlay-type":"","overlay-color":"","overlay-opacity":"","overlay-gradient":""},"tablet":{"background-color":"","background-image":"","background-repeat":"repeat","background-position":"center center","background-size":"auto","background-attachment":"scroll","background-type":"","background-media":"","overlay-type":"","overlay-color":"","overlay-opacity":"","overlay-gradient":""},"mobile":{"background-color":"","background-image":"","background-repeat":"repeat","background-position":"center center","background-size":"auto","background-attachment":"scroll","background-type":"","background-media":"","overlay-type":"","overlay-color":"","overlay-opacity":"","overlay-gradient":""}},"ast-content-background-meta":{"desktop":{"background-color":"var(--ast-global-color-5)","background-image":"","background-repeat":"repeat","background-position":"center center","background-size":"auto","background-attachment":"scroll","background-type":"","background-media":"","overlay-type":"","overlay-color":"","overlay-opacity":"","overlay-gradient":""},"tablet":{"background-color":"var(--ast-global-color-5)","background-image":"","background-repeat":"repeat","background-position":"center center","background-size":"auto","background-attachment":"scroll","background-type":"","background-media":"","overlay-type":"","overlay-color":"","overlay-opacity":"","overlay-gradient":""},"mobile":{"background-color":"var(--ast-global-color-5)","background-image":"","background-repeat":"repeat","background-position":"center center","background-size":"auto","background-attachment":"scroll","background-type":"","background-media":"","overlay-type":"","overlay-color":"","overlay-opacity":"","overlay-gradient":""}},"footnotes":""},"class_list":["post-4228","page","type-page","status-publish","hentry"],"acf":[],"yoast_head":"<!-- This site is optimized with the Yoast SEO plugin v27.4 - https:\/\/yoast.com\/product\/yoast-seo-wordpress\/ -->\n<title>Microbiote de la peau : \u00e9quilibre cutan\u00e9 et soins naturels<\/title>\n<meta name=\"description\" content=\"D\u00e9couvrez le r\u00f4le du microbiote de la peau. Les soins naturels Lucia Rapetti pr\u00e9servent son \u00e9quilibre et renforcent la barri\u00e8re cutan\u00e9e.\" \/>\n<meta name=\"robots\" content=\"index, follow, max-snippet:-1, max-image-preview:large, max-video-preview:-1\" \/>\n<link rel=\"canonical\" href=\"https:\/\/lucia-rapetti.com\/es\/microbiota-cutanea\/\" \/>\n<meta property=\"og:locale\" content=\"es_ES\" \/>\n<meta property=\"og:type\" content=\"article\" \/>\n<meta property=\"og:title\" content=\"Microbiote de la peau : \u00e9quilibre, protection &amp; beaut\u00e9 naturelle\" \/>\n<meta property=\"og:description\" content=\"D\u00e9couvrez comment le microbiote cutan\u00e9 influence la sant\u00e9 et la beaut\u00e9 de votre peau. Conseils et soins experts par Lucia Rapetti.\" \/>\n<meta property=\"og:url\" content=\"https:\/\/lucia-rapetti.com\/es\/microbiota-cutanea\/\" \/>\n<meta property=\"og:site_name\" content=\"Lucia Rapetti Laboratoire Naturel\" \/>\n<meta property=\"article:publisher\" content=\"https:\/\/www.facebook.com\/luciarapettiofficial\" \/>\n<meta property=\"article:modified_time\" content=\"2025-10-20T09:29:02+00:00\" \/>\n<meta property=\"og:image\" content=\"https:\/\/lucia-rapetti.com\/wp-content\/uploads\/2024\/02\/LR-sito-microbiote.jpg\" \/>\n\t<meta property=\"og:image:width\" content=\"534\" \/>\n\t<meta property=\"og:image:height\" content=\"650\" \/>\n\t<meta property=\"og:image:type\" content=\"image\/jpeg\" \/>\n<meta name=\"twitter:card\" content=\"summary_large_image\" \/>\n<meta name=\"twitter:label1\" content=\"Tiempo de lectura\" \/>\n\t<meta name=\"twitter:data1\" content=\"9 minutos\" \/>\n<script type=\"application\/ld+json\" class=\"yoast-schema-graph\">{\"@context\":\"https:\\\/\\\/schema.org\",\"@graph\":[{\"@type\":\"WebPage\",\"@id\":\"https:\\\/\\\/lucia-rapetti.com\\\/microbiote-de-la-peau-cutane\\\/\",\"url\":\"https:\\\/\\\/lucia-rapetti.com\\\/microbiote-de-la-peau-cutane\\\/\",\"name\":\"Microbiote de la peau : \u00e9quilibre cutan\u00e9 et soins naturels\",\"isPartOf\":{\"@id\":\"https:\\\/\\\/lucia-rapetti.com\\\/#website\"},\"primaryImageOfPage\":{\"@id\":\"https:\\\/\\\/lucia-rapetti.com\\\/microbiote-de-la-peau-cutane\\\/#primaryimage\"},\"image\":{\"@id\":\"https:\\\/\\\/lucia-rapetti.com\\\/microbiote-de-la-peau-cutane\\\/#primaryimage\"},\"thumbnailUrl\":\"https:\\\/\\\/lucia-rapetti.com\\\/wp-content\\\/uploads\\\/2025\\\/05\\\/1.jpg\",\"datePublished\":\"2024-02-12T09:22:48+00:00\",\"dateModified\":\"2025-10-20T09:29:02+00:00\",\"description\":\"D\u00e9couvrez le r\u00f4le du microbiote de la peau. Les soins naturels Lucia Rapetti pr\u00e9servent son \u00e9quilibre et renforcent la barri\u00e8re cutan\u00e9e.\",\"breadcrumb\":{\"@id\":\"https:\\\/\\\/lucia-rapetti.com\\\/microbiote-de-la-peau-cutane\\\/#breadcrumb\"},\"inLanguage\":\"es\",\"potentialAction\":[{\"@type\":\"ReadAction\",\"target\":[\"https:\\\/\\\/lucia-rapetti.com\\\/microbiote-de-la-peau-cutane\\\/\"]}]},{\"@type\":\"ImageObject\",\"inLanguage\":\"es\",\"@id\":\"https:\\\/\\\/lucia-rapetti.com\\\/microbiote-de-la-peau-cutane\\\/#primaryimage\",\"url\":\"https:\\\/\\\/lucia-rapetti.com\\\/wp-content\\\/uploads\\\/2025\\\/05\\\/1.jpg\",\"contentUrl\":\"https:\\\/\\\/lucia-rapetti.com\\\/wp-content\\\/uploads\\\/2025\\\/05\\\/1.jpg\"},{\"@type\":\"BreadcrumbList\",\"@id\":\"https:\\\/\\\/lucia-rapetti.com\\\/microbiote-de-la-peau-cutane\\\/#breadcrumb\",\"itemListElement\":[{\"@type\":\"ListItem\",\"position\":1,\"name\":\"Lucia Rapetti\",\"item\":\"https:\\\/\\\/lucia-rapetti.com\\\/\"},{\"@type\":\"ListItem\",\"position\":2,\"name\":\"Microbiote de la peau\"}]},{\"@type\":\"WebSite\",\"@id\":\"https:\\\/\\\/lucia-rapetti.com\\\/#website\",\"url\":\"https:\\\/\\\/lucia-rapetti.com\\\/\",\"name\":\"Lucia Rapetti Laboratoire Naturel\",\"description\":\"Laboratoire de cosm\u00e9tique naturel et beaut\u00e9\",\"publisher\":{\"@id\":\"https:\\\/\\\/lucia-rapetti.com\\\/#organization\"},\"potentialAction\":[{\"@type\":\"SearchAction\",\"target\":{\"@type\":\"EntryPoint\",\"urlTemplate\":\"https:\\\/\\\/lucia-rapetti.com\\\/?s={search_term_string}\"},\"query-input\":{\"@type\":\"PropertyValueSpecification\",\"valueRequired\":true,\"valueName\":\"search_term_string\"}}],\"inLanguage\":\"es\"},{\"@type\":\"Organization\",\"@id\":\"https:\\\/\\\/lucia-rapetti.com\\\/#organization\",\"name\":\"Lucia Rapetti Laboratoire Naturel\",\"alternateName\":\"LR\",\"url\":\"https:\\\/\\\/lucia-rapetti.com\\\/\",\"logo\":{\"@type\":\"ImageObject\",\"inLanguage\":\"es\",\"@id\":\"https:\\\/\\\/lucia-rapetti.com\\\/#\\\/schema\\\/logo\\\/image\\\/\",\"url\":\"https:\\\/\\\/lucia-rapetti.com\\\/wp-content\\\/uploads\\\/2023\\\/04\\\/cropped-lucia-rapetti-logo-1.png\",\"contentUrl\":\"https:\\\/\\\/lucia-rapetti.com\\\/wp-content\\\/uploads\\\/2023\\\/04\\\/cropped-lucia-rapetti-logo-1.png\",\"width\":850,\"height\":142,\"caption\":\"Lucia Rapetti Laboratoire Naturel\"},\"image\":{\"@id\":\"https:\\\/\\\/lucia-rapetti.com\\\/#\\\/schema\\\/logo\\\/image\\\/\"},\"sameAs\":[\"https:\\\/\\\/www.facebook.com\\\/luciarapettiofficial\",\"https:\\\/\\\/www.instagram.com\\\/luciarapettiofficial\\\/\"]}]}<\/script>\n<!-- \/ Yoast SEO plugin. -->","yoast_head_json":{"title":"Microbiota cut\u00e1nea: equilibrio y cuidado natural de la piel","description":"Descubra el papel de la microbiota de la piel. Los productos naturales para el cuidado de la piel Lucia Rapetti preservan su equilibrio y refuerzan la barrera cut\u00e1nea.","robots":{"index":"index","follow":"follow","max-snippet":"max-snippet:-1","max-image-preview":"max-image-preview:large","max-video-preview":"max-video-preview:-1"},"canonical":"https:\/\/lucia-rapetti.com\/es\/microbiota-cutanea\/","og_locale":"es_ES","og_type":"article","og_title":"Microbiote de la peau : \u00e9quilibre, protection & beaut\u00e9 naturelle","og_description":"D\u00e9couvrez comment le microbiote cutan\u00e9 influence la sant\u00e9 et la beaut\u00e9 de votre peau. Conseils et soins experts par Lucia Rapetti.","og_url":"https:\/\/lucia-rapetti.com\/es\/microbiota-cutanea\/","og_site_name":"Lucia Rapetti Laboratoire Naturel","article_publisher":"https:\/\/www.facebook.com\/luciarapettiofficial","article_modified_time":"2025-10-20T09:29:02+00:00","og_image":[{"width":534,"height":650,"url":"https:\/\/lucia-rapetti.com\/wp-content\/uploads\/2024\/02\/LR-sito-microbiote.jpg","type":"image\/jpeg"}],"twitter_card":"summary_large_image","twitter_misc":{"Tiempo de lectura":"9 minutos"},"schema":{"@context":"https:\/\/schema.org","@graph":[{"@type":"WebPage","@id":"https:\/\/lucia-rapetti.com\/microbiote-de-la-peau-cutane\/","url":"https:\/\/lucia-rapetti.com\/microbiote-de-la-peau-cutane\/","name":"Microbiota cut\u00e1nea: equilibrio y cuidado natural de la piel","isPartOf":{"@id":"https:\/\/lucia-rapetti.com\/#website"},"primaryImageOfPage":{"@id":"https:\/\/lucia-rapetti.com\/microbiote-de-la-peau-cutane\/#primaryimage"},"image":{"@id":"https:\/\/lucia-rapetti.com\/microbiote-de-la-peau-cutane\/#primaryimage"},"thumbnailUrl":"https:\/\/lucia-rapetti.com\/wp-content\/uploads\/2025\/05\/1.jpg","datePublished":"2024-02-12T09:22:48+00:00","dateModified":"2025-10-20T09:29:02+00:00","description":"Descubra el papel de la microbiota de la piel. Los productos naturales para el cuidado de la piel Lucia Rapetti preservan su equilibrio y refuerzan la barrera cut\u00e1nea.","breadcrumb":{"@id":"https:\/\/lucia-rapetti.com\/microbiote-de-la-peau-cutane\/#breadcrumb"},"inLanguage":"es","potentialAction":[{"@type":"ReadAction","target":["https:\/\/lucia-rapetti.com\/microbiote-de-la-peau-cutane\/"]}]},{"@type":"ImageObject","inLanguage":"es","@id":"https:\/\/lucia-rapetti.com\/microbiote-de-la-peau-cutane\/#primaryimage","url":"https:\/\/lucia-rapetti.com\/wp-content\/uploads\/2025\/05\/1.jpg","contentUrl":"https:\/\/lucia-rapetti.com\/wp-content\/uploads\/2025\/05\/1.jpg"},{"@type":"BreadcrumbList","@id":"https:\/\/lucia-rapetti.com\/microbiote-de-la-peau-cutane\/#breadcrumb","itemListElement":[{"@type":"ListItem","position":1,"name":"Lucia Rapetti","item":"https:\/\/lucia-rapetti.com\/"},{"@type":"ListItem","position":2,"name":"Microbiote de la peau"}]},{"@type":"WebSite","@id":"https:\/\/lucia-rapetti.com\/#website","url":"https:\/\/lucia-rapetti.com\/","name":"Lucia Rapetti Laboratorio Natural","description":"Laboratorio de cosm\u00e9tica natural y belleza","publisher":{"@id":"https:\/\/lucia-rapetti.com\/#organization"},"potentialAction":[{"@type":"SearchAction","target":{"@type":"EntryPoint","urlTemplate":"https:\/\/lucia-rapetti.com\/?s={search_term_string}"},"query-input":{"@type":"PropertyValueSpecification","valueRequired":true,"valueName":"search_term_string"}}],"inLanguage":"es"},{"@type":"Organization","@id":"https:\/\/lucia-rapetti.com\/#organization","name":"Lucia Rapetti Laboratorio Natural","alternateName":"LR","url":"https:\/\/lucia-rapetti.com\/","logo":{"@type":"ImageObject","inLanguage":"es","@id":"https:\/\/lucia-rapetti.com\/#\/schema\/logo\/image\/","url":"https:\/\/lucia-rapetti.com\/wp-content\/uploads\/2023\/04\/cropped-lucia-rapetti-logo-1.png","contentUrl":"https:\/\/lucia-rapetti.com\/wp-content\/uploads\/2023\/04\/cropped-lucia-rapetti-logo-1.png","width":850,"height":142,"caption":"Lucia Rapetti Laboratoire Naturel"},"image":{"@id":"https:\/\/lucia-rapetti.com\/#\/schema\/logo\/image\/"},"sameAs":["https:\/\/www.facebook.com\/luciarapettiofficial","https:\/\/www.instagram.com\/luciarapettiofficial\/"]}]}},"_links":{"self":[{"href":"https:\/\/lucia-rapetti.com\/es\/wp-json\/wp\/v2\/pages\/4228","targetHints":{"allow":["GET"]}}],"collection":[{"href":"https:\/\/lucia-rapetti.com\/es\/wp-json\/wp\/v2\/pages"}],"about":[{"href":"https:\/\/lucia-rapetti.com\/es\/wp-json\/wp\/v2\/types\/page"}],"author":[{"embeddable":true,"href":"https:\/\/lucia-rapetti.com\/es\/wp-json\/wp\/v2\/users\/1"}],"replies":[{"embeddable":true,"href":"https:\/\/lucia-rapetti.com\/es\/wp-json\/wp\/v2\/comments?post=4228"}],"version-history":[{"count":0,"href":"https:\/\/lucia-rapetti.com\/es\/wp-json\/wp\/v2\/pages\/4228\/revisions"}],"wp:attachment":[{"href":"https:\/\/lucia-rapetti.com\/es\/wp-json\/wp\/v2\/media?parent=4228"}],"curies":[{"name":"wp","href":"https:\/\/api.w.org\/{rel}","templated":true}]}}