{"id":2139,"date":"2023-08-01T16:13:33","date_gmt":"2023-08-01T14:13:33","guid":{"rendered":"https:\/\/client.comanddesign.com\/?page_id=2139"},"modified":"2024-11-04T16:27:16","modified_gmt":"2024-11-04T15:27:16","slug":"cuidado-facial-antiedad-natural","status":"publish","type":"page","link":"https:\/\/lucia-rapetti.com\/es\/cuidado-facial-antiedad-natural\/","title":{"rendered":"Cuidado facial"},"content":{"rendered":"<div data-elementor-type=\"wp-page\" data-elementor-id=\"2139\" class=\"elementor elementor-2139\" data-elementor-post-type=\"page\">\n\t\t\t\t\t\t<section class=\"elementor-section elementor-top-section elementor-element elementor-element-49eac73b elementor-section-boxed elementor-section-height-default elementor-section-height-default\" data-id=\"49eac73b\" data-element_type=\"section\" data-e-type=\"section\" data-settings=\"{&quot;background_background&quot;:&quot;classic&quot;}\">\n\t\t\t\t\t\t\t<div class=\"elementor-background-overlay\"><\/div>\n\t\t\t\t\t\t\t<div class=\"elementor-container elementor-column-gap-no\">\n\t\t\t\t\t<div class=\"elementor-column elementor-col-100 elementor-top-column elementor-element elementor-element-6041f2a\" data-id=\"6041f2a\" data-element_type=\"column\" data-e-type=\"column\">\n\t\t\t<div class=\"elementor-widget-wrap elementor-element-populated\">\n\t\t\t\t\t\t<div class=\"elementor-element elementor-element-1f78b37 elementor-widget elementor-widget-heading\" data-id=\"1f78b37\" data-element_type=\"widget\" data-e-type=\"widget\" data-widget_type=\"heading.default\">\n\t\t\t\t<div class=\"elementor-widget-container\">\n\t\t\t\t\t<p class=\"elementor-heading-title elementor-size-default\">Cuidado facial<\/p>\t\t\t\t<\/div>\n\t\t\t\t<\/div>\n\t\t\t\t<div class=\"elementor-element elementor-element-0b992e5 elementor-mobile-align-center elementor-align-center elementor-widget elementor-widget-button\" data-id=\"0b992e5\" data-element_type=\"widget\" data-e-type=\"widget\" data-widget_type=\"button.default\">\n\t\t\t\t<div class=\"elementor-widget-container\">\n\t\t\t\t\t\t\t\t\t<div class=\"elementor-button-wrapper\">\n\t\t\t\t\t<a class=\"elementor-button elementor-button-link elementor-size-sm\" href=\"\/es\/instituto-de-belleza-natural\/localizador-institutos-y-balnearios\/\">\n\t\t\t\t\t\t<span class=\"elementor-button-content-wrapper\">\n\t\t\t\t\t\t\t\t\t<span class=\"elementor-button-text\">book \/ spa locator<\/span>\n\t\t\t\t\t<\/span>\n\t\t\t\t\t<\/a>\n\t\t\t\t<\/div>\n\t\t\t\t\t\t\t\t<\/div>\n\t\t\t\t<\/div>\n\t\t\t\t\t<\/div>\n\t\t<\/div>\n\t\t\t\t\t<\/div>\n\t\t<\/section>\n\t\t<div class=\"elementor-element elementor-element-eefeeaf e-flex e-con-boxed e-con e-parent\" data-id=\"eefeeaf\" data-element_type=\"container\" data-e-type=\"container\">\n\t\t\t\t\t<div class=\"e-con-inner\">\n\t\t\t\t<div class=\"elementor-element elementor-element-e492f31 elementor-widget elementor-widget-heading\" data-id=\"e492f31\" data-element_type=\"widget\" data-e-type=\"widget\" data-widget_type=\"heading.default\">\n\t\t\t\t<div class=\"elementor-widget-container\">\n\t\t\t\t\t<h1 class=\"elementor-heading-title elementor-size-default\">Cuidado facial excepcional y protocolo de cuidado facial natural<\/h1>\t\t\t\t<\/div>\n\t\t\t\t<\/div>\n\t\t\t\t\t<\/div>\n\t\t\t\t<\/div>\n\t\t\t\t<section class=\"elementor-section elementor-top-section elementor-element elementor-element-ee51a08 elementor-section-content-middle elementor-reverse-mobile elementor-section-boxed elementor-section-height-default elementor-section-height-default\" data-id=\"ee51a08\" data-element_type=\"section\" data-e-type=\"section\" data-settings=\"{&quot;background_background&quot;:&quot;classic&quot;}\">\n\t\t\t\t\t\t<div class=\"elementor-container elementor-column-gap-no\">\n\t\t\t\t\t<div class=\"elementor-column elementor-col-100 elementor-top-column elementor-element elementor-element-a3d9a99\" data-id=\"a3d9a99\" data-element_type=\"column\" data-e-type=\"column\">\n\t\t\t<div class=\"elementor-widget-wrap elementor-element-populated\">\n\t\t\t\t\t\t<div class=\"elementor-element elementor-element-db77f21 elementor-widget-divider--view-line elementor-widget elementor-widget-divider\" data-id=\"db77f21\" data-element_type=\"widget\" data-e-type=\"widget\" data-widget_type=\"divider.default\">\n\t\t\t\t<div class=\"elementor-widget-container\">\n\t\t\t\t\t\t\t<div class=\"elementor-divider\">\n\t\t\t<span class=\"elementor-divider-separator\">\n\t\t\t\t\t\t<\/span>\n\t\t<\/div>\n\t\t\t\t\t\t<\/div>\n\t\t\t\t<\/div>\n\t\t\t\t<div class=\"elementor-element elementor-element-88b3ef5 elementor-widget elementor-widget-image\" data-id=\"88b3ef5\" data-element_type=\"widget\" data-e-type=\"widget\" data-widget_type=\"image.default\">\n\t\t\t\t<div class=\"elementor-widget-container\">\n\t\t\t\t\t\t\t\t\t\t\t\t\t\t\t<img fetchpriority=\"high\" decoding=\"async\" width=\"339\" height=\"339\" src=\"https:\/\/lucia-rapetti.com\/wp-content\/uploads\/2023\/08\/LR-sito-soins-detoxifiant-icon-1-1.jpg\" class=\"attachment-full size-full wp-image-2318\" alt=\"cuidados desintoxicantes\" srcset=\"https:\/\/lucia-rapetti.com\/wp-content\/uploads\/2023\/08\/LR-sito-soins-detoxifiant-icon-1-1.jpg 339w, https:\/\/lucia-rapetti.com\/wp-content\/uploads\/2023\/08\/LR-sito-soins-detoxifiant-icon-1-1-300x300.jpg 300w, https:\/\/lucia-rapetti.com\/wp-content\/uploads\/2023\/08\/LR-sito-soins-detoxifiant-icon-1-1-150x150.jpg 150w, https:\/\/lucia-rapetti.com\/wp-content\/uploads\/2023\/08\/LR-sito-soins-detoxifiant-icon-1-1-100x100.jpg 100w\" sizes=\"(max-width: 339px) 100vw, 339px\" \/>\t\t\t\t\t\t\t\t\t\t\t\t\t\t\t<\/div>\n\t\t\t\t<\/div>\n\t\t\t\t<div class=\"elementor-element elementor-element-9b6a338 elementor-widget elementor-widget-heading\" data-id=\"9b6a338\" data-element_type=\"widget\" data-e-type=\"widget\" data-widget_type=\"heading.default\">\n\t\t\t\t<div class=\"elementor-widget-container\">\n\t\t\t\t\t<p class=\"elementor-heading-title elementor-size-default\">Limpieza profunda<\/p>\t\t\t\t<\/div>\n\t\t\t\t<\/div>\n\t\t\t\t<div class=\"elementor-element elementor-element-654265d elementor-widget elementor-widget-heading\" data-id=\"654265d\" data-element_type=\"widget\" data-e-type=\"widget\" data-widget_type=\"heading.default\">\n\t\t\t\t<div class=\"elementor-widget-container\">\n\t\t\t\t\t<h2 class=\"elementor-heading-title elementor-size-default\">Cuidado limpiador desintoxicante de la piel<\/h2>\t\t\t\t<\/div>\n\t\t\t\t<\/div>\n\t\t\t\t<div class=\"elementor-element elementor-element-8faf309 elementor-widget elementor-widget-text-editor\" data-id=\"8faf309\" data-element_type=\"widget\" data-e-type=\"widget\" data-widget_type=\"text-editor.default\">\n\t\t\t\t<div class=\"elementor-widget-container\">\n\t\t\t\t\t\t\t\t\t<p>Realizar una limpieza profunda de la piel no es s\u00f3lo algo que se hace de vez en cuando, es una forma real de proteger su belleza y bienestar. Desintoxicar y reequilibrar el microbioma de la piel ayuda a mantener su aspecto joven y a prevenir cualquier problema est\u00e9tico.\u00a0<\/p><p><span style=\"font-style: inherit; color: var( --e-global-color-text );\">Gracias a los poderes energ\u00e9ticos de los aceites esenciales, los activos vegetales marinos y terrestres y los macerados de glicol de algas marinas \u00abanticontaminaci\u00f3n\u00bb desintoxicantes y oxigenantes aplicados en los meridianos de desintoxicaci\u00f3n y drenaje, la piel se limpia en profundidad y se protege su belleza y juventud.<\/span><\/p>\t\t\t\t\t\t\t\t<\/div>\n\t\t\t\t<\/div>\n\t\t\t\t\t<\/div>\n\t\t<\/div>\n\t\t\t\t\t<\/div>\n\t\t<\/section>\n\t\t\t\t<section class=\"elementor-section elementor-top-section elementor-element elementor-element-193a1cc elementor-section-content-middle elementor-reverse-mobile elementor-section-boxed elementor-section-height-default elementor-section-height-default\" data-id=\"193a1cc\" data-element_type=\"section\" data-e-type=\"section\" data-settings=\"{&quot;background_background&quot;:&quot;classic&quot;}\">\n\t\t\t\t\t\t<div class=\"elementor-container elementor-column-gap-no\">\n\t\t\t\t\t<div class=\"elementor-column elementor-col-100 elementor-top-column elementor-element elementor-element-a02dcb4\" data-id=\"a02dcb4\" data-element_type=\"column\" data-e-type=\"column\">\n\t\t\t<div class=\"elementor-widget-wrap elementor-element-populated\">\n\t\t\t\t\t\t<div class=\"elementor-element elementor-element-2a38b40 elementor-widget-divider--view-line elementor-widget elementor-widget-divider\" data-id=\"2a38b40\" data-element_type=\"widget\" data-e-type=\"widget\" data-widget_type=\"divider.default\">\n\t\t\t\t<div class=\"elementor-widget-container\">\n\t\t\t\t\t\t\t<div class=\"elementor-divider\">\n\t\t\t<span class=\"elementor-divider-separator\">\n\t\t\t\t\t\t<\/span>\n\t\t<\/div>\n\t\t\t\t\t\t<\/div>\n\t\t\t\t<\/div>\n\t\t\t\t<div class=\"elementor-element elementor-element-d9e2805 elementor-widget elementor-widget-image\" data-id=\"d9e2805\" data-element_type=\"widget\" data-e-type=\"widget\" data-widget_type=\"image.default\">\n\t\t\t\t<div class=\"elementor-widget-container\">\n\t\t\t\t\t\t\t\t\t\t\t\t\t\t\t<img decoding=\"async\" width=\"339\" height=\"339\" src=\"https:\/\/lucia-rapetti.com\/wp-content\/uploads\/2023\/08\/LR-sito-soin-aquaskin-icon-1.jpg\" class=\"attachment-full size-full wp-image-2319\" alt=\"tratamiento aquaskin\" srcset=\"https:\/\/lucia-rapetti.com\/wp-content\/uploads\/2023\/08\/LR-sito-soin-aquaskin-icon-1.jpg 339w, https:\/\/lucia-rapetti.com\/wp-content\/uploads\/2023\/08\/LR-sito-soin-aquaskin-icon-1-300x300.jpg 300w, https:\/\/lucia-rapetti.com\/wp-content\/uploads\/2023\/08\/LR-sito-soin-aquaskin-icon-1-150x150.jpg 150w, https:\/\/lucia-rapetti.com\/wp-content\/uploads\/2023\/08\/LR-sito-soin-aquaskin-icon-1-100x100.jpg 100w\" sizes=\"(max-width: 339px) 100vw, 339px\" \/>\t\t\t\t\t\t\t\t\t\t\t\t\t\t\t<\/div>\n\t\t\t\t<\/div>\n\t\t\t\t<div class=\"elementor-element elementor-element-3fa17e9 elementor-widget elementor-widget-heading\" data-id=\"3fa17e9\" data-element_type=\"widget\" data-e-type=\"widget\" data-widget_type=\"heading.default\">\n\t\t\t\t<div class=\"elementor-widget-container\">\n\t\t\t\t\t<p class=\"elementor-heading-title elementor-size-default\">Rehidrataci\u00f3n de la piel<\/p>\t\t\t\t<\/div>\n\t\t\t\t<\/div>\n\t\t\t\t<div class=\"elementor-element elementor-element-15ca14a elementor-widget elementor-widget-heading\" data-id=\"15ca14a\" data-element_type=\"widget\" data-e-type=\"widget\" data-widget_type=\"heading.default\">\n\t\t\t\t<div class=\"elementor-widget-container\">\n\t\t\t\t\t<h2 class=\"elementor-heading-title elementor-size-default\">Aqua Skin Cuidado Hidratante<\/h2>\t\t\t\t<\/div>\n\t\t\t\t<\/div>\n\t\t\t\t<div class=\"elementor-element elementor-element-031b89a elementor-widget elementor-widget-text-editor\" data-id=\"031b89a\" data-element_type=\"widget\" data-e-type=\"widget\" data-widget_type=\"text-editor.default\">\n\t\t\t\t<div class=\"elementor-widget-container\">\n\t\t\t\t\t\t\t\t\t<p>Aut\u00e9ntica fuente de hidrataci\u00f3n celular, Aqua Skin reestructura la memoria del agua que protege la vida biol\u00f3gica de nuestras c\u00e9lulas. Es una ayuda preciosa para la rehidrataci\u00f3n de la piel y la reproducci\u00f3n fisiol\u00f3gica de nuevas c\u00e9lulas, gracias a las propiedades del exclusivo complejo marino Maris-\u03b4-cx\u00ae, un c\u00f3ctel de sales minerales, oligoelementos y vitaminas, combinado con preciosos principios activos org\u00e1nicos de plantas ayurv\u00e9dicas y chinas.<\/p><p>Este tratamiento se aplica mediante una t\u00e9cnica que reactiva manualmente los puntos de gesti\u00f3n del agua intra y extracelular. Desde el primer tratamiento, la piel recupera toda su frescura, luciendo tersa y radiante.<\/p>\t\t\t\t\t\t\t\t<\/div>\n\t\t\t\t<\/div>\n\t\t\t\t\t<\/div>\n\t\t<\/div>\n\t\t\t\t\t<\/div>\n\t\t<\/section>\n\t\t\t\t<section class=\"elementor-section elementor-top-section elementor-element elementor-element-b56d114 elementor-section-content-middle elementor-reverse-mobile elementor-section-boxed elementor-section-height-default elementor-section-height-default\" data-id=\"b56d114\" data-element_type=\"section\" data-e-type=\"section\" data-settings=\"{&quot;background_background&quot;:&quot;classic&quot;}\">\n\t\t\t\t\t\t<div class=\"elementor-container elementor-column-gap-no\">\n\t\t\t\t\t<div class=\"elementor-column elementor-col-100 elementor-top-column elementor-element elementor-element-b58a234\" data-id=\"b58a234\" data-element_type=\"column\" data-e-type=\"column\">\n\t\t\t<div class=\"elementor-widget-wrap elementor-element-populated\">\n\t\t\t\t\t\t<div class=\"elementor-element elementor-element-124038f elementor-widget-divider--view-line elementor-widget elementor-widget-divider\" data-id=\"124038f\" data-element_type=\"widget\" data-e-type=\"widget\" data-widget_type=\"divider.default\">\n\t\t\t\t<div class=\"elementor-widget-container\">\n\t\t\t\t\t\t\t<div class=\"elementor-divider\">\n\t\t\t<span class=\"elementor-divider-separator\">\n\t\t\t\t\t\t<\/span>\n\t\t<\/div>\n\t\t\t\t\t\t<\/div>\n\t\t\t\t<\/div>\n\t\t\t\t<div class=\"elementor-element elementor-element-bf440c4 elementor-widget elementor-widget-image\" data-id=\"bf440c4\" data-element_type=\"widget\" data-e-type=\"widget\" data-widget_type=\"image.default\">\n\t\t\t\t<div class=\"elementor-widget-container\">\n\t\t\t\t\t\t\t\t\t\t\t\t\t\t\t<img decoding=\"async\" width=\"339\" height=\"339\" src=\"https:\/\/lucia-rapetti.com\/wp-content\/uploads\/2023\/08\/LR-sito-soin-purifying-icon-1.jpg\" class=\"attachment-full size-full wp-image-2320\" alt=\"cuidado purificante\" srcset=\"https:\/\/lucia-rapetti.com\/wp-content\/uploads\/2023\/08\/LR-sito-soin-purifying-icon-1.jpg 339w, https:\/\/lucia-rapetti.com\/wp-content\/uploads\/2023\/08\/LR-sito-soin-purifying-icon-1-300x300.jpg 300w, https:\/\/lucia-rapetti.com\/wp-content\/uploads\/2023\/08\/LR-sito-soin-purifying-icon-1-150x150.jpg 150w, https:\/\/lucia-rapetti.com\/wp-content\/uploads\/2023\/08\/LR-sito-soin-purifying-icon-1-100x100.jpg 100w\" sizes=\"(max-width: 339px) 100vw, 339px\" \/>\t\t\t\t\t\t\t\t\t\t\t\t\t\t\t<\/div>\n\t\t\t\t<\/div>\n\t\t\t\t<div class=\"elementor-element elementor-element-1861c6b elementor-widget elementor-widget-heading\" data-id=\"1861c6b\" data-element_type=\"widget\" data-e-type=\"widget\" data-widget_type=\"heading.default\">\n\t\t\t\t<div class=\"elementor-widget-container\">\n\t\t\t\t\t<p class=\"elementor-heading-title elementor-size-default\">Autofagia celular<\/p>\t\t\t\t<\/div>\n\t\t\t\t<\/div>\n\t\t\t\t<div class=\"elementor-element elementor-element-3aaebee elementor-widget elementor-widget-heading\" data-id=\"3aaebee\" data-element_type=\"widget\" data-e-type=\"widget\" data-widget_type=\"heading.default\">\n\t\t\t\t<div class=\"elementor-widget-container\">\n\t\t\t\t\t<h2 class=\"elementor-heading-title elementor-size-default\"><span class=\"elementor-heading-title elementor-size-default elementor-inline-editing pen\" data-elementor-setting-key=\"title\" data-pen-placeholder=\"Digita qui...\" style=\"border: 0px;vertical-align: baseline;clear: both\">Cuidado purificante para pieles con problemas<\/span><\/h2>\t\t\t\t<\/div>\n\t\t\t\t<\/div>\n\t\t\t\t<div class=\"elementor-element elementor-element-e8eb041 elementor-widget elementor-widget-text-editor\" data-id=\"e8eb041\" data-element_type=\"widget\" data-e-type=\"widget\" data-widget_type=\"text-editor.default\">\n\t\t\t\t<div class=\"elementor-widget-container\">\n\t\t\t\t\t\t\t\t\t<p>Estos ambiciosos objetivos se han alcanzado gracias a la gama Purifying, concebida y probada en cl\u00ednicas dermatol\u00f3gicas, que se ha enriquecido con un concepto hasta ahora inexplorado en cosm\u00e9tica: la autofagia celular. Este proceso de homeostasis favorece la eliminaci\u00f3n de los residuos celulares gracias a la utilizaci\u00f3n de extractos de plantas marinas y terrestres cl\u00ednicamente reconocidos por sus propiedades seboequilibrantes, bactericidas y reestructurantes del microbioma cut\u00e1neo.<\/p><p>Un protocolo de tratamiento complementado con t\u00e9cnicas orientales aplicadas en los puntos reflejos de los sistemas de defensa de la piel y el reequilibrio funcional de la gl\u00e1ndula seb\u00e1cea.<\/p>\t\t\t\t\t\t\t\t<\/div>\n\t\t\t\t<\/div>\n\t\t\t\t\t<\/div>\n\t\t<\/div>\n\t\t\t\t\t<\/div>\n\t\t<\/section>\n\t\t\t\t<section class=\"elementor-section elementor-top-section elementor-element elementor-element-5a832d7 elementor-section-content-middle elementor-reverse-mobile elementor-section-boxed elementor-section-height-default elementor-section-height-default\" data-id=\"5a832d7\" data-element_type=\"section\" data-e-type=\"section\" data-settings=\"{&quot;background_background&quot;:&quot;classic&quot;}\">\n\t\t\t\t\t\t<div class=\"elementor-container elementor-column-gap-no\">\n\t\t\t\t\t<div class=\"elementor-column elementor-col-100 elementor-top-column elementor-element elementor-element-49eea7e\" data-id=\"49eea7e\" data-element_type=\"column\" data-e-type=\"column\">\n\t\t\t<div class=\"elementor-widget-wrap elementor-element-populated\">\n\t\t\t\t\t\t<div class=\"elementor-element elementor-element-bcac48b elementor-widget-divider--view-line elementor-widget elementor-widget-divider\" data-id=\"bcac48b\" data-element_type=\"widget\" data-e-type=\"widget\" data-widget_type=\"divider.default\">\n\t\t\t\t<div class=\"elementor-widget-container\">\n\t\t\t\t\t\t\t<div class=\"elementor-divider\">\n\t\t\t<span class=\"elementor-divider-separator\">\n\t\t\t\t\t\t<\/span>\n\t\t<\/div>\n\t\t\t\t\t\t<\/div>\n\t\t\t\t<\/div>\n\t\t\t\t<div class=\"elementor-element elementor-element-aa9ba0f elementor-widget elementor-widget-image\" data-id=\"aa9ba0f\" data-element_type=\"widget\" data-e-type=\"widget\" data-widget_type=\"image.default\">\n\t\t\t\t<div class=\"elementor-widget-container\">\n\t\t\t\t\t\t\t\t\t\t\t\t\t\t\t<img loading=\"lazy\" decoding=\"async\" width=\"339\" height=\"339\" src=\"https:\/\/lucia-rapetti.com\/wp-content\/uploads\/2023\/08\/LR-sito-soin-sensitive-icon-1.jpg\" class=\"attachment-full size-full wp-image-2321\" alt=\"cuidado delicado\" srcset=\"https:\/\/lucia-rapetti.com\/wp-content\/uploads\/2023\/08\/LR-sito-soin-sensitive-icon-1.jpg 339w, https:\/\/lucia-rapetti.com\/wp-content\/uploads\/2023\/08\/LR-sito-soin-sensitive-icon-1-300x300.jpg 300w, https:\/\/lucia-rapetti.com\/wp-content\/uploads\/2023\/08\/LR-sito-soin-sensitive-icon-1-150x150.jpg 150w, https:\/\/lucia-rapetti.com\/wp-content\/uploads\/2023\/08\/LR-sito-soin-sensitive-icon-1-100x100.jpg 100w\" sizes=\"(max-width: 339px) 100vw, 339px\" \/>\t\t\t\t\t\t\t\t\t\t\t\t\t\t\t<\/div>\n\t\t\t\t<\/div>\n\t\t\t\t<div class=\"elementor-element elementor-element-bc651f8 elementor-widget elementor-widget-heading\" data-id=\"bc651f8\" data-element_type=\"widget\" data-e-type=\"widget\" data-widget_type=\"heading.default\">\n\t\t\t\t<div class=\"elementor-widget-container\">\n\t\t\t\t\t<p class=\"elementor-heading-title elementor-size-default\">Recuperar el equilibrio y la comodidad<\/p>\t\t\t\t<\/div>\n\t\t\t\t<\/div>\n\t\t\t\t<div class=\"elementor-element elementor-element-9952b38 elementor-widget elementor-widget-heading\" data-id=\"9952b38\" data-element_type=\"widget\" data-e-type=\"widget\" data-widget_type=\"heading.default\">\n\t\t\t\t<div class=\"elementor-widget-container\">\n\t\t\t\t\t<h2 class=\"elementor-heading-title elementor-size-default\">Cuidado de la piel sensible<\/h2>\t\t\t\t<\/div>\n\t\t\t\t<\/div>\n\t\t\t\t<div class=\"elementor-element elementor-element-85aa24a elementor-widget elementor-widget-text-editor\" data-id=\"85aa24a\" data-element_type=\"widget\" data-e-type=\"widget\" data-widget_type=\"text-editor.default\">\n\t\t\t\t<div class=\"elementor-widget-container\">\n\t\t\t\t\t\t\t\t\t<p>Como un velo de suavidad y ternura, Piel Sensible calma, protege y reeduca las pieles sensibles para ayudarlas a recuperar el equilibrio y el confort, al tiempo que estimula sus mecanismos de autodefensa para reforzar su escudo natural. Las rojeces se aten\u00faan, la tirantez desaparece y la tez se vuelve m\u00e1s uniforme. La piel est\u00e1 m\u00e1s resistente, flexible y suave, protegida contra el estr\u00e9s y las agresiones medioambientales.<\/p><p>Este tratamiento se aplica con un prodigioso masaje Shiatsu que ayuda a reforzar los sistemas de defensa de la piel y proporciona una profunda relajaci\u00f3n.<\/p>\t\t\t\t\t\t\t\t<\/div>\n\t\t\t\t<\/div>\n\t\t\t\t\t<\/div>\n\t\t<\/div>\n\t\t\t\t\t<\/div>\n\t\t<\/section>\n\t\t\t\t<section class=\"elementor-section elementor-top-section elementor-element elementor-element-902c8c9 elementor-section-content-middle elementor-reverse-mobile elementor-section-boxed elementor-section-height-default elementor-section-height-default\" data-id=\"902c8c9\" data-element_type=\"section\" data-e-type=\"section\" data-settings=\"{&quot;background_background&quot;:&quot;classic&quot;}\">\n\t\t\t\t\t\t<div class=\"elementor-container elementor-column-gap-no\">\n\t\t\t\t\t<div class=\"elementor-column elementor-col-100 elementor-top-column elementor-element elementor-element-3f100e4\" data-id=\"3f100e4\" data-element_type=\"column\" data-e-type=\"column\">\n\t\t\t<div class=\"elementor-widget-wrap elementor-element-populated\">\n\t\t\t\t\t\t<div class=\"elementor-element elementor-element-e88b888 elementor-widget-divider--view-line elementor-widget elementor-widget-divider\" data-id=\"e88b888\" data-element_type=\"widget\" data-e-type=\"widget\" data-widget_type=\"divider.default\">\n\t\t\t\t<div class=\"elementor-widget-container\">\n\t\t\t\t\t\t\t<div class=\"elementor-divider\">\n\t\t\t<span class=\"elementor-divider-separator\">\n\t\t\t\t\t\t<\/span>\n\t\t<\/div>\n\t\t\t\t\t\t<\/div>\n\t\t\t\t<\/div>\n\t\t\t\t<div class=\"elementor-element elementor-element-1c2e734 elementor-widget elementor-widget-image\" data-id=\"1c2e734\" data-element_type=\"widget\" data-e-type=\"widget\" data-widget_type=\"image.default\">\n\t\t\t\t<div class=\"elementor-widget-container\">\n\t\t\t\t\t\t\t\t\t\t\t\t\t\t\t<img loading=\"lazy\" decoding=\"async\" width=\"339\" height=\"339\" src=\"https:\/\/lucia-rapetti.com\/wp-content\/uploads\/2023\/08\/LR-sito-soin-genialys-icon-1.jpg\" class=\"attachment-full size-full wp-image-2324\" alt=\"cuidado genialys\" srcset=\"https:\/\/lucia-rapetti.com\/wp-content\/uploads\/2023\/08\/LR-sito-soin-genialys-icon-1.jpg 339w, https:\/\/lucia-rapetti.com\/wp-content\/uploads\/2023\/08\/LR-sito-soin-genialys-icon-1-300x300.jpg 300w, https:\/\/lucia-rapetti.com\/wp-content\/uploads\/2023\/08\/LR-sito-soin-genialys-icon-1-150x150.jpg 150w, https:\/\/lucia-rapetti.com\/wp-content\/uploads\/2023\/08\/LR-sito-soin-genialys-icon-1-100x100.jpg 100w\" sizes=\"(max-width: 339px) 100vw, 339px\" \/>\t\t\t\t\t\t\t\t\t\t\t\t\t\t\t<\/div>\n\t\t\t\t<\/div>\n\t\t\t\t<div class=\"elementor-element elementor-element-6cfbd2c elementor-widget elementor-widget-heading\" data-id=\"6cfbd2c\" data-element_type=\"widget\" data-e-type=\"widget\" data-widget_type=\"heading.default\">\n\t\t\t\t<div class=\"elementor-widget-container\">\n\t\t\t\t\t<p class=\"elementor-heading-title elementor-size-default\">Exfoliaci\u00f3n fisiol\u00f3gica modulada<\/p>\t\t\t\t<\/div>\n\t\t\t\t<\/div>\n\t\t\t\t<div class=\"elementor-element elementor-element-991cb39 elementor-widget elementor-widget-heading\" data-id=\"991cb39\" data-element_type=\"widget\" data-e-type=\"widget\" data-widget_type=\"heading.default\">\n\t\t\t\t<div class=\"elementor-widget-container\">\n\t\t\t\t\t<h2 class=\"elementor-heading-title elementor-size-default\">Genialys Peeling Secuencial 3 Fases<\/h2>\t\t\t\t<\/div>\n\t\t\t\t<\/div>\n\t\t\t\t<div class=\"elementor-element elementor-element-1112bbf elementor-widget elementor-widget-text-editor\" data-id=\"1112bbf\" data-element_type=\"widget\" data-e-type=\"widget\" data-widget_type=\"text-editor.default\">\n\t\t\t\t<div class=\"elementor-widget-container\">\n\t\t\t\t\t\t\t\t\t<p>Un concepto cient\u00edfico inspirado en los \u00faltimos estudios sobre epigen\u00e9tica. El poder de los AHA con exfoliaci\u00f3n fisiol\u00f3gica modulada, peelings trif\u00e1sicos mezclados con c\u00f3cteles de aceites y elementos marinos preciosos. Genialys act\u00faa sobre las imperfecciones cut\u00e1neas y los signos del envejecimiento celular.&nbsp;<br><span style=\"color: var( --e-global-color-text ); font-style: inherit; font-weight: inherit;\"><br>Las arrugas, la flacidez, las irregularidades pigmentarias y las cicatrices del acn\u00e9 desaparecen. Un tratamiento exclusivamente profesional que satisface las necesidades de todo tipo de pieles y edades.<\/span><\/p>\t\t\t\t\t\t\t\t<\/div>\n\t\t\t\t<\/div>\n\t\t\t\t\t<\/div>\n\t\t<\/div>\n\t\t\t\t\t<\/div>\n\t\t<\/section>\n\t\t\t\t<section class=\"elementor-section elementor-top-section elementor-element elementor-element-1867f5c elementor-section-content-middle elementor-reverse-mobile elementor-section-boxed elementor-section-height-default elementor-section-height-default\" data-id=\"1867f5c\" data-element_type=\"section\" data-e-type=\"section\" data-settings=\"{&quot;background_background&quot;:&quot;classic&quot;}\">\n\t\t\t\t\t\t<div class=\"elementor-container elementor-column-gap-no\">\n\t\t\t\t\t<div class=\"elementor-column elementor-col-100 elementor-top-column elementor-element elementor-element-ecc4161\" data-id=\"ecc4161\" data-element_type=\"column\" data-e-type=\"column\">\n\t\t\t<div class=\"elementor-widget-wrap elementor-element-populated\">\n\t\t\t\t\t\t<div class=\"elementor-element elementor-element-b41fe55 elementor-widget-divider--view-line elementor-widget elementor-widget-divider\" data-id=\"b41fe55\" data-element_type=\"widget\" data-e-type=\"widget\" data-widget_type=\"divider.default\">\n\t\t\t\t<div class=\"elementor-widget-container\">\n\t\t\t\t\t\t\t<div class=\"elementor-divider\">\n\t\t\t<span class=\"elementor-divider-separator\">\n\t\t\t\t\t\t<\/span>\n\t\t<\/div>\n\t\t\t\t\t\t<\/div>\n\t\t\t\t<\/div>\n\t\t\t\t<div class=\"elementor-element elementor-element-c30de2e elementor-widget elementor-widget-image\" data-id=\"c30de2e\" data-element_type=\"widget\" data-e-type=\"widget\" data-widget_type=\"image.default\">\n\t\t\t\t<div class=\"elementor-widget-container\">\n\t\t\t\t\t\t\t\t\t\t\t\t\t\t\t<img loading=\"lazy\" decoding=\"async\" width=\"339\" height=\"339\" src=\"https:\/\/lucia-rapetti.com\/wp-content\/uploads\/2023\/08\/LR-sito-soin-life-icon-1.jpg\" class=\"attachment-full size-full wp-image-2322\" alt=\"cuidado antiedad natural\" srcset=\"https:\/\/lucia-rapetti.com\/wp-content\/uploads\/2023\/08\/LR-sito-soin-life-icon-1.jpg 339w, https:\/\/lucia-rapetti.com\/wp-content\/uploads\/2023\/08\/LR-sito-soin-life-icon-1-300x300.jpg 300w, https:\/\/lucia-rapetti.com\/wp-content\/uploads\/2023\/08\/LR-sito-soin-life-icon-1-150x150.jpg 150w, https:\/\/lucia-rapetti.com\/wp-content\/uploads\/2023\/08\/LR-sito-soin-life-icon-1-100x100.jpg 100w\" sizes=\"(max-width: 339px) 100vw, 339px\" \/>\t\t\t\t\t\t\t\t\t\t\t\t\t\t\t<\/div>\n\t\t\t\t<\/div>\n\t\t\t\t<div class=\"elementor-element elementor-element-ec905e5 elementor-widget elementor-widget-heading\" data-id=\"ec905e5\" data-element_type=\"widget\" data-e-type=\"widget\" data-widget_type=\"heading.default\">\n\t\t\t\t<div class=\"elementor-widget-container\">\n\t\t\t\t\t<p class=\"elementor-heading-title elementor-size-default\">Prevenir y reparar los estragos del tiempo<\/p>\t\t\t\t<\/div>\n\t\t\t\t<\/div>\n\t\t\t\t<div class=\"elementor-element elementor-element-5a33c88 elementor-widget elementor-widget-heading\" data-id=\"5a33c88\" data-element_type=\"widget\" data-e-type=\"widget\" data-widget_type=\"heading.default\">\n\t\t\t\t<div class=\"elementor-widget-container\">\n\t\t\t\t\t<h2 class=\"elementor-heading-title elementor-size-default\">Life Skin Cuidado facial antiedad<\/h2>\t\t\t\t<\/div>\n\t\t\t\t<\/div>\n\t\t\t\t<div class=\"elementor-element elementor-element-318f137 elementor-widget elementor-widget-text-editor\" data-id=\"318f137\" data-element_type=\"widget\" data-e-type=\"widget\" data-widget_type=\"text-editor.default\">\n\t\t\t\t<div class=\"elementor-widget-container\">\n\t\t\t\t\t\t\t\t\t<p>Una aut\u00e9ntica joya de conocimientos t\u00e9cnicos y eficacia en la prevenci\u00f3n y el tratamiento del c\u00e1ncer. <strong>reparar el da\u00f1o del tiempo<\/strong>. El potente complejo biol\u00f3gico Bio-\u03b2-Cx, combinado con los activos neurocosm\u00e9ticos antiestr\u00e9s de las plantas preciosas utilizadas en la medicina ayurv\u00e9dica, china y amerindia, estimula la reestructuraci\u00f3n de las fibras de elastina y col\u00e1geno, responsables del aspecto joven de la piel.<\/p><p>Una profunda acci\u00f3n antiedad potenciada por t\u00e9cnicas de masaje de las m\u00e1s antiguas escuelas chinas, mongolas y tibetanas. La piel se desestresa, se rellena y se revitaliza. Las arrugas se alisan y el \u00f3valo facial se eleva.<\/p><p class=\"p1\">Para reparar los da\u00f1os causados por el paso del tiempo y mejorar la longevidad de <strong>c\u00e9lulas de la piel del rostro<\/strong>, Ofrecemos este tratamiento elaborado con <a href=\"https:\/\/lucia-rapetti.com\/es\/\">productos naturales<\/a> que act\u00faan eficaz y r\u00e1pidamente sobre las arrugas. Gracias al poder de los oligoelementos, minerales y extractos de plantas tanto terrestres como marinos, tambi\u00e9n podemos corregir el problema de la flacidez del contorno facial y del cuello. Pasar\u00e1 un rato excelente gracias a nuestros profesionales, que dominan las antiguas t\u00e9cnicas de masaje de las escuelas chinas, tibetanas y mongolas m\u00e1s renombradas.<\/p>\t\t\t\t\t\t\t\t<\/div>\n\t\t\t\t<\/div>\n\t\t\t\t\t<\/div>\n\t\t<\/div>\n\t\t\t\t\t<\/div>\n\t\t<\/section>\n\t\t<div class=\"elementor-element elementor-element-732401dd e-flex e-con-boxed e-con e-parent\" data-id=\"732401dd\" data-element_type=\"container\" data-e-type=\"container\" data-settings=\"{&quot;background_background&quot;:&quot;classic&quot;}\">\n\t\t\t\t\t<div class=\"e-con-inner\">\n\t\t\t\t<div class=\"elementor-element elementor-element-e199919 elementor-widget elementor-widget-n-accordion\" data-id=\"e199919\" data-element_type=\"widget\" data-e-type=\"widget\" data-settings=\"{&quot;default_state&quot;:&quot;expanded&quot;,&quot;max_items_expended&quot;:&quot;one&quot;,&quot;n_accordion_animation_duration&quot;:{&quot;unit&quot;:&quot;ms&quot;,&quot;size&quot;:400,&quot;sizes&quot;:[]}}\" data-widget_type=\"nested-accordion.default\">\n\t\t\t\t<div class=\"elementor-widget-container\">\n\t\t\t\t\t\t\t<div class=\"e-n-accordion\" aria-label=\"Acorde\u00f3n. Abra los enlaces con Intro o Espacio, ci\u00e9rrelos con Escape y navegue con las teclas de flecha.\">\n\t\t\t\t\t\t<details id=\"e-n-accordion-item-2360\" class=\"e-n-accordion-item\" open>\n\t\t\t\t<summary class=\"e-n-accordion-item-title\" data-accordion-index=\"1\" tabindex=\"0\" aria-expanded=\"true\" aria-controls=\"e-n-accordion-item-2360\" >\n\t\t\t\t\t<span class='e-n-accordion-item-title-header'><h2 class=\"e-n-accordion-item-title-text\"> Protocolo natural antienvejecimiento <\/h2><\/span>\n\t\t\t\t\t\t\t<span class='e-n-accordion-item-title-icon'>\n\t\t\t<span class='e-opened' ><svg aria-hidden=\"true\" class=\"e-font-icon-svg e-fas-minus\" viewbox=\"0 0 448 512\" xmlns=\"http:\/\/www.w3.org\/2000\/svg\"><path d=\"M416 208H32c-17.67 0-32 14.33-32 32v32c0 17.67 14.33 32 32 32h384c17.67 0 32-14.33 32-32v-32c0-17.67-14.33-32-32-32z\"><\/path><\/svg><\/span>\n\t\t\t<span class='e-closed'><svg aria-hidden=\"true\" class=\"e-font-icon-svg e-fas-plus\" viewbox=\"0 0 448 512\" xmlns=\"http:\/\/www.w3.org\/2000\/svg\"><path d=\"M416 208H272V64c0-17.67-14.33-32-32-32h-32c-17.67 0-32 14.33-32 32v144H32c-17.67 0-32 14.33-32 32v32c0 17.67 14.33 32 32 32h144v144c0 17.67 14.33 32 32 32h32c17.67 0 32-14.33 32-32V304h144c17.67 0 32-14.33 32-32v-32c0-17.67-14.33-32-32-32z\"><\/path><\/svg><\/span>\n\t\t<\/span>\n\n\t\t\t\t\t\t<\/summary>\n\t\t\t\t<div role=\"region\" aria-labelledby=\"e-n-accordion-item-2360\" class=\"elementor-element elementor-element-d7ee731 e-con-full e-flex e-con e-child\" data-id=\"d7ee731\" data-element_type=\"container\" data-e-type=\"container\">\n\t\t\t\t<div class=\"elementor-element elementor-element-de07ffc elementor-widget elementor-widget-text-editor\" data-id=\"de07ffc\" data-element_type=\"widget\" data-e-type=\"widget\" data-widget_type=\"text-editor.default\">\n\t\t\t\t<div class=\"elementor-widget-container\">\n\t\t\t\t\t\t\t\t\t<p class=\"p1\">Una piel bien cuidada y con aspecto juvenil acent\u00faa <strong>tu belleza natural<\/strong>. Tambi\u00e9n aumenta la confianza personal y permite sentirse a gusto en todas las ocasiones, tanto personales como profesionales.<\/p><p class=\"p1\">Tener un cutis uniforme y una piel equilibrada a pesar de la edad no se consigue por casualidad. Es necesario utilizar productos y rituales de cuidado de la piel cuidadosamente seleccionados como parte de un enfoque antiedad riguroso.<\/p><p class=\"p1 translation-block\">El <a href=\"https:\/\/lucia-rapetti.com\/es\/\" target=\"_self\">laboratorio de cosm\u00e9tica natural<\/a> Lucia Rapetti ofrece un <strong>protocolo de cuidado natural antiedad<\/strong> que se adaptar\u00e1 a las caracter\u00edsticas espec\u00edficas de tu piel, ofreciendo resultados visibles de forma inmediata que persistir\u00e1n en el tiempo y se consolidar\u00e1n con el cuidado continuado de la piel y la aplicaci\u00f3n de cosm\u00e9ticos naturales que pasar\u00e1n a formar parte de tu rutina de belleza.<\/p>\t\t\t\t\t\t\t\t<\/div>\n\t\t\t\t<\/div>\n\t\t\t\t<\/div>\n\t\t\t\t\t<\/details>\n\t\t\t\t\t\t<details id=\"e-n-accordion-item-2361\" class=\"e-n-accordion-item\" >\n\t\t\t\t<summary class=\"e-n-accordion-item-title\" data-accordion-index=\"2\" tabindex=\"-1\" aria-expanded=\"false\" aria-controls=\"e-n-accordion-item-2361\" >\n\t\t\t\t\t<span class='e-n-accordion-item-title-header'><h2 class=\"e-n-accordion-item-title-text\"> \u00bfCu\u00e1ndo elegir los tratamientos antiedad naturales? <\/h2><\/span>\n\t\t\t\t\t\t\t<span class='e-n-accordion-item-title-icon'>\n\t\t\t<span class='e-opened' ><svg aria-hidden=\"true\" class=\"e-font-icon-svg e-fas-minus\" viewbox=\"0 0 448 512\" xmlns=\"http:\/\/www.w3.org\/2000\/svg\"><path d=\"M416 208H32c-17.67 0-32 14.33-32 32v32c0 17.67 14.33 32 32 32h384c17.67 0 32-14.33 32-32v-32c0-17.67-14.33-32-32-32z\"><\/path><\/svg><\/span>\n\t\t\t<span class='e-closed'><svg aria-hidden=\"true\" class=\"e-font-icon-svg e-fas-plus\" viewbox=\"0 0 448 512\" xmlns=\"http:\/\/www.w3.org\/2000\/svg\"><path d=\"M416 208H272V64c0-17.67-14.33-32-32-32h-32c-17.67 0-32 14.33-32 32v144H32c-17.67 0-32 14.33-32 32v32c0 17.67 14.33 32 32 32h144v144c0 17.67 14.33 32 32 32h32c17.67 0 32-14.33 32-32V304h144c17.67 0 32-14.33 32-32v-32c0-17.67-14.33-32-32-32z\"><\/path><\/svg><\/span>\n\t\t<\/span>\n\n\t\t\t\t\t\t<\/summary>\n\t\t\t\t<div role=\"region\" aria-labelledby=\"e-n-accordion-item-2361\" class=\"elementor-element elementor-element-6ee825f e-con-full e-flex e-con e-child\" data-id=\"6ee825f\" data-element_type=\"container\" data-e-type=\"container\">\n\t\t\t\t<div class=\"elementor-element elementor-element-c63a7a1 elementor-widget elementor-widget-text-editor\" data-id=\"c63a7a1\" data-element_type=\"widget\" data-e-type=\"widget\" data-widget_type=\"text-editor.default\">\n\t\t\t\t<div class=\"elementor-widget-container\">\n\t\t\t\t\t\t\t\t\t<p class=\"p1 translation-block\">El <strong>envejecimiento de la piel<\/strong> es un proceso natural que no se puede evitar. A partir de los 30 a\u00f1os ya se aprecian los primeros efectos del paso del tiempo sobre la epidermis. La senescencia de la piel comienza con la aparici\u00f3n de l\u00edneas finas y arrugas. La renovaci\u00f3n de las c\u00e9lulas cut\u00e1neas empieza a tardar m\u00e1s tiempo, lo que conduce a la acumulaci\u00f3n gradual de piel muerta. Los melanocitos responsables de la pigmentaci\u00f3n de la piel tambi\u00e9n disminuyen en n\u00famero y las gl\u00e1ndulas seb\u00e1ceas pierden gradualmente su eficacia. En algunas personas, la piel pierde luminosidad y se vuelve m\u00e1s seca y menos el\u00e1stica. El tejido cut\u00e1neo pierde su firmeza, dando a la epidermis un aspecto muy poco atractivo.<\/p><p class=\"p1 translation-block\">Este envejecimiento prematuro puede tener un origen gen\u00e9tico. El estr\u00e9s oxidativo, el tabaco, los rayos UV y una mala hidrataci\u00f3n pueden acentuar la aparici\u00f3n de arrugas y l\u00edneas de expresi\u00f3n en la capa externa de la piel. Cuando se perciben los primeros signos de envejecimiento cut\u00e1neo, el primer instinto es mejorar la hidrataci\u00f3n de la piel y del cuerpo. Esta es la base de todos los cuidados antiedad naturales de la piel, ya que el agua es esencial para la renovaci\u00f3n de las c\u00e9lulas cut\u00e1neas y el mantenimiento de la barrera hidrolip\u00eddica. <span class=\"s1\">Le recomendamos encarecidamente que se ponga en contacto con los profesionales de Lucia Rapetti y conf\u00ede en nuestros experimentados equipos. Gracias a nuestro saber hacer y a nuestra amplia experiencia en el cuidado natural de la piel contra el envejecimiento, podemos ofrecerle las soluciones m\u00e1s adecuadas para las necesidades espec\u00edficas de su piel. <\/span><\/p><p class=\"p1\"><span class=\"s1\">En Lucia Rapetti, entendemos la importancia de cuidar su piel con productos y tratamientos naturales y eficaces, y estamos aqu\u00ed para guiarle en cada paso del camino. P\u00f3ngase en contacto con nosotros para beneficiarse de nuestra experiencia y compromiso con el bienestar de su piel.<\/span><\/p>\t\t\t\t\t\t\t\t<\/div>\n\t\t\t\t<\/div>\n\t\t\t\t<\/div>\n\t\t\t\t\t<\/details>\n\t\t\t\t\t\t<details id=\"e-n-accordion-item-2362\" class=\"e-n-accordion-item\" >\n\t\t\t\t<summary class=\"e-n-accordion-item-title\" data-accordion-index=\"3\" tabindex=\"-1\" aria-expanded=\"false\" aria-controls=\"e-n-accordion-item-2362\" >\n\t\t\t\t\t<span class='e-n-accordion-item-title-header'><h2 class=\"e-n-accordion-item-title-text\"> Soluciones de laboratorio Lucia Rapetti para un cuidado antiedad natural <\/h2><\/span>\n\t\t\t\t\t\t\t<span class='e-n-accordion-item-title-icon'>\n\t\t\t<span class='e-opened' ><svg aria-hidden=\"true\" class=\"e-font-icon-svg e-fas-minus\" viewbox=\"0 0 448 512\" xmlns=\"http:\/\/www.w3.org\/2000\/svg\"><path d=\"M416 208H32c-17.67 0-32 14.33-32 32v32c0 17.67 14.33 32 32 32h384c17.67 0 32-14.33 32-32v-32c0-17.67-14.33-32-32-32z\"><\/path><\/svg><\/span>\n\t\t\t<span class='e-closed'><svg aria-hidden=\"true\" class=\"e-font-icon-svg e-fas-plus\" viewbox=\"0 0 448 512\" xmlns=\"http:\/\/www.w3.org\/2000\/svg\"><path d=\"M416 208H272V64c0-17.67-14.33-32-32-32h-32c-17.67 0-32 14.33-32 32v144H32c-17.67 0-32 14.33-32 32v32c0 17.67 14.33 32 32 32h144v144c0 17.67 14.33 32 32 32h32c17.67 0 32-14.33 32-32V304h144c17.67 0 32-14.33 32-32v-32c0-17.67-14.33-32-32-32z\"><\/path><\/svg><\/span>\n\t\t<\/span>\n\n\t\t\t\t\t\t<\/summary>\n\t\t\t\t<div role=\"region\" aria-labelledby=\"e-n-accordion-item-2362\" class=\"elementor-element elementor-element-47b7eae e-con-full e-flex e-con e-child\" data-id=\"47b7eae\" data-element_type=\"container\" data-e-type=\"container\">\n\t\t\t\t<div class=\"elementor-element elementor-element-b9c74a2 elementor-widget elementor-widget-text-editor\" data-id=\"b9c74a2\" data-element_type=\"widget\" data-e-type=\"widget\" data-widget_type=\"text-editor.default\">\n\t\t\t\t<div class=\"elementor-widget-container\">\n\t\t\t\t\t\t\t\t\t<p class=\"p1\">En el marco del protocolo de cuidados antiedad naturales de Lucia Rapetti, una gama de productos <strong>cosm\u00e9ticos antiedad<\/strong>, La gama Life est\u00e1 dise\u00f1ada para ampliar y mejorar el tratamiento domiciliario, proporcionando una acci\u00f3n continua las 24 horas del d\u00eda.<\/p><p class=\"p1\">Esta gama, dise\u00f1ada para responder a las necesidades de todos los tipos de piel con tendencia al envejecimiento, ofrece una soluci\u00f3n completa y natural para rejuvenecer y mejorar el tono de la piel. <strong>luminosidad de la piel<\/strong> y potenciar el efecto del protocolo de cuidado antiedad natural llevado a cabo en los institutos asociados a Lucia Rapetti.<\/p><p class=\"p1\">Adaptado a cada problema espec\u00edfico de envejecimiento cut\u00e1neo, nuestro enfoque natural garantiza resultados r\u00e1pidos y de alta calidad.<\/p>\t\t\t\t\t\t\t\t<\/div>\n\t\t\t\t<\/div>\n\t\t\t\t<\/div>\n\t\t\t\t\t<\/details>\n\t\t\t\t\t<\/div>\n\t\t\t\t\t\t<\/div>\n\t\t\t\t<\/div>\n\t\t\t\t\t<\/div>\n\t\t\t\t<\/div>\n\t\t\t\t<\/div>","protected":false},"excerpt":{"rendered":"<p>Soins Visage r\u00e9servez \/ spa locator Soins Visage d\u2019exception et protocole Soin visage naturel Nettoyage profond Soin D\u00e9toxifiant Nettoyage Peau Offrir un nettoyage profond \u00e0 votre peau n\u2019est pas un simple geste \u00e0 r\u00e9aliser une fois de temps en temps, mais une v\u00e9ritable action de protection pour sa beaut\u00e9 et son bien-\u00eatre. D\u00e9toxifier et r\u00e9\u00e9quilibrer [&hellip;]<\/p>\n","protected":false},"author":2,"featured_media":0,"parent":0,"menu_order":0,"comment_status":"closed","ping_status":"closed","template":"","meta":{"_acf_changed":false,"site-sidebar-layout":"no-sidebar","site-content-layout":"page-builder","ast-site-content-layout":"full-width-container","site-content-style":"unboxed","site-sidebar-style":"unboxed","ast-global-header-display":"","ast-banner-title-visibility":"","ast-main-header-display":"","ast-hfb-above-header-display":"","ast-hfb-below-header-display":"","ast-hfb-mobile-header-display":"","site-post-title":"disabled","ast-breadcrumbs-content":"","ast-featured-img":"disabled","footer-sml-layout":"","ast-disable-related-posts":"","theme-transparent-header-meta":"disabled","adv-header-id-meta":"","stick-header-meta":"","header-above-stick-meta":"","header-main-stick-meta":"","header-below-stick-meta":"","astra-migrate-meta-layouts":"set","ast-page-background-enabled":"default","ast-page-background-meta":{"desktop":{"background-color":"var(--ast-global-color-4)","background-image":"","background-repeat":"repeat","background-position":"center center","background-size":"auto","background-attachment":"scroll","background-type":"","background-media":"","overlay-type":"","overlay-color":"","overlay-opacity":"","overlay-gradient":""},"tablet":{"background-color":"","background-image":"","background-repeat":"repeat","background-position":"center center","background-size":"auto","background-attachment":"scroll","background-type":"","background-media":"","overlay-type":"","overlay-color":"","overlay-opacity":"","overlay-gradient":""},"mobile":{"background-color":"","background-image":"","background-repeat":"repeat","background-position":"center center","background-size":"auto","background-attachment":"scroll","background-type":"","background-media":"","overlay-type":"","overlay-color":"","overlay-opacity":"","overlay-gradient":""}},"ast-content-background-meta":{"desktop":{"background-color":"var(--ast-global-color-5)","background-image":"","background-repeat":"repeat","background-position":"center center","background-size":"auto","background-attachment":"scroll","background-type":"","background-media":"","overlay-type":"","overlay-color":"","overlay-opacity":"","overlay-gradient":""},"tablet":{"background-color":"var(--ast-global-color-5)","background-image":"","background-repeat":"repeat","background-position":"center center","background-size":"auto","background-attachment":"scroll","background-type":"","background-media":"","overlay-type":"","overlay-color":"","overlay-opacity":"","overlay-gradient":""},"mobile":{"background-color":"var(--ast-global-color-5)","background-image":"","background-repeat":"repeat","background-position":"center center","background-size":"auto","background-attachment":"scroll","background-type":"","background-media":"","overlay-type":"","overlay-color":"","overlay-opacity":"","overlay-gradient":""}},"footnotes":""},"class_list":["post-2139","page","type-page","status-publish","hentry"],"acf":[],"yoast_head":"<!-- This site is optimized with the Yoast SEO plugin v27.4 - https:\/\/yoast.com\/product\/yoast-seo-wordpress\/ -->\n<title>Soin visage naturel R\u00e9v\u00e9lateurs de Beaut\u00e9. Lucia Rapetti.<\/title>\n<meta name=\"description\" content=\"Offrez \u00e0 Votre Visage une \u00c9clatante Renaissance : D\u00e9couvrez Nos soins visage naturel Exclusifs issu de notre laboratoire naturel.\" \/>\n<meta name=\"robots\" content=\"index, follow, max-snippet:-1, max-image-preview:large, max-video-preview:-1\" \/>\n<link rel=\"canonical\" href=\"https:\/\/lucia-rapetti.com\/es\/cuidado-facial-antiedad-natural\/\" \/>\n<meta property=\"og:locale\" content=\"es_ES\" \/>\n<meta property=\"og:type\" content=\"article\" \/>\n<meta property=\"og:title\" content=\"Soin visage naturel R\u00e9v\u00e9lateurs de Beaut\u00e9. Lucia Rapetti.\" \/>\n<meta property=\"og:description\" content=\"Offrez \u00e0 Votre Visage une \u00c9clatante Renaissance : D\u00e9couvrez Nos soins visage naturel Exclusifs issu de notre laboratoire naturel.\" \/>\n<meta property=\"og:url\" content=\"https:\/\/lucia-rapetti.com\/es\/cuidado-facial-antiedad-natural\/\" \/>\n<meta property=\"og:site_name\" content=\"Lucia Rapetti Laboratoire Naturel\" \/>\n<meta property=\"article:publisher\" content=\"https:\/\/www.facebook.com\/luciarapettiofficial\" \/>\n<meta property=\"article:modified_time\" content=\"2024-11-04T15:27:16+00:00\" \/>\n<meta property=\"og:image\" content=\"https:\/\/lucia-rapetti.com\/wp-content\/uploads\/2023\/08\/LR-sito-soins-detoxifiant-icon-1-1.jpg\" \/>\n<meta name=\"twitter:card\" content=\"summary_large_image\" \/>\n<meta name=\"twitter:label1\" content=\"Tiempo de lectura\" \/>\n\t<meta name=\"twitter:data1\" content=\"11 minutos\" \/>\n<script type=\"application\/ld+json\" class=\"yoast-schema-graph\">{\"@context\":\"https:\\\/\\\/schema.org\",\"@graph\":[{\"@type\":\"WebPage\",\"@id\":\"https:\\\/\\\/lucia-rapetti.com\\\/soins-visage-anti-age-naturel\\\/\",\"url\":\"https:\\\/\\\/lucia-rapetti.com\\\/soins-visage-anti-age-naturel\\\/\",\"name\":\"Soin visage naturel R\u00e9v\u00e9lateurs de Beaut\u00e9. Lucia Rapetti.\",\"isPartOf\":{\"@id\":\"https:\\\/\\\/lucia-rapetti.com\\\/#website\"},\"primaryImageOfPage\":{\"@id\":\"https:\\\/\\\/lucia-rapetti.com\\\/soins-visage-anti-age-naturel\\\/#primaryimage\"},\"image\":{\"@id\":\"https:\\\/\\\/lucia-rapetti.com\\\/soins-visage-anti-age-naturel\\\/#primaryimage\"},\"thumbnailUrl\":\"https:\\\/\\\/lucia-rapetti.com\\\/wp-content\\\/uploads\\\/2023\\\/08\\\/LR-sito-soins-detoxifiant-icon-1-1.jpg\",\"datePublished\":\"2023-08-01T14:13:33+00:00\",\"dateModified\":\"2024-11-04T15:27:16+00:00\",\"description\":\"Offrez \u00e0 Votre Visage une \u00c9clatante Renaissance : D\u00e9couvrez Nos soins visage naturel Exclusifs issu de notre laboratoire naturel.\",\"breadcrumb\":{\"@id\":\"https:\\\/\\\/lucia-rapetti.com\\\/soins-visage-anti-age-naturel\\\/#breadcrumb\"},\"inLanguage\":\"es\",\"potentialAction\":[{\"@type\":\"ReadAction\",\"target\":[\"https:\\\/\\\/lucia-rapetti.com\\\/soins-visage-anti-age-naturel\\\/\"]}]},{\"@type\":\"ImageObject\",\"inLanguage\":\"es\",\"@id\":\"https:\\\/\\\/lucia-rapetti.com\\\/soins-visage-anti-age-naturel\\\/#primaryimage\",\"url\":\"https:\\\/\\\/lucia-rapetti.com\\\/wp-content\\\/uploads\\\/2023\\\/08\\\/LR-sito-soins-detoxifiant-icon-1-1.jpg\",\"contentUrl\":\"https:\\\/\\\/lucia-rapetti.com\\\/wp-content\\\/uploads\\\/2023\\\/08\\\/LR-sito-soins-detoxifiant-icon-1-1.jpg\"},{\"@type\":\"BreadcrumbList\",\"@id\":\"https:\\\/\\\/lucia-rapetti.com\\\/soins-visage-anti-age-naturel\\\/#breadcrumb\",\"itemListElement\":[{\"@type\":\"ListItem\",\"position\":1,\"name\":\"Lucia Rapetti\",\"item\":\"https:\\\/\\\/lucia-rapetti.com\\\/\"},{\"@type\":\"ListItem\",\"position\":2,\"name\":\"Soins Visage\"}]},{\"@type\":\"WebSite\",\"@id\":\"https:\\\/\\\/lucia-rapetti.com\\\/#website\",\"url\":\"https:\\\/\\\/lucia-rapetti.com\\\/\",\"name\":\"Lucia Rapetti Laboratoire Naturel\",\"description\":\"Laboratoire de cosm\u00e9tique naturel et beaut\u00e9\",\"publisher\":{\"@id\":\"https:\\\/\\\/lucia-rapetti.com\\\/#organization\"},\"potentialAction\":[{\"@type\":\"SearchAction\",\"target\":{\"@type\":\"EntryPoint\",\"urlTemplate\":\"https:\\\/\\\/lucia-rapetti.com\\\/?s={search_term_string}\"},\"query-input\":{\"@type\":\"PropertyValueSpecification\",\"valueRequired\":true,\"valueName\":\"search_term_string\"}}],\"inLanguage\":\"es\"},{\"@type\":\"Organization\",\"@id\":\"https:\\\/\\\/lucia-rapetti.com\\\/#organization\",\"name\":\"Lucia Rapetti Laboratoire Naturel\",\"alternateName\":\"LR\",\"url\":\"https:\\\/\\\/lucia-rapetti.com\\\/\",\"logo\":{\"@type\":\"ImageObject\",\"inLanguage\":\"es\",\"@id\":\"https:\\\/\\\/lucia-rapetti.com\\\/#\\\/schema\\\/logo\\\/image\\\/\",\"url\":\"https:\\\/\\\/lucia-rapetti.com\\\/wp-content\\\/uploads\\\/2023\\\/04\\\/cropped-lucia-rapetti-logo-1.png\",\"contentUrl\":\"https:\\\/\\\/lucia-rapetti.com\\\/wp-content\\\/uploads\\\/2023\\\/04\\\/cropped-lucia-rapetti-logo-1.png\",\"width\":850,\"height\":142,\"caption\":\"Lucia Rapetti Laboratoire Naturel\"},\"image\":{\"@id\":\"https:\\\/\\\/lucia-rapetti.com\\\/#\\\/schema\\\/logo\\\/image\\\/\"},\"sameAs\":[\"https:\\\/\\\/www.facebook.com\\\/luciarapettiofficial\",\"https:\\\/\\\/www.instagram.com\\\/luciarapettiofficial\\\/\"]}]}<\/script>\n<!-- \/ Yoast SEO plugin. -->","yoast_head_json":{"title":"Beauty Revealers Cuidado Facial Natural. Lucia Rapetti.","description":"Regale a su rostro un renacimiento radiante: descubra nuestros exclusivos tratamientos faciales naturales de nuestro laboratorio natural.","robots":{"index":"index","follow":"follow","max-snippet":"max-snippet:-1","max-image-preview":"max-image-preview:large","max-video-preview":"max-video-preview:-1"},"canonical":"https:\/\/lucia-rapetti.com\/es\/cuidado-facial-antiedad-natural\/","og_locale":"es_ES","og_type":"article","og_title":"Soin visage naturel R\u00e9v\u00e9lateurs de Beaut\u00e9. Lucia Rapetti.","og_description":"Offrez \u00e0 Votre Visage une \u00c9clatante Renaissance : D\u00e9couvrez Nos soins visage naturel Exclusifs issu de notre laboratoire naturel.","og_url":"https:\/\/lucia-rapetti.com\/es\/cuidado-facial-antiedad-natural\/","og_site_name":"Lucia Rapetti Laboratoire Naturel","article_publisher":"https:\/\/www.facebook.com\/luciarapettiofficial","article_modified_time":"2024-11-04T15:27:16+00:00","og_image":[{"url":"https:\/\/lucia-rapetti.com\/wp-content\/uploads\/2023\/08\/LR-sito-soins-detoxifiant-icon-1-1.jpg","type":"","width":"","height":""}],"twitter_card":"summary_large_image","twitter_misc":{"Tiempo de lectura":"11 minutos"},"schema":{"@context":"https:\/\/schema.org","@graph":[{"@type":"WebPage","@id":"https:\/\/lucia-rapetti.com\/soins-visage-anti-age-naturel\/","url":"https:\/\/lucia-rapetti.com\/soins-visage-anti-age-naturel\/","name":"Beauty Revealers Cuidado Facial Natural. Lucia Rapetti.","isPartOf":{"@id":"https:\/\/lucia-rapetti.com\/#website"},"primaryImageOfPage":{"@id":"https:\/\/lucia-rapetti.com\/soins-visage-anti-age-naturel\/#primaryimage"},"image":{"@id":"https:\/\/lucia-rapetti.com\/soins-visage-anti-age-naturel\/#primaryimage"},"thumbnailUrl":"https:\/\/lucia-rapetti.com\/wp-content\/uploads\/2023\/08\/LR-sito-soins-detoxifiant-icon-1-1.jpg","datePublished":"2023-08-01T14:13:33+00:00","dateModified":"2024-11-04T15:27:16+00:00","description":"Regale a su rostro un renacimiento radiante: descubra nuestros exclusivos tratamientos faciales naturales de nuestro laboratorio natural.","breadcrumb":{"@id":"https:\/\/lucia-rapetti.com\/soins-visage-anti-age-naturel\/#breadcrumb"},"inLanguage":"es","potentialAction":[{"@type":"ReadAction","target":["https:\/\/lucia-rapetti.com\/soins-visage-anti-age-naturel\/"]}]},{"@type":"ImageObject","inLanguage":"es","@id":"https:\/\/lucia-rapetti.com\/soins-visage-anti-age-naturel\/#primaryimage","url":"https:\/\/lucia-rapetti.com\/wp-content\/uploads\/2023\/08\/LR-sito-soins-detoxifiant-icon-1-1.jpg","contentUrl":"https:\/\/lucia-rapetti.com\/wp-content\/uploads\/2023\/08\/LR-sito-soins-detoxifiant-icon-1-1.jpg"},{"@type":"BreadcrumbList","@id":"https:\/\/lucia-rapetti.com\/soins-visage-anti-age-naturel\/#breadcrumb","itemListElement":[{"@type":"ListItem","position":1,"name":"Lucia Rapetti","item":"https:\/\/lucia-rapetti.com\/"},{"@type":"ListItem","position":2,"name":"Soins Visage"}]},{"@type":"WebSite","@id":"https:\/\/lucia-rapetti.com\/#website","url":"https:\/\/lucia-rapetti.com\/","name":"Lucia Rapetti Laboratorio Natural","description":"Laboratorio de cosm\u00e9tica natural y belleza","publisher":{"@id":"https:\/\/lucia-rapetti.com\/#organization"},"potentialAction":[{"@type":"SearchAction","target":{"@type":"EntryPoint","urlTemplate":"https:\/\/lucia-rapetti.com\/?s={search_term_string}"},"query-input":{"@type":"PropertyValueSpecification","valueRequired":true,"valueName":"search_term_string"}}],"inLanguage":"es"},{"@type":"Organization","@id":"https:\/\/lucia-rapetti.com\/#organization","name":"Lucia Rapetti Laboratorio Natural","alternateName":"LR","url":"https:\/\/lucia-rapetti.com\/","logo":{"@type":"ImageObject","inLanguage":"es","@id":"https:\/\/lucia-rapetti.com\/#\/schema\/logo\/image\/","url":"https:\/\/lucia-rapetti.com\/wp-content\/uploads\/2023\/04\/cropped-lucia-rapetti-logo-1.png","contentUrl":"https:\/\/lucia-rapetti.com\/wp-content\/uploads\/2023\/04\/cropped-lucia-rapetti-logo-1.png","width":850,"height":142,"caption":"Lucia Rapetti Laboratoire Naturel"},"image":{"@id":"https:\/\/lucia-rapetti.com\/#\/schema\/logo\/image\/"},"sameAs":["https:\/\/www.facebook.com\/luciarapettiofficial","https:\/\/www.instagram.com\/luciarapettiofficial\/"]}]}},"_links":{"self":[{"href":"https:\/\/lucia-rapetti.com\/es\/wp-json\/wp\/v2\/pages\/2139","targetHints":{"allow":["GET"]}}],"collection":[{"href":"https:\/\/lucia-rapetti.com\/es\/wp-json\/wp\/v2\/pages"}],"about":[{"href":"https:\/\/lucia-rapetti.com\/es\/wp-json\/wp\/v2\/types\/page"}],"author":[{"embeddable":true,"href":"https:\/\/lucia-rapetti.com\/es\/wp-json\/wp\/v2\/users\/2"}],"replies":[{"embeddable":true,"href":"https:\/\/lucia-rapetti.com\/es\/wp-json\/wp\/v2\/comments?post=2139"}],"version-history":[{"count":0,"href":"https:\/\/lucia-rapetti.com\/es\/wp-json\/wp\/v2\/pages\/2139\/revisions"}],"wp:attachment":[{"href":"https:\/\/lucia-rapetti.com\/es\/wp-json\/wp\/v2\/media?parent=2139"}],"curies":[{"name":"wp","href":"https:\/\/api.w.org\/{rel}","templated":true}]}}