{"id":17335,"date":"2025-12-19T10:12:09","date_gmt":"2025-12-19T09:12:09","guid":{"rendered":"https:\/\/lucia-rapetti.com\/?page_id=17335"},"modified":"2025-12-19T10:28:56","modified_gmt":"2025-12-19T09:28:56","slug":"crema-para-pieles-sensibles-que-respeta-la-microbiota-cutanea","status":"publish","type":"page","link":"https:\/\/lucia-rapetti.com\/es\/crema-para-pieles-sensibles-que-respeta-la-microbiota-cutanea\/","title":{"rendered":"Crema para pieles sensibles que respeta la microbiota cut\u00e1nea"},"content":{"rendered":"\t\t<div data-elementor-type=\"wp-page\" data-elementor-id=\"17335\" class=\"elementor elementor-17335\" data-elementor-post-type=\"page\">\n\t\t\t\t<div class=\"elementor-element elementor-element-08032b7 e-flex e-con-boxed e-con e-parent\" data-id=\"08032b7\" data-element_type=\"container\" data-e-type=\"container\">\n\t\t\t\t\t<div class=\"e-con-inner\">\n\t\t\t\t<div class=\"elementor-element elementor-element-ac1efee elementor-widget elementor-widget-breadcrumbs\" data-id=\"ac1efee\" data-element_type=\"widget\" data-e-type=\"widget\" data-widget_type=\"breadcrumbs.default\">\n\t\t\t\t<div class=\"elementor-widget-container\">\n\t\t\t\t\t<p id=\"breadcrumbs\"><span><span><a href=\"https:\/\/lucia-rapetti.com\/\">Lucia Rapetti<\/a><\/span><\/span><\/p>\t\t\t\t<\/div>\n\t\t\t\t<\/div>\n\t\t\t\t\t<\/div>\n\t\t\t\t<\/div>\n\t\t<div class=\"elementor-element elementor-element-eaae3da e-flex e-con-boxed e-con e-parent\" data-id=\"eaae3da\" data-element_type=\"container\" data-e-type=\"container\">\n\t\t\t\t\t<div class=\"e-con-inner\">\n\t\t\t\t<div class=\"elementor-element elementor-element-32028bc elementor-widget elementor-widget-heading\" data-id=\"32028bc\" data-element_type=\"widget\" data-e-type=\"widget\" data-widget_type=\"heading.default\">\n\t\t\t\t<div class=\"elementor-widget-container\">\n\t\t\t\t\t<h1 class=\"elementor-heading-title elementor-size-default\">Cr\u00e8me pour peau sensible respectueuse du microbiote cutan\u00e9<\/h1>\t\t\t\t<\/div>\n\t\t\t\t<\/div>\n\t\t\t\t<div class=\"elementor-element elementor-element-6f379bb elementor-widget elementor-widget-text-editor\" data-id=\"6f379bb\" data-element_type=\"widget\" data-e-type=\"widget\" data-widget_type=\"text-editor.default\">\n\t\t\t\t<div class=\"elementor-widget-container\">\n\t\t\t\t\t\t\t\t\t<p data-start=\"373\" data-end=\"740\"><strong data-start=\"373\" data-end=\"414\">Rougeurs, tiraillements, picotements\u2026<\/strong> Les peaux sensibles r\u00e9agissent au moindre d\u00e9s\u00e9quilibre. Pollution, stress, soins inadapt\u00e9s ou trop agressifs peuvent fragiliser la barri\u00e8re cutan\u00e9e et perturber le <strong data-start=\"579\" data-end=\"593\">microbiote<\/strong>, cet \u00e9cosyst\u00e8me invisible essentiel \u00e0 la sant\u00e9 de la peau. Lorsqu\u2019il est d\u00e9s\u00e9quilibr\u00e9, la peau devient plus r\u00e9active, inconfortable et vuln\u00e9rable.<\/p><p data-start=\"742\" data-end=\"1109\">Dans notre <a href=\"https:\/\/lucia-rapetti.com\/\">laboratoire de produit cosm\u00e9tique naturel<\/a>, choisir une <strong data-start=\"754\" data-end=\"809\">cr\u00e8me pour peau sensible respectueuse du microbiote<\/strong> ne consiste donc pas seulement \u00e0 hydrater ou apaiser en surface. Il s\u2019agit d\u2019accompagner la peau en douceur, de pr\u00e9server son \u00e9quilibre naturel et de renforcer ses m\u00e9canismes de d\u00e9fense. Une approche globale, plus respectueuse, particuli\u00e8rement adapt\u00e9e aux peaux sensibles, r\u00e9actives ou fragilis\u00e9es.<\/p><p data-start=\"1111\" data-end=\"1376\">Dans cet article, d\u00e9couvrez <strong data-start=\"1139\" data-end=\"1175\">le r\u00f4le cl\u00e9 du microbiote cutan\u00e9<\/strong>, pourquoi toutes les cr\u00e8mes ne se valent pas pour les peaux sensibles et comment une formulation douce, naturelle et bien pens\u00e9e peut aider la peau \u00e0 retrouver confort, tol\u00e9rance et \u00e9quilibre durable.<\/p>\t\t\t\t\t\t\t\t<\/div>\n\t\t\t\t<\/div>\n\t\t\t\t\t<\/div>\n\t\t\t\t<\/div>\n\t\t\t\t<section class=\"elementor-section elementor-top-section elementor-element elementor-element-1e6c42e6 elementor-section-content-middle elementor-section-stretched elementor-section-boxed elementor-section-height-default elementor-section-height-default\" data-id=\"1e6c42e6\" data-element_type=\"section\" data-e-type=\"section\" data-settings=\"{&quot;background_background&quot;:&quot;classic&quot;,&quot;stretch_section&quot;:&quot;section-stretched&quot;}\">\n\t\t\t\t\t\t<div class=\"elementor-container elementor-column-gap-no\">\n\t\t\t\t\t<div class=\"elementor-column elementor-col-50 elementor-top-column elementor-element elementor-element-18de796a\" data-id=\"18de796a\" data-element_type=\"column\" data-e-type=\"column\">\n\t\t\t<div class=\"elementor-widget-wrap elementor-element-populated\">\n\t\t\t\t\t\t<div class=\"elementor-element elementor-element-3b6961c elementor-widget elementor-widget-heading\" data-id=\"3b6961c\" data-element_type=\"widget\" data-e-type=\"widget\" data-widget_type=\"heading.default\">\n\t\t\t\t<div class=\"elementor-widget-container\">\n\t\t\t\t\t<h2 class=\"elementor-heading-title elementor-size-default\">Comprendre le microbiote des peaux sensibles<\/h2>\t\t\t\t<\/div>\n\t\t\t\t<\/div>\n\t\t\t\t<div class=\"elementor-element elementor-element-6dc7ffc elementor-widget elementor-widget-text-editor\" data-id=\"6dc7ffc\" data-element_type=\"widget\" data-e-type=\"widget\" data-widget_type=\"text-editor.default\">\n\t\t\t\t<div class=\"elementor-widget-container\">\n\t\t\t\t\t\t\t\t\t<p data-start=\"2722\" data-end=\"2976\">La peau poss\u00e8de un <a href=\"https:\/\/lucia-rapetti.com\/microbiote-de-la-peau-cutane\/\"><strong data-start=\"2741\" data-end=\"2762\">microbiote cutan\u00e9<\/strong><\/a>, un ensemble de micro-organismes b\u00e9n\u00e9fiques qui prot\u00e8gent la barri\u00e8re cutan\u00e9e.<br data-start=\"2841\" data-end=\"2844\" \/>Chez les <strong data-start=\"2853\" data-end=\"2872\">peaux sensibles<\/strong>, cet \u00e9quilibre est fragilis\u00e9 : rougeurs, tiraillements, inconfort et r\u00e9actions excessives apparaissent.<\/p><p data-start=\"2978\" data-end=\"3040\">Un microbiote d\u00e9s\u00e9quilibr\u00e9 rend la peau plus vuln\u00e9rable face :<\/p><ul data-start=\"3041\" data-end=\"3119\"><li data-start=\"3041\" data-end=\"3059\"><p data-start=\"3043\" data-end=\"3059\">\u00e0 la pollution<\/p><\/li><li data-start=\"3060\" data-end=\"3090\"><p data-start=\"3062\" data-end=\"3090\">aux variations climatiques<\/p><\/li><li data-start=\"3091\" data-end=\"3119\"><p data-start=\"3093\" data-end=\"3119\">aux soins trop agressifs<\/p><\/li><\/ul>\t\t\t\t\t\t\t\t<\/div>\n\t\t\t\t<\/div>\n\t\t\t\t\t<\/div>\n\t\t<\/div>\n\t\t\t\t<div class=\"elementor-column elementor-col-50 elementor-top-column elementor-element elementor-element-3bc93189\" data-id=\"3bc93189\" data-element_type=\"column\" data-e-type=\"column\">\n\t\t\t<div class=\"elementor-widget-wrap elementor-element-populated\">\n\t\t\t\t\t\t<div class=\"elementor-element elementor-element-6b94ecd4 elementor-widget-tablet__width-initial elementor-widget elementor-widget-image\" data-id=\"6b94ecd4\" data-element_type=\"widget\" data-e-type=\"widget\" data-widget_type=\"image.default\">\n\t\t\t\t<div class=\"elementor-widget-container\">\n\t\t\t\t\t\t\t\t\t\t\t\t\t\t\t<img fetchpriority=\"high\" decoding=\"async\" width=\"534\" height=\"650\" src=\"https:\/\/lucia-rapetti.com\/wp-content\/uploads\/2023\/08\/LR-sito-estetista2.jpg\" class=\"attachment-full size-full wp-image-2128\" alt=\"Soin visage professionnel pour peau sensible respectueux du microbiote cutan\u00e9\" srcset=\"https:\/\/lucia-rapetti.com\/wp-content\/uploads\/2023\/08\/LR-sito-estetista2.jpg 534w, https:\/\/lucia-rapetti.com\/wp-content\/uploads\/2023\/08\/LR-sito-estetista2-246x300.jpg 246w\" sizes=\"(max-width: 534px) 100vw, 534px\" \/>\t\t\t\t\t\t\t\t\t\t\t\t\t\t\t<\/div>\n\t\t\t\t<\/div>\n\t\t\t\t\t<\/div>\n\t\t<\/div>\n\t\t\t\t\t<\/div>\n\t\t<\/section>\n\t\t\t\t<section class=\"elementor-section elementor-top-section elementor-element elementor-element-da9f2a9 elementor-section-content-middle elementor-section-stretched elementor-section-boxed elementor-section-height-default elementor-section-height-default\" data-id=\"da9f2a9\" data-element_type=\"section\" data-e-type=\"section\" data-settings=\"{&quot;background_background&quot;:&quot;classic&quot;,&quot;stretch_section&quot;:&quot;section-stretched&quot;}\">\n\t\t\t\t\t\t<div class=\"elementor-container elementor-column-gap-no\">\n\t\t\t\t\t<div class=\"elementor-column elementor-col-50 elementor-top-column elementor-element elementor-element-5ddd481\" data-id=\"5ddd481\" data-element_type=\"column\" data-e-type=\"column\">\n\t\t\t<div class=\"elementor-widget-wrap elementor-element-populated\">\n\t\t\t\t\t\t<div class=\"elementor-element elementor-element-13c86a4 elementor-widget-tablet__width-initial elementor-widget elementor-widget-image\" data-id=\"13c86a4\" data-element_type=\"widget\" data-e-type=\"widget\" data-widget_type=\"image.default\">\n\t\t\t\t<div class=\"elementor-widget-container\">\n\t\t\t\t\t\t\t\t\t\t\t\t\t\t\t<img decoding=\"async\" width=\"1200\" height=\"1200\" src=\"https:\/\/lucia-rapetti.com\/wp-content\/uploads\/2023\/06\/LR-prodotti-texture-intolerance.jpg\" class=\"attachment-full size-full wp-image-1355\" alt=\"Texture de cr\u00e8me visage pour peau sensible respectueuse du microbiote\" srcset=\"https:\/\/lucia-rapetti.com\/wp-content\/uploads\/2023\/06\/LR-prodotti-texture-intolerance.jpg 1200w, https:\/\/lucia-rapetti.com\/wp-content\/uploads\/2023\/06\/LR-prodotti-texture-intolerance-300x300.jpg 300w, https:\/\/lucia-rapetti.com\/wp-content\/uploads\/2023\/06\/LR-prodotti-texture-intolerance-1024x1024.jpg 1024w, https:\/\/lucia-rapetti.com\/wp-content\/uploads\/2023\/06\/LR-prodotti-texture-intolerance-150x150.jpg 150w, https:\/\/lucia-rapetti.com\/wp-content\/uploads\/2023\/06\/LR-prodotti-texture-intolerance-768x768.jpg 768w, https:\/\/lucia-rapetti.com\/wp-content\/uploads\/2023\/06\/LR-prodotti-texture-intolerance-600x600.jpg 600w, https:\/\/lucia-rapetti.com\/wp-content\/uploads\/2023\/06\/LR-prodotti-texture-intolerance-100x100.jpg 100w\" sizes=\"(max-width: 1200px) 100vw, 1200px\" \/>\t\t\t\t\t\t\t\t\t\t\t\t\t\t\t<\/div>\n\t\t\t\t<\/div>\n\t\t\t\t\t<\/div>\n\t\t<\/div>\n\t\t\t\t<div class=\"elementor-column elementor-col-50 elementor-top-column elementor-element elementor-element-6bf3851\" data-id=\"6bf3851\" data-element_type=\"column\" data-e-type=\"column\">\n\t\t\t<div class=\"elementor-widget-wrap elementor-element-populated\">\n\t\t\t\t\t\t<div class=\"elementor-element elementor-element-92ea9bf elementor-widget elementor-widget-heading\" data-id=\"92ea9bf\" data-element_type=\"widget\" data-e-type=\"widget\" data-widget_type=\"heading.default\">\n\t\t\t\t<div class=\"elementor-widget-container\">\n\t\t\t\t\t<h2 class=\"elementor-heading-title elementor-size-default\">Pourquoi une cr\u00e8me classique ne suffit pas toujours<\/h2>\t\t\t\t<\/div>\n\t\t\t\t<\/div>\n\t\t\t\t<div class=\"elementor-element elementor-element-2561be4 elementor-widget elementor-widget-text-editor\" data-id=\"2561be4\" data-element_type=\"widget\" data-e-type=\"widget\" data-widget_type=\"text-editor.default\">\n\t\t\t\t<div class=\"elementor-widget-container\">\n\t\t\t\t\t\t\t\t\t<p data-start=\"3186\" data-end=\"3293\">Les cr\u00e8mes conventionnelles cherchent souvent \u00e0 <strong data-start=\"3234\" data-end=\"3261\">camoufler les sympt\u00f4mes<\/strong> sans traiter la cause profonde.<\/p><p data-start=\"3295\" data-end=\"3353\">Une <strong data-start=\"3299\" data-end=\"3333\">cr\u00e8me peau sensible microbiote<\/strong> agit diff\u00e9remment :<\/p><ul data-start=\"3354\" data-end=\"3487\"><li data-start=\"3354\" data-end=\"3390\"><p data-start=\"3356\" data-end=\"3390\">elle <strong data-start=\"3361\" data-end=\"3390\">respecte la flore cutan\u00e9e<\/strong><\/p><\/li><li data-start=\"3391\" data-end=\"3444\"><p data-start=\"3393\" data-end=\"3444\">elle renforce la <strong data-start=\"3410\" data-end=\"3444\">barri\u00e8re protectrice naturelle<\/strong><\/p><\/li><li data-start=\"3445\" data-end=\"3487\"><p data-start=\"3447\" data-end=\"3487\">elle limite les r\u00e9actions inflammatoires<\/p><\/li><\/ul>\t\t\t\t\t\t\t\t<\/div>\n\t\t\t\t<\/div>\n\t\t\t\t<div class=\"elementor-element elementor-element-387732b elementor-widget elementor-widget-heading\" data-id=\"387732b\" data-element_type=\"widget\" data-e-type=\"widget\" data-widget_type=\"heading.default\">\n\t\t\t\t<div class=\"elementor-widget-container\">\n\t\t\t\t\t<h3 class=\"elementor-heading-title elementor-size-default\">Les bienfaits d\u2019une cr\u00e8me microbiote-friendly pour peau sensible<\/h3>\t\t\t\t<\/div>\n\t\t\t\t<\/div>\n\t\t\t\t<div class=\"elementor-element elementor-element-9dd3dd2 elementor-widget elementor-widget-text-editor\" data-id=\"9dd3dd2\" data-element_type=\"widget\" data-e-type=\"widget\" data-widget_type=\"text-editor.default\">\n\t\t\t\t<div class=\"elementor-widget-container\">\n\t\t\t\t\t\t\t\t\t<ul data-start=\"1701\" data-end=\"1926\"><li data-start=\"1701\" data-end=\"1740\"><p data-start=\"3567\" data-end=\"3612\">Une formule adapt\u00e9e au microbiote permet de :<\/p><ul data-start=\"3614\" data-end=\"3836\"><li data-start=\"3614\" data-end=\"3672\"><p data-start=\"3616\" data-end=\"3672\">\ud83c\udf3f Apaiser imm\u00e9diatement les sensations d\u2019\u00e9chauffement<\/p><\/li><li data-start=\"3673\" data-end=\"3710\"><p data-start=\"3675\" data-end=\"3710\">\ud83d\udee1\ufe0f Renforcer la barri\u00e8re cutan\u00e9e<\/p><\/li><li data-start=\"3711\" data-end=\"3747\"><p data-start=\"3713\" data-end=\"3747\">\u2696\ufe0f R\u00e9\u00e9quilibrer la flore cutan\u00e9e<\/p><\/li><li data-start=\"3748\" data-end=\"3788\"><p data-start=\"3750\" data-end=\"3788\">\ud83d\udca7 Maintenir une hydratation durable<\/p><\/li><li data-start=\"3789\" data-end=\"3836\"><p data-start=\"3791\" data-end=\"3836\">\u2728 Am\u00e9liorer la tol\u00e9rance globale de la peau<\/p><\/li><\/ul><\/li><\/ul>\t\t\t\t\t\t\t\t<\/div>\n\t\t\t\t<\/div>\n\t\t\t\t\t<\/div>\n\t\t<\/div>\n\t\t\t\t\t<\/div>\n\t\t<\/section>\n\t\t\t\t<section class=\"elementor-section elementor-top-section elementor-element elementor-element-b177b96 elementor-section-content-middle elementor-section-stretched elementor-section-boxed elementor-section-height-default elementor-section-height-default\" data-id=\"b177b96\" data-element_type=\"section\" data-e-type=\"section\" data-settings=\"{&quot;background_background&quot;:&quot;classic&quot;,&quot;stretch_section&quot;:&quot;section-stretched&quot;}\">\n\t\t\t\t\t\t<div class=\"elementor-container elementor-column-gap-no\">\n\t\t\t\t\t<div class=\"elementor-column elementor-col-100 elementor-top-column elementor-element elementor-element-0ccce8e\" data-id=\"0ccce8e\" data-element_type=\"column\" data-e-type=\"column\">\n\t\t\t<div class=\"elementor-widget-wrap elementor-element-populated\">\n\t\t\t\t\t\t<div class=\"elementor-element elementor-element-64f453a elementor-widget elementor-widget-heading\" data-id=\"64f453a\" data-element_type=\"widget\" data-e-type=\"widget\" data-widget_type=\"heading.default\">\n\t\t\t\t<div class=\"elementor-widget-container\">\n\t\t\t\t\t<h2 class=\"elementor-heading-title elementor-size-default\">L\u2019approche Lucia Rapetti : respect, naturalit\u00e9 et haute tol\u00e9rance<\/h2>\t\t\t\t<\/div>\n\t\t\t\t<\/div>\n\t\t\t\t<div class=\"elementor-element elementor-element-5440fe7 elementor-widget elementor-widget-text-editor\" data-id=\"5440fe7\" data-element_type=\"widget\" data-e-type=\"widget\" data-widget_type=\"text-editor.default\">\n\t\t\t\t<div class=\"elementor-widget-container\">\n\t\t\t\t\t\t\t\t\t<p data-start=\"3917\" data-end=\"3997\">Chez <strong data-start=\"3922\" data-end=\"3939\">Lucia Rapetti<\/strong>, la peau sensible est trait\u00e9e avec une exigence absolue :<\/p><ul data-start=\"3999\" data-end=\"4170\"><li data-start=\"3999\" data-end=\"4032\"><p data-start=\"4001\" data-end=\"4032\">ingr\u00e9dients d\u2019origine naturelle<\/p><\/li><li data-start=\"4033\" data-end=\"4056\"><p data-start=\"4035\" data-end=\"4056\">formules minimalistes<\/p><\/li><li data-start=\"4057\" data-end=\"4121\"><p data-start=\"4059\" data-end=\"4121\">actifs doux s\u00e9lectionn\u00e9s pour leur affinit\u00e9 avec le microbiote<\/p><\/li><li data-start=\"4122\" data-end=\"4170\"><p data-start=\"4124\" data-end=\"4170\">sans agresser ni perturber l\u2019\u00e9cosyst\u00e8me cutan\u00e9<\/p><\/li><\/ul><p data-start=\"4172\" data-end=\"4245\">Chaque cr\u00e8me est pens\u00e9e pour <strong data-start=\"4201\" data-end=\"4224\">accompagner la peau<\/strong>, pas la contraindre.<\/p>\t\t\t\t\t\t\t\t<\/div>\n\t\t\t\t<\/div>\n\t\t\t\t\t<\/div>\n\t\t<\/div>\n\t\t\t\t\t<\/div>\n\t\t<\/section>\n\t\t\t\t<section class=\"elementor-section elementor-top-section elementor-element elementor-element-e936713 elementor-section-content-middle elementor-section-stretched elementor-section-boxed elementor-section-height-default elementor-section-height-default\" data-id=\"e936713\" data-element_type=\"section\" data-e-type=\"section\" data-settings=\"{&quot;background_background&quot;:&quot;classic&quot;,&quot;stretch_section&quot;:&quot;section-stretched&quot;}\">\n\t\t\t\t\t\t<div class=\"elementor-container elementor-column-gap-no\">\n\t\t\t\t\t<div class=\"elementor-column elementor-col-100 elementor-top-column elementor-element elementor-element-3179545\" data-id=\"3179545\" data-element_type=\"column\" data-e-type=\"column\">\n\t\t\t<div class=\"elementor-widget-wrap elementor-element-populated\">\n\t\t\t\t\t\t<div class=\"elementor-element elementor-element-7da2154 elementor-widget elementor-widget-heading\" data-id=\"7da2154\" data-element_type=\"widget\" data-e-type=\"widget\" data-widget_type=\"heading.default\">\n\t\t\t\t<div class=\"elementor-widget-container\">\n\t\t\t\t\t<h2 class=\"elementor-heading-title elementor-size-default\">\u00c0 qui s\u2019adresse une cr\u00e8me peau sensible microbiote ?<\/h2>\t\t\t\t<\/div>\n\t\t\t\t<\/div>\n\t\t\t\t<div class=\"elementor-element elementor-element-cae9c70 elementor-widget elementor-widget-text-editor\" data-id=\"cae9c70\" data-element_type=\"widget\" data-e-type=\"widget\" data-widget_type=\"text-editor.default\">\n\t\t\t\t<div class=\"elementor-widget-container\">\n\t\t\t\t\t\t\t\t\t<p data-start=\"4313\" data-end=\"4350\">Cette cr\u00e8me est id\u00e9ale si vous avez :<\/p><ul data-start=\"4351\" data-end=\"4504\"><li data-start=\"4351\" data-end=\"4385\"><p data-start=\"4353\" data-end=\"4385\">une peau r\u00e9active ou intol\u00e9rante<\/p><\/li><li data-start=\"4386\" data-end=\"4411\"><p data-start=\"4388\" data-end=\"4411\">des rougeurs fr\u00e9quentes<\/p><\/li><li data-start=\"4412\" data-end=\"4449\"><p data-start=\"4414\" data-end=\"4449\">une sensation d\u2019inconfort permanent<\/p><\/li><li data-start=\"4450\" data-end=\"4504\"><p data-start=\"4452\" data-end=\"4504\">une <a href=\"https:\/\/lucia-rapetti.com\/product-category\/ecologica-soins-corps\/raffermissantes-vergetures\/\">peau fragilis\u00e9e par le stress<\/a> ou les traitements<\/p><\/li><\/ul>\t\t\t\t\t\t\t\t<\/div>\n\t\t\t\t<\/div>\n\t\t\t\t\t<\/div>\n\t\t<\/div>\n\t\t\t\t\t<\/div>\n\t\t<\/section>\n\t\t\t\t<section class=\"elementor-section elementor-top-section elementor-element elementor-element-bf04775 elementor-section-content-middle elementor-section-stretched elementor-section-boxed elementor-section-height-default elementor-section-height-default\" data-id=\"bf04775\" data-element_type=\"section\" data-e-type=\"section\" data-settings=\"{&quot;background_background&quot;:&quot;classic&quot;,&quot;stretch_section&quot;:&quot;section-stretched&quot;}\">\n\t\t\t\t\t\t<div class=\"elementor-container elementor-column-gap-no\">\n\t\t\t\t\t<div class=\"elementor-column elementor-col-100 elementor-top-column elementor-element elementor-element-ee3e935\" data-id=\"ee3e935\" data-element_type=\"column\" data-e-type=\"column\">\n\t\t\t<div class=\"elementor-widget-wrap elementor-element-populated\">\n\t\t\t\t\t\t<div class=\"elementor-element elementor-element-2a644cb elementor-widget elementor-widget-heading\" data-id=\"2a644cb\" data-element_type=\"widget\" data-e-type=\"widget\" data-widget_type=\"heading.default\">\n\t\t\t\t<div class=\"elementor-widget-container\">\n\t\t\t\t\t<h2 class=\"elementor-heading-title elementor-size-default\">Comment int\u00e9grer une cr\u00e8me microbiote dans sa routine ?<\/h2>\t\t\t\t<\/div>\n\t\t\t\t<\/div>\n\t\t\t\t<div class=\"elementor-element elementor-element-12fe76d elementor-widget elementor-widget-text-editor\" data-id=\"12fe76d\" data-element_type=\"widget\" data-e-type=\"widget\" data-widget_type=\"text-editor.default\">\n\t\t\t\t<div class=\"elementor-widget-container\">\n\t\t\t\t\t\t\t\t\t<ul><li data-start=\"4575\" data-end=\"4618\"><p style=\"text-align: left;\" data-start=\"4577\" data-end=\"4618\">Nettoyer avec un soin doux, sans sulfates<\/p><\/li><li style=\"text-align: left;\" data-start=\"4619\" data-end=\"4672\"><p data-start=\"4621\" data-end=\"4672\">Appliquer la cr\u00e8me matin et\/ou soir sur peau propre<\/p><\/li><li style=\"text-align: left;\" data-start=\"4673\" data-end=\"4722\"><p data-start=\"4675\" data-end=\"4722\">\u00c9viter la multiplication des produits agressifs<\/p><\/li><li data-start=\"4723\" data-end=\"4772\"><p style=\"text-align: left;\" data-start=\"4725\" data-end=\"4772\">Laisser la peau retrouver son \u00e9quilibre naturel<\/p><\/li><\/ul>\t\t\t\t\t\t\t\t<\/div>\n\t\t\t\t<\/div>\n\t\t\t\t\t<\/div>\n\t\t<\/div>\n\t\t\t\t\t<\/div>\n\t\t<\/section>\n\t\t<div class=\"elementor-element elementor-element-db58743 e-flex e-con-boxed e-con e-parent\" data-id=\"db58743\" data-element_type=\"container\" data-e-type=\"container\">\n\t\t\t\t\t<div class=\"e-con-inner\">\n\t\t\t\t<div class=\"elementor-element elementor-element-d25cfac elementor-widget elementor-widget-heading\" data-id=\"d25cfac\" data-element_type=\"widget\" data-e-type=\"widget\" data-widget_type=\"heading.default\">\n\t\t\t\t<div class=\"elementor-widget-container\">\n\t\t\t\t\t<h2 class=\"elementor-heading-title elementor-size-default\">FAQ \u2013 Cr\u00e8me peau sensible microbiote<\/h2>\t\t\t\t<\/div>\n\t\t\t\t<\/div>\n\t\t\t\t<div class=\"elementor-element elementor-element-eabec7c elementor-widget elementor-widget-n-accordion\" data-id=\"eabec7c\" data-element_type=\"widget\" data-e-type=\"widget\" data-settings=\"{&quot;default_state&quot;:&quot;expanded&quot;,&quot;max_items_expended&quot;:&quot;one&quot;,&quot;n_accordion_animation_duration&quot;:{&quot;unit&quot;:&quot;ms&quot;,&quot;size&quot;:400,&quot;sizes&quot;:[]}}\" data-widget_type=\"nested-accordion.default\">\n\t\t\t\t<div class=\"elementor-widget-container\">\n\t\t\t\t\t\t\t<div class=\"e-n-accordion\" aria-label=\"Accordion. Open links with Enter or Space, close with Escape, and navigate with Arrow Keys\">\n\t\t\t\t\t\t<details id=\"e-n-accordion-item-2460\" class=\"e-n-accordion-item\" open>\n\t\t\t\t<summary class=\"e-n-accordion-item-title\" data-accordion-index=\"1\" tabindex=\"0\" aria-expanded=\"true\" aria-controls=\"e-n-accordion-item-2460\" >\n\t\t\t\t\t<span class='e-n-accordion-item-title-header'><h3 class=\"e-n-accordion-item-title-text\"> Qu\u2019est-ce qu\u2019une cr\u00e8me respectueuse du microbiote ? <\/h3><\/span>\n\t\t\t\t\t\t\t<span class='e-n-accordion-item-title-icon'>\n\t\t\t<span class='e-opened' ><svg aria-hidden=\"true\" class=\"e-font-icon-svg e-fas-minus\" viewBox=\"0 0 448 512\" xmlns=\"http:\/\/www.w3.org\/2000\/svg\"><path d=\"M416 208H32c-17.67 0-32 14.33-32 32v32c0 17.67 14.33 32 32 32h384c17.67 0 32-14.33 32-32v-32c0-17.67-14.33-32-32-32z\"><\/path><\/svg><\/span>\n\t\t\t<span class='e-closed'><svg aria-hidden=\"true\" class=\"e-font-icon-svg e-fas-plus\" viewBox=\"0 0 448 512\" xmlns=\"http:\/\/www.w3.org\/2000\/svg\"><path d=\"M416 208H272V64c0-17.67-14.33-32-32-32h-32c-17.67 0-32 14.33-32 32v144H32c-17.67 0-32 14.33-32 32v32c0 17.67 14.33 32 32 32h144v144c0 17.67 14.33 32 32 32h32c17.67 0 32-14.33 32-32V304h144c17.67 0 32-14.33 32-32v-32c0-17.67-14.33-32-32-32z\"><\/path><\/svg><\/span>\n\t\t<\/span>\n\n\t\t\t\t\t\t<\/summary>\n\t\t\t\t<div role=\"region\" aria-labelledby=\"e-n-accordion-item-2460\" class=\"elementor-element elementor-element-fcd3bdc e-con-full e-flex e-con e-child\" data-id=\"fcd3bdc\" data-element_type=\"container\" data-e-type=\"container\">\n\t\t<div role=\"region\" aria-labelledby=\"e-n-accordion-item-2460\" class=\"elementor-element elementor-element-746f607 e-flex e-con-boxed e-con e-child\" data-id=\"746f607\" data-element_type=\"container\" data-e-type=\"container\">\n\t\t\t\t\t<div class=\"e-con-inner\">\n\t\t\t\t<div class=\"elementor-element elementor-element-c0e2585 elementor-widget elementor-widget-text-editor\" data-id=\"c0e2585\" data-element_type=\"widget\" data-e-type=\"widget\" data-widget_type=\"text-editor.default\">\n\t\t\t\t<div class=\"elementor-widget-container\">\n\t\t\t\t\t\t\t\t\t<p>C\u2019est une cr\u00e8me formul\u00e9e pour pr\u00e9server l\u2019\u00e9quilibre naturel des micro-organismes pr\u00e9sents sur la peau, essentiels \u00e0 sa protection.<\/p>\t\t\t\t\t\t\t\t<\/div>\n\t\t\t\t<\/div>\n\t\t\t\t\t<\/div>\n\t\t\t\t<\/div>\n\t\t\t\t<\/div>\n\t\t\t\t\t<\/details>\n\t\t\t\t\t\t<details id=\"e-n-accordion-item-2461\" class=\"e-n-accordion-item\" >\n\t\t\t\t<summary class=\"e-n-accordion-item-title\" data-accordion-index=\"2\" tabindex=\"-1\" aria-expanded=\"false\" aria-controls=\"e-n-accordion-item-2461\" >\n\t\t\t\t\t<span class='e-n-accordion-item-title-header'><h3 class=\"e-n-accordion-item-title-text\"> Les probiotiques sont-ils indispensables ? <\/h3><\/span>\n\t\t\t\t\t\t\t<span class='e-n-accordion-item-title-icon'>\n\t\t\t<span class='e-opened' ><svg aria-hidden=\"true\" class=\"e-font-icon-svg e-fas-minus\" viewBox=\"0 0 448 512\" xmlns=\"http:\/\/www.w3.org\/2000\/svg\"><path d=\"M416 208H32c-17.67 0-32 14.33-32 32v32c0 17.67 14.33 32 32 32h384c17.67 0 32-14.33 32-32v-32c0-17.67-14.33-32-32-32z\"><\/path><\/svg><\/span>\n\t\t\t<span class='e-closed'><svg aria-hidden=\"true\" class=\"e-font-icon-svg e-fas-plus\" viewBox=\"0 0 448 512\" xmlns=\"http:\/\/www.w3.org\/2000\/svg\"><path d=\"M416 208H272V64c0-17.67-14.33-32-32-32h-32c-17.67 0-32 14.33-32 32v144H32c-17.67 0-32 14.33-32 32v32c0 17.67 14.33 32 32 32h144v144c0 17.67 14.33 32 32 32h32c17.67 0 32-14.33 32-32V304h144c17.67 0 32-14.33 32-32v-32c0-17.67-14.33-32-32-32z\"><\/path><\/svg><\/span>\n\t\t<\/span>\n\n\t\t\t\t\t\t<\/summary>\n\t\t\t\t<div role=\"region\" aria-labelledby=\"e-n-accordion-item-2461\" class=\"elementor-element elementor-element-45d720a e-con-full e-flex e-con e-child\" data-id=\"45d720a\" data-element_type=\"container\" data-e-type=\"container\">\n\t\t<div role=\"region\" aria-labelledby=\"e-n-accordion-item-2461\" class=\"elementor-element elementor-element-7c74787 e-flex e-con-boxed e-con e-child\" data-id=\"7c74787\" data-element_type=\"container\" data-e-type=\"container\">\n\t\t\t\t\t<div class=\"e-con-inner\">\n\t\t\t\t<div class=\"elementor-element elementor-element-c4db4c7 elementor-widget elementor-widget-text-editor\" data-id=\"c4db4c7\" data-element_type=\"widget\" data-e-type=\"widget\" data-widget_type=\"text-editor.default\">\n\t\t\t\t<div class=\"elementor-widget-container\">\n\t\t\t\t\t\t\t\t\t<p data-start=\"5062\" data-end=\"5201\">Pas toujours. Certaines formules utilisent des actifs qui <strong data-start=\"5120\" data-end=\"5148\">favorisent indirectement<\/strong> l\u2019\u00e9quilibre du microbiote sans probiotiques vivants.<\/p><h3 data-start=\"5203\" data-end=\"5249\">\u00a0<\/h3>\t\t\t\t\t\t\t\t<\/div>\n\t\t\t\t<\/div>\n\t\t\t\t\t<\/div>\n\t\t\t\t<\/div>\n\t\t\t\t<\/div>\n\t\t\t\t\t<\/details>\n\t\t\t\t\t\t<details id=\"e-n-accordion-item-2462\" class=\"e-n-accordion-item\" >\n\t\t\t\t<summary class=\"e-n-accordion-item-title\" data-accordion-index=\"3\" tabindex=\"-1\" aria-expanded=\"false\" aria-controls=\"e-n-accordion-item-2462\" >\n\t\t\t\t\t<span class='e-n-accordion-item-title-header'><h3 class=\"e-n-accordion-item-title-text\"> Convient-elle aux peaux tr\u00e8s r\u00e9actives ? <\/h3><\/span>\n\t\t\t\t\t\t\t<span class='e-n-accordion-item-title-icon'>\n\t\t\t<span class='e-opened' ><svg aria-hidden=\"true\" class=\"e-font-icon-svg e-fas-minus\" viewBox=\"0 0 448 512\" xmlns=\"http:\/\/www.w3.org\/2000\/svg\"><path d=\"M416 208H32c-17.67 0-32 14.33-32 32v32c0 17.67 14.33 32 32 32h384c17.67 0 32-14.33 32-32v-32c0-17.67-14.33-32-32-32z\"><\/path><\/svg><\/span>\n\t\t\t<span class='e-closed'><svg aria-hidden=\"true\" class=\"e-font-icon-svg e-fas-plus\" viewBox=\"0 0 448 512\" xmlns=\"http:\/\/www.w3.org\/2000\/svg\"><path d=\"M416 208H272V64c0-17.67-14.33-32-32-32h-32c-17.67 0-32 14.33-32 32v144H32c-17.67 0-32 14.33-32 32v32c0 17.67 14.33 32 32 32h144v144c0 17.67 14.33 32 32 32h32c17.67 0 32-14.33 32-32V304h144c17.67 0 32-14.33 32-32v-32c0-17.67-14.33-32-32-32z\"><\/path><\/svg><\/span>\n\t\t<\/span>\n\n\t\t\t\t\t\t<\/summary>\n\t\t\t\t<div role=\"region\" aria-labelledby=\"e-n-accordion-item-2462\" class=\"elementor-element elementor-element-51be39d e-con-full e-flex e-con e-child\" data-id=\"51be39d\" data-element_type=\"container\" data-e-type=\"container\">\n\t\t<div role=\"region\" aria-labelledby=\"e-n-accordion-item-2462\" class=\"elementor-element elementor-element-2aaa0e8 e-flex e-con-boxed e-con e-child\" data-id=\"2aaa0e8\" data-element_type=\"container\" data-e-type=\"container\">\n\t\t\t\t\t<div class=\"e-con-inner\">\n\t\t\t\t<div class=\"elementor-element elementor-element-3cf8662 elementor-widget elementor-widget-text-editor\" data-id=\"3cf8662\" data-element_type=\"widget\" data-e-type=\"widget\" data-widget_type=\"text-editor.default\">\n\t\t\t\t<div class=\"elementor-widget-container\">\n\t\t\t\t\t\t\t\t\t<p>Oui, \u00e0 condition que la formule soit <strong data-start=\"5287\" data-end=\"5306\">haute tol\u00e9rance<\/strong>, sans ingr\u00e9dients agressifs.<\/p>\t\t\t\t\t\t\t\t<\/div>\n\t\t\t\t<\/div>\n\t\t\t\t\t<\/div>\n\t\t\t\t<\/div>\n\t\t\t\t<\/div>\n\t\t\t\t\t<\/details>\n\t\t\t\t\t\t<details id=\"e-n-accordion-item-2463\" class=\"e-n-accordion-item\" >\n\t\t\t\t<summary class=\"e-n-accordion-item-title\" data-accordion-index=\"4\" tabindex=\"-1\" aria-expanded=\"false\" aria-controls=\"e-n-accordion-item-2463\" >\n\t\t\t\t\t<span class='e-n-accordion-item-title-header'><h3 class=\"e-n-accordion-item-title-text\"> Peut-on l\u2019utiliser quotidiennement ? <\/h3><\/span>\n\t\t\t\t\t\t\t<span class='e-n-accordion-item-title-icon'>\n\t\t\t<span class='e-opened' ><svg aria-hidden=\"true\" class=\"e-font-icon-svg e-fas-minus\" viewBox=\"0 0 448 512\" xmlns=\"http:\/\/www.w3.org\/2000\/svg\"><path d=\"M416 208H32c-17.67 0-32 14.33-32 32v32c0 17.67 14.33 32 32 32h384c17.67 0 32-14.33 32-32v-32c0-17.67-14.33-32-32-32z\"><\/path><\/svg><\/span>\n\t\t\t<span class='e-closed'><svg aria-hidden=\"true\" class=\"e-font-icon-svg e-fas-plus\" viewBox=\"0 0 448 512\" xmlns=\"http:\/\/www.w3.org\/2000\/svg\"><path d=\"M416 208H272V64c0-17.67-14.33-32-32-32h-32c-17.67 0-32 14.33-32 32v144H32c-17.67 0-32 14.33-32 32v32c0 17.67 14.33 32 32 32h144v144c0 17.67 14.33 32 32 32h32c17.67 0 32-14.33 32-32V304h144c17.67 0 32-14.33 32-32v-32c0-17.67-14.33-32-32-32z\"><\/path><\/svg><\/span>\n\t\t<\/span>\n\n\t\t\t\t\t\t<\/summary>\n\t\t\t\t<div role=\"region\" aria-labelledby=\"e-n-accordion-item-2463\" class=\"elementor-element elementor-element-9e67784 e-flex e-con-boxed e-con e-child\" data-id=\"9e67784\" data-element_type=\"container\" data-e-type=\"container\">\n\t\t\t\t\t<div class=\"e-con-inner\">\n\t\t<div role=\"region\" aria-labelledby=\"e-n-accordion-item-2463\" class=\"elementor-element elementor-element-dc23652 e-con-full e-flex e-con e-child\" data-id=\"dc23652\" data-element_type=\"container\" data-e-type=\"container\">\n\t\t\t\t<div class=\"elementor-element elementor-element-59d9ac7 elementor-widget elementor-widget-text-editor\" data-id=\"59d9ac7\" data-element_type=\"widget\" data-e-type=\"widget\" data-widget_type=\"text-editor.default\">\n\t\t\t\t<div class=\"elementor-widget-container\">\n\t\t\t\t\t\t\t\t\t<p>Absolument, une cr\u00e8me microbiote-friendly est con\u00e7ue pour un usage quotidien.<\/p>\t\t\t\t\t\t\t\t<\/div>\n\t\t\t\t<\/div>\n\t\t\t\t<\/div>\n\t\t\t\t\t<\/div>\n\t\t\t\t<\/div>\n\t\t\t\t\t<\/details>\n\t\t\t\t\t<\/div>\n\t\t\t\t\t\t<\/div>\n\t\t\t\t<\/div>\n\t\t\t\t\t<\/div>\n\t\t\t\t<\/div>\n\t\t<div class=\"elementor-element elementor-element-6f6d537 e-flex e-con-boxed e-con e-parent\" data-id=\"6f6d537\" data-element_type=\"container\" data-e-type=\"container\">\n\t\t\t\t\t<div class=\"e-con-inner\">\n\t\t\t\t<div class=\"elementor-element elementor-element-959f503 elementor-widget elementor-widget-html\" data-id=\"959f503\" data-element_type=\"widget\" data-e-type=\"widget\" data-widget_type=\"html.default\">\n\t\t\t\t<div class=\"elementor-widget-container\">\n\t\t\t\t\t<script type=\"application\/ld+json\">\n{\n  \"@context\": \"https:\/\/schema.org\",\n  \"@type\": \"FAQPage\",\n  \"mainEntity\": [\n    {\n      \"@type\": \"Question\",\n      \"name\": \"Qu\u2019est-ce qu\u2019une cr\u00e8me respectueuse du microbiote cutan\u00e9 ?\",\n      \"acceptedAnswer\": {\n        \"@type\": \"Answer\",\n        \"text\": \"Une cr\u00e8me respectueuse du microbiote cutan\u00e9 aide \u00e0 pr\u00e9server l\u2019\u00e9quilibre naturel de la flore de la peau afin de renforcer la barri\u00e8re cutan\u00e9e et limiter les r\u00e9actions.\"\n      }\n    },\n    {\n      \"@type\": \"Question\",\n      \"name\": \"Une cr\u00e8me microbiote convient-elle aux peaux sensibles ?\",\n      \"acceptedAnswer\": {\n        \"@type\": \"Answer\",\n        \"text\": \"Oui, elle est particuli\u00e8rement recommand\u00e9e pour les peaux sensibles car elle apaise, prot\u00e8ge et am\u00e9liore la tol\u00e9rance cutan\u00e9e.\"\n      }\n    },\n    {\n      \"@type\": \"Question\",\n      \"name\": \"Faut-il des probiotiques dans une cr\u00e8me visage ?\",\n      \"acceptedAnswer\": {\n        \"@type\": \"Answer\",\n        \"text\": \"Pas obligatoirement. Certaines formules soutiennent le microbiote gr\u00e2ce \u00e0 des actifs doux et biomim\u00e9tiques.\"\n      }\n    }\n  ]\n}\n\n<\/script>\n\t\t\t\t<\/div>\n\t\t\t\t<\/div>\n\t\t\t\t\t<\/div>\n\t\t\t\t<\/div>\n\t\t\t\t<\/div>\n\t\t","protected":false},"excerpt":{"rendered":"<p>Cr\u00e8me pour peau sensible respectueuse du microbiote cutan\u00e9 Rougeurs, tiraillements, picotements\u2026 Les peaux sensibles r\u00e9agissent au moindre d\u00e9s\u00e9quilibre. Pollution, stress, soins inadapt\u00e9s ou trop agressifs peuvent fragiliser la barri\u00e8re cutan\u00e9e et perturber le microbiote, cet \u00e9cosyst\u00e8me invisible essentiel \u00e0 la sant\u00e9 de la peau. Lorsqu\u2019il est d\u00e9s\u00e9quilibr\u00e9, la peau devient plus r\u00e9active, inconfortable et vuln\u00e9rable. [&hellip;]<\/p>\n","protected":false},"author":1,"featured_media":0,"parent":0,"menu_order":0,"comment_status":"closed","ping_status":"closed","template":"","meta":{"_acf_changed":false,"site-sidebar-layout":"no-sidebar","site-content-layout":"page-builder","ast-site-content-layout":"full-width-container","site-content-style":"unboxed","site-sidebar-style":"unboxed","ast-global-header-display":"","ast-banner-title-visibility":"","ast-main-header-display":"","ast-hfb-above-header-display":"","ast-hfb-below-header-display":"","ast-hfb-mobile-header-display":"","site-post-title":"disabled","ast-breadcrumbs-content":"","ast-featured-img":"disabled","footer-sml-layout":"","ast-disable-related-posts":"","theme-transparent-header-meta":"disabled","adv-header-id-meta":"","stick-header-meta":"","header-above-stick-meta":"","header-main-stick-meta":"","header-below-stick-meta":"","astra-migrate-meta-layouts":"set","ast-page-background-enabled":"default","ast-page-background-meta":{"desktop":{"background-color":"var(--ast-global-color-4)","background-image":"","background-repeat":"repeat","background-position":"center center","background-size":"auto","background-attachment":"scroll","background-type":"","background-media":"","overlay-type":"","overlay-color":"","overlay-opacity":"","overlay-gradient":""},"tablet":{"background-color":"","background-image":"","background-repeat":"repeat","background-position":"center center","background-size":"auto","background-attachment":"scroll","background-type":"","background-media":"","overlay-type":"","overlay-color":"","overlay-opacity":"","overlay-gradient":""},"mobile":{"background-color":"","background-image":"","background-repeat":"repeat","background-position":"center center","background-size":"auto","background-attachment":"scroll","background-type":"","background-media":"","overlay-type":"","overlay-color":"","overlay-opacity":"","overlay-gradient":""}},"ast-content-background-meta":{"desktop":{"background-color":"var(--ast-global-color-5)","background-image":"","background-repeat":"repeat","background-position":"center center","background-size":"auto","background-attachment":"scroll","background-type":"","background-media":"","overlay-type":"","overlay-color":"","overlay-opacity":"","overlay-gradient":""},"tablet":{"background-color":"var(--ast-global-color-5)","background-image":"","background-repeat":"repeat","background-position":"center center","background-size":"auto","background-attachment":"scroll","background-type":"","background-media":"","overlay-type":"","overlay-color":"","overlay-opacity":"","overlay-gradient":""},"mobile":{"background-color":"var(--ast-global-color-5)","background-image":"","background-repeat":"repeat","background-position":"center center","background-size":"auto","background-attachment":"scroll","background-type":"","background-media":"","overlay-type":"","overlay-color":"","overlay-opacity":"","overlay-gradient":""}},"footnotes":""},"class_list":["post-17335","page","type-page","status-publish","hentry"],"acf":[],"yoast_head":"<!-- This site is optimized with the Yoast SEO plugin v27.4 - https:\/\/yoast.com\/product\/yoast-seo-wordpress\/ -->\n<title>Cr\u00e8me peau sensible &amp; microbiote \u2013 Soin apaisant naturel<\/title>\n<meta name=\"description\" content=\"Cr\u00e8me pour peau sensible respectueuse du microbiote. Apaise, renforce la barri\u00e8re cutan\u00e9e et r\u00e9\u00e9quilibre la flore pour une peau confortable.\" \/>\n<meta name=\"robots\" content=\"index, follow, max-snippet:-1, max-image-preview:large, max-video-preview:-1\" \/>\n<link rel=\"canonical\" href=\"https:\/\/lucia-rapetti.com\/es\/crema-para-pieles-sensibles-que-respeta-la-microbiota-cutanea\/\" \/>\n<meta property=\"og:locale\" content=\"es_ES\" \/>\n<meta property=\"og:type\" content=\"article\" \/>\n<meta property=\"og:title\" content=\"Microbiote de la peau : \u00e9quilibre, protection &amp; beaut\u00e9 naturelle\" \/>\n<meta property=\"og:description\" content=\"D\u00e9couvrez comment le microbiote cutan\u00e9 influence la sant\u00e9 et la beaut\u00e9 de votre peau. Conseils et soins experts par Lucia Rapetti.\" \/>\n<meta property=\"og:url\" content=\"https:\/\/lucia-rapetti.com\/es\/crema-para-pieles-sensibles-que-respeta-la-microbiota-cutanea\/\" \/>\n<meta property=\"og:site_name\" content=\"Lucia Rapetti Laboratoire Naturel\" \/>\n<meta property=\"article:publisher\" content=\"https:\/\/www.facebook.com\/luciarapettiofficial\" \/>\n<meta property=\"article:modified_time\" content=\"2025-12-19T09:28:56+00:00\" \/>\n<meta property=\"og:image\" content=\"https:\/\/lucia-rapetti.com\/wp-content\/uploads\/2024\/02\/LR-sito-microbiote.jpg\" \/>\n\t<meta property=\"og:image:width\" content=\"534\" \/>\n\t<meta property=\"og:image:height\" content=\"650\" \/>\n\t<meta property=\"og:image:type\" content=\"image\/jpeg\" \/>\n<meta name=\"twitter:card\" content=\"summary_large_image\" \/>\n<meta name=\"twitter:label1\" content=\"Tiempo de lectura\" \/>\n\t<meta name=\"twitter:data1\" content=\"4 minutos\" \/>\n<script type=\"application\/ld+json\" class=\"yoast-schema-graph\">{\"@context\":\"https:\\\/\\\/schema.org\",\"@graph\":[{\"@type\":\"WebPage\",\"@id\":\"https:\\\/\\\/lucia-rapetti.com\\\/creme-pour-peau-sensible-respectueuse-du-microbiote-cutane\\\/\",\"url\":\"https:\\\/\\\/lucia-rapetti.com\\\/creme-pour-peau-sensible-respectueuse-du-microbiote-cutane\\\/\",\"name\":\"Cr\u00e8me peau sensible & microbiote \u2013 Soin apaisant naturel\",\"isPartOf\":{\"@id\":\"https:\\\/\\\/lucia-rapetti.com\\\/#website\"},\"primaryImageOfPage\":{\"@id\":\"https:\\\/\\\/lucia-rapetti.com\\\/creme-pour-peau-sensible-respectueuse-du-microbiote-cutane\\\/#primaryimage\"},\"image\":{\"@id\":\"https:\\\/\\\/lucia-rapetti.com\\\/creme-pour-peau-sensible-respectueuse-du-microbiote-cutane\\\/#primaryimage\"},\"thumbnailUrl\":\"https:\\\/\\\/lucia-rapetti.com\\\/wp-content\\\/uploads\\\/2023\\\/08\\\/LR-sito-estetista2.jpg\",\"datePublished\":\"2025-12-19T09:12:09+00:00\",\"dateModified\":\"2025-12-19T09:28:56+00:00\",\"description\":\"Cr\u00e8me pour peau sensible respectueuse du microbiote. Apaise, renforce la barri\u00e8re cutan\u00e9e et r\u00e9\u00e9quilibre la flore pour une peau confortable.\",\"breadcrumb\":{\"@id\":\"https:\\\/\\\/lucia-rapetti.com\\\/creme-pour-peau-sensible-respectueuse-du-microbiote-cutane\\\/#breadcrumb\"},\"inLanguage\":\"es\",\"potentialAction\":[{\"@type\":\"ReadAction\",\"target\":[\"https:\\\/\\\/lucia-rapetti.com\\\/creme-pour-peau-sensible-respectueuse-du-microbiote-cutane\\\/\"]}]},{\"@type\":\"ImageObject\",\"inLanguage\":\"es\",\"@id\":\"https:\\\/\\\/lucia-rapetti.com\\\/creme-pour-peau-sensible-respectueuse-du-microbiote-cutane\\\/#primaryimage\",\"url\":\"https:\\\/\\\/lucia-rapetti.com\\\/wp-content\\\/uploads\\\/2023\\\/08\\\/LR-sito-estetista2.jpg\",\"contentUrl\":\"https:\\\/\\\/lucia-rapetti.com\\\/wp-content\\\/uploads\\\/2023\\\/08\\\/LR-sito-estetista2.jpg\"},{\"@type\":\"BreadcrumbList\",\"@id\":\"https:\\\/\\\/lucia-rapetti.com\\\/creme-pour-peau-sensible-respectueuse-du-microbiote-cutane\\\/#breadcrumb\",\"itemListElement\":[{\"@type\":\"ListItem\",\"position\":1,\"name\":\"Lucia Rapetti\",\"item\":\"https:\\\/\\\/lucia-rapetti.com\\\/\"},{\"@type\":\"ListItem\",\"position\":2,\"name\":\"Cr\u00e8me pour peau sensible respectueuse du microbiote cutan\u00e9\"}]},{\"@type\":\"WebSite\",\"@id\":\"https:\\\/\\\/lucia-rapetti.com\\\/#website\",\"url\":\"https:\\\/\\\/lucia-rapetti.com\\\/\",\"name\":\"Lucia Rapetti Laboratoire Naturel\",\"description\":\"Laboratoire de cosm\u00e9tique naturel et beaut\u00e9\",\"publisher\":{\"@id\":\"https:\\\/\\\/lucia-rapetti.com\\\/#organization\"},\"potentialAction\":[{\"@type\":\"SearchAction\",\"target\":{\"@type\":\"EntryPoint\",\"urlTemplate\":\"https:\\\/\\\/lucia-rapetti.com\\\/?s={search_term_string}\"},\"query-input\":{\"@type\":\"PropertyValueSpecification\",\"valueRequired\":true,\"valueName\":\"search_term_string\"}}],\"inLanguage\":\"es\"},{\"@type\":\"Organization\",\"@id\":\"https:\\\/\\\/lucia-rapetti.com\\\/#organization\",\"name\":\"Lucia Rapetti Laboratoire Naturel\",\"alternateName\":\"LR\",\"url\":\"https:\\\/\\\/lucia-rapetti.com\\\/\",\"logo\":{\"@type\":\"ImageObject\",\"inLanguage\":\"es\",\"@id\":\"https:\\\/\\\/lucia-rapetti.com\\\/#\\\/schema\\\/logo\\\/image\\\/\",\"url\":\"https:\\\/\\\/lucia-rapetti.com\\\/wp-content\\\/uploads\\\/2023\\\/04\\\/cropped-lucia-rapetti-logo-1.png\",\"contentUrl\":\"https:\\\/\\\/lucia-rapetti.com\\\/wp-content\\\/uploads\\\/2023\\\/04\\\/cropped-lucia-rapetti-logo-1.png\",\"width\":850,\"height\":142,\"caption\":\"Lucia Rapetti Laboratoire Naturel\"},\"image\":{\"@id\":\"https:\\\/\\\/lucia-rapetti.com\\\/#\\\/schema\\\/logo\\\/image\\\/\"},\"sameAs\":[\"https:\\\/\\\/www.facebook.com\\\/luciarapettiofficial\",\"https:\\\/\\\/www.instagram.com\\\/luciarapettiofficial\\\/\"]}]}<\/script>\n<!-- \/ Yoast SEO plugin. -->","yoast_head_json":{"title":"Crema para pieles sensibles y microbiota - Cuidado calmante natural","description":"Crema respetuosa con la microbiota para pieles sensibles. Calma, refuerza la barrera cut\u00e1nea y reequilibra la flora para una piel confortable.","robots":{"index":"index","follow":"follow","max-snippet":"max-snippet:-1","max-image-preview":"max-image-preview:large","max-video-preview":"max-video-preview:-1"},"canonical":"https:\/\/lucia-rapetti.com\/es\/crema-para-pieles-sensibles-que-respeta-la-microbiota-cutanea\/","og_locale":"es_ES","og_type":"article","og_title":"Microbiote de la peau : \u00e9quilibre, protection & beaut\u00e9 naturelle","og_description":"D\u00e9couvrez comment le microbiote cutan\u00e9 influence la sant\u00e9 et la beaut\u00e9 de votre peau. Conseils et soins experts par Lucia Rapetti.","og_url":"https:\/\/lucia-rapetti.com\/es\/crema-para-pieles-sensibles-que-respeta-la-microbiota-cutanea\/","og_site_name":"Lucia Rapetti Laboratoire Naturel","article_publisher":"https:\/\/www.facebook.com\/luciarapettiofficial","article_modified_time":"2025-12-19T09:28:56+00:00","og_image":[{"width":534,"height":650,"url":"https:\/\/lucia-rapetti.com\/wp-content\/uploads\/2024\/02\/LR-sito-microbiote.jpg","type":"image\/jpeg"}],"twitter_card":"summary_large_image","twitter_misc":{"Tiempo de lectura":"4 minutos"},"schema":{"@context":"https:\/\/schema.org","@graph":[{"@type":"WebPage","@id":"https:\/\/lucia-rapetti.com\/creme-pour-peau-sensible-respectueuse-du-microbiote-cutane\/","url":"https:\/\/lucia-rapetti.com\/creme-pour-peau-sensible-respectueuse-du-microbiote-cutane\/","name":"Crema para pieles sensibles y microbiota - Cuidado calmante natural","isPartOf":{"@id":"https:\/\/lucia-rapetti.com\/#website"},"primaryImageOfPage":{"@id":"https:\/\/lucia-rapetti.com\/creme-pour-peau-sensible-respectueuse-du-microbiote-cutane\/#primaryimage"},"image":{"@id":"https:\/\/lucia-rapetti.com\/creme-pour-peau-sensible-respectueuse-du-microbiote-cutane\/#primaryimage"},"thumbnailUrl":"https:\/\/lucia-rapetti.com\/wp-content\/uploads\/2023\/08\/LR-sito-estetista2.jpg","datePublished":"2025-12-19T09:12:09+00:00","dateModified":"2025-12-19T09:28:56+00:00","description":"Crema respetuosa con la microbiota para pieles sensibles. Calma, refuerza la barrera cut\u00e1nea y reequilibra la flora para una piel confortable.","breadcrumb":{"@id":"https:\/\/lucia-rapetti.com\/creme-pour-peau-sensible-respectueuse-du-microbiote-cutane\/#breadcrumb"},"inLanguage":"es","potentialAction":[{"@type":"ReadAction","target":["https:\/\/lucia-rapetti.com\/creme-pour-peau-sensible-respectueuse-du-microbiote-cutane\/"]}]},{"@type":"ImageObject","inLanguage":"es","@id":"https:\/\/lucia-rapetti.com\/creme-pour-peau-sensible-respectueuse-du-microbiote-cutane\/#primaryimage","url":"https:\/\/lucia-rapetti.com\/wp-content\/uploads\/2023\/08\/LR-sito-estetista2.jpg","contentUrl":"https:\/\/lucia-rapetti.com\/wp-content\/uploads\/2023\/08\/LR-sito-estetista2.jpg"},{"@type":"BreadcrumbList","@id":"https:\/\/lucia-rapetti.com\/creme-pour-peau-sensible-respectueuse-du-microbiote-cutane\/#breadcrumb","itemListElement":[{"@type":"ListItem","position":1,"name":"Lucia Rapetti","item":"https:\/\/lucia-rapetti.com\/"},{"@type":"ListItem","position":2,"name":"Cr\u00e8me pour peau sensible respectueuse du microbiote cutan\u00e9"}]},{"@type":"WebSite","@id":"https:\/\/lucia-rapetti.com\/#website","url":"https:\/\/lucia-rapetti.com\/","name":"Lucia Rapetti Laboratorio Natural","description":"Laboratorio de cosm\u00e9tica natural y belleza","publisher":{"@id":"https:\/\/lucia-rapetti.com\/#organization"},"potentialAction":[{"@type":"SearchAction","target":{"@type":"EntryPoint","urlTemplate":"https:\/\/lucia-rapetti.com\/?s={search_term_string}"},"query-input":{"@type":"PropertyValueSpecification","valueRequired":true,"valueName":"search_term_string"}}],"inLanguage":"es"},{"@type":"Organization","@id":"https:\/\/lucia-rapetti.com\/#organization","name":"Lucia Rapetti Laboratorio Natural","alternateName":"LR","url":"https:\/\/lucia-rapetti.com\/","logo":{"@type":"ImageObject","inLanguage":"es","@id":"https:\/\/lucia-rapetti.com\/#\/schema\/logo\/image\/","url":"https:\/\/lucia-rapetti.com\/wp-content\/uploads\/2023\/04\/cropped-lucia-rapetti-logo-1.png","contentUrl":"https:\/\/lucia-rapetti.com\/wp-content\/uploads\/2023\/04\/cropped-lucia-rapetti-logo-1.png","width":850,"height":142,"caption":"Lucia Rapetti Laboratoire Naturel"},"image":{"@id":"https:\/\/lucia-rapetti.com\/#\/schema\/logo\/image\/"},"sameAs":["https:\/\/www.facebook.com\/luciarapettiofficial","https:\/\/www.instagram.com\/luciarapettiofficial\/"]}]}},"_links":{"self":[{"href":"https:\/\/lucia-rapetti.com\/es\/wp-json\/wp\/v2\/pages\/17335","targetHints":{"allow":["GET"]}}],"collection":[{"href":"https:\/\/lucia-rapetti.com\/es\/wp-json\/wp\/v2\/pages"}],"about":[{"href":"https:\/\/lucia-rapetti.com\/es\/wp-json\/wp\/v2\/types\/page"}],"author":[{"embeddable":true,"href":"https:\/\/lucia-rapetti.com\/es\/wp-json\/wp\/v2\/users\/1"}],"replies":[{"embeddable":true,"href":"https:\/\/lucia-rapetti.com\/es\/wp-json\/wp\/v2\/comments?post=17335"}],"version-history":[{"count":0,"href":"https:\/\/lucia-rapetti.com\/es\/wp-json\/wp\/v2\/pages\/17335\/revisions"}],"wp:attachment":[{"href":"https:\/\/lucia-rapetti.com\/es\/wp-json\/wp\/v2\/media?parent=17335"}],"curies":[{"name":"wp","href":"https:\/\/api.w.org\/{rel}","templated":true}]}}